{"id":409581,"date":"2024-10-16T15:51:18","date_gmt":"2024-10-16T13:51:18","guid":{"rendered":"https:\/\/www.vdhurk.nl\/?page_id=409581"},"modified":"2024-10-16T15:51:18","modified_gmt":"2024-10-16T13:51:18","slug":"mercedes-12","status":"publish","type":"page","link":"https:\/\/www.vdhurk.nl\/ro\/opel-bedrijfswagens\/combo\/","title":{"rendered":"Opel Combo"},"content":{"rendered":"<section  class='av_textblock_section av-lu8gnh7d-4ac895489941e586c1d7c8cb72318135'  itemscope=\"itemscope\" itemtype=\"https:\/\/schema.org\/CreativeWork\" ><div class='avia_textblock'  itemprop=\"text\" ><h1>G\u0103si\u021bi ocazia perfect\u0103 pentru Vauxhall Combo<\/h1>\n<p>Face\u021bi cuno\u0219tin\u021b\u0103 cu ocazia Opel Combo: vehiculul comercial versatil iubit de multe companii pentru flexibilitatea \u0219i fiabilitatea sa. Opel Combo ofer\u0103 diverse op\u021biuni pentru a r\u0103spunde nevoilor tale de afaceri. Afla\u021bi mai multe despre specifica\u021biile \u0219i versiunile sale \u0219i experimenta\u021bi singuri de ce acest vehicul comercial este at\u00e2t de popular printre companii.<\/p>\n<\/div><\/section>\n\n<style type=\"text\/css\" data-created_by=\"avia_inline_auto\" id=\"style-css-av-lujjddpd-afa3d7a9eabd61123e643ed1228e781e\">\n#top .hr.hr-invisible.av-lujjddpd-afa3d7a9eabd61123e643ed1228e781e{\nheight:50px;\n}\n<\/style>\n<div  class='hr av-lujjddpd-afa3d7a9eabd61123e643ed1228e781e hr-invisible  avia-builder-el-1  el_after_av_textblock  el_before_av_codeblock'><span class='hr-inner'><span class=\"hr-inner-style\"><\/span><\/span><\/div>\n\n\n<style type=\"text\/css\" data-created_by=\"avia_inline_auto\" id=\"style-css-av-ah0xd-63338d9dc6b40410e22a712829c369d6\">\n#top .hr.hr-invisible.av-ah0xd-63338d9dc6b40410e22a712829c369d6{\nheight:50px;\n}\n<\/style>\n<div  class='hr av-ah0xd-63338d9dc6b40410e22a712829c369d6 hr-invisible  avia-builder-el-3  el_after_av_codeblock  el_before_av_textblock'><span class='hr-inner'><span class=\"hr-inner-style\"><\/span><\/span><\/div>\n<section  class='av_textblock_section av-lu8gow1e-300853e458ed741bd87d6cb78e55cc7a'  itemscope=\"itemscope\" itemtype=\"https:\/\/schema.org\/CreativeWork\" ><div class='avia_textblock'  itemprop=\"text\" ><h2>Ce specifica\u021bii are Opel Combo?<\/h2>\n<p>Vauxhall Combo este combina\u021bia perfect\u0103 de compact \u0219i spa\u021bios, cu solu\u021bii inteligente \u0219i inovatoare care v\u0103 fac ziua de lucru pu\u021bin mai u\u0219oar\u0103. Datorit\u0103 designului s\u0103u ergonomic, nu numai c\u0103 ve\u021bi fi confortabil, dar ve\u021bi \u0219i lucra mai eficient. Interiorul este at\u00e2t func\u021bional, c\u00e2t \u0219i elegant, cu suficient spa\u021biu at\u00e2t pentru pasageri, c\u00e2t \u0219i pentru marf\u0103. \u00cen func\u021bie de versiune, Opel Combo ofer\u0103 un volum de \u00eenc\u0103rcare de p\u00e2n\u0103 la 4,4 m\u00b3 \u0219i o sarcin\u0103 util\u0103 de p\u00e2n\u0103 la 1.000 kg. Siguran\u021ba este pe primul loc, cu sisteme precum asisten\u021b\u0103 la fr\u00e2narea automat\u0103 de urgen\u021b\u0103 \u0219i asisten\u021b\u0103 la men\u021binerea benzii de rulare, astfel \u00eenc\u00e2t s\u0103 po\u021bi fi \u00eentotdeauna \u00een siguran\u021b\u0103 \u0219i relaxat pe drum. Pe scurt, Opel Combo este un adev\u0103rat polivalent care se adapteaz\u0103 f\u0103r\u0103 efort la nevoile tale de afaceri.<\/p>\n<\/div><\/section>\n<div class='flex_column av-f64w1-da126f42b61613402309283c14245a25 av_one_half  avia-builder-el-5  el_after_av_textblock  el_before_av_one_third  first flex_column_div column-top-margin'   ><section  class='av_textblock_section av-lu8gpqre-73cc2c17e6a6497ba6e1b58af22bd9e8'  itemscope=\"itemscope\" itemtype=\"https:\/\/schema.org\/CreativeWork\" ><div class='avia_textblock'  itemprop=\"text\" ><h2>Versiuni diferite<\/h2>\n<p>Vauxhall Combo este disponibil \u00een diferite versiuni, astfel \u00eenc\u00e2t exist\u0103 \u00eentotdeauna un model potrivit pentru afacerea dumneavoastr\u0103. Ve\u021bi opta pentru o versiune manual\u0103 pentru control maxim sau pentru confortul unei versiuni automate, util\u0103 \u00een special \u00een traficul aglomerat din ora\u0219? De asemenea, ave\u021bi de ales \u00eentre diferi\u021bi ani de fabrica\u021bie, kilometri parcur\u0219i \u0219i op\u021biuni de motorizare, de la motoare diesel economice la variante mai puternice, potrivite pentru lucr\u0103ri mai grele. \u00cen plus, versiunile difer\u0103 \u00een ceea ce prive\u0219te capacitatea de \u00eenc\u0103rcare, cu modele care pot suporta p\u00e2n\u0103 la 1.000 kg. Astfel, ve\u021bi g\u0103si \u00eentotdeauna un Combo care se potrive\u0219te exact nevoilor dvs. de afaceri.<\/p>\n<\/div><\/section><\/div><div class='flex_column av-aldk9-ee694297f5c4032981677a02caab84d6 av_one_third  avia-builder-el-7  el_after_av_one_half  el_before_av_hr  flex_column_div column-top-margin'   ><style type=\"text\/css\" data-created_by=\"avia_inline_auto\" id=\"style-css-av-l1w9kpsf-4ec3fab772ec7a9adaa33cfc64ff0475\">\n.avia-image-container.av-l1w9kpsf-4ec3fab772ec7a9adaa33cfc64ff0475 .av-image-caption-overlay-center{\ncolor:#ffffff;\n}\n<\/style>\n<div  class='avia-image-container av-l1w9kpsf-4ec3fab772ec7a9adaa33cfc64ff0475 av-styling- avia-align-center  avia-builder-el-8  avia-builder-el-no-sibling'  itemprop=\"image\" itemscope=\"itemscope\" itemtype=\"https:\/\/schema.org\/ImageObject\" ><div class=\"avia-image-container-inner\"><div class=\"avia-image-overlay-wrap\"><img decoding=\"async\" class='wp-image-187 avia-img-lazy-loading-not-187 avia_image' src=\"https:\/\/www.vdhurk.nl\/wp-content\/uploads\/2022\/03\/Voorrad.png\" alt='' title='Stoc'  height=\"758\" width=\"1135\"  itemprop=\"thumbnailUrl\" srcset=\"https:\/\/www.vdhurk.nl\/wp-content\/uploads\/2022\/03\/Voorrad.png 1135w, https:\/\/www.vdhurk.nl\/wp-content\/uploads\/2022\/03\/Voorrad-300x200.png 300w, https:\/\/www.vdhurk.nl\/wp-content\/uploads\/2022\/03\/Voorrad-1030x688.png 1030w, https:\/\/www.vdhurk.nl\/wp-content\/uploads\/2022\/03\/Voorrad-768x513.png 768w, https:\/\/www.vdhurk.nl\/wp-content\/uploads\/2022\/03\/Voorrad-18x12.png 18w, https:\/\/www.vdhurk.nl\/wp-content\/uploads\/2022\/03\/Voorrad-705x471.png 705w\" sizes=\"(max-width: 1135px) 100vw, 1135px\" \/><\/div><\/div><\/div><\/div><\/p>\n\n<style type=\"text\/css\" data-created_by=\"avia_inline_auto\" id=\"style-css-av-luqrjpjc-5a23a1fb5f94718ca85316a9df963e2f\">\n#top .hr.hr-invisible.av-luqrjpjc-5a23a1fb5f94718ca85316a9df963e2f{\nheight:50px;\n}\n<\/style>\n<div  class='hr av-luqrjpjc-5a23a1fb5f94718ca85316a9df963e2f hr-invisible  avia-builder-el-9  el_after_av_one_third  el_before_av_textblock'><span class='hr-inner'><span class=\"hr-inner-style\"><\/span><\/span><\/div>\n<section  class='av_textblock_section av-lu8gtjw7-4f3cee9304909518d86d2860d9d582dd'  itemscope=\"itemscope\" itemtype=\"https:\/\/schema.org\/CreativeWork\" ><div class='avia_textblock'  itemprop=\"text\" ><h2>La ce pre\u021buri ar trebui s\u0103 v\u0103 g\u00e2ndi\u021bi?<\/h2>\n<p>Cumperi un Opel Combo? Atunci bine\u00een\u021beles c\u0103 vrei s\u0103 \u0219tii la ce s\u0103 te a\u0219tep\u021bi \u00een ceea ce prive\u0219te pre\u021bul. Costul depinde de versiunea pe care o alegi: optezi pentru o variant\u0103 de baz\u0103 sau preferi un model cu toate dot\u0103rile suplimentare? Fie c\u0103 este vorba de un an mai nou, un kilometraj mai mic sau mai mult lux, avem diferite versiuni care se potrivesc bugetului t\u0103u. Dori\u021bi o indica\u021bie de pre\u021b specific\u0103 pentru ma\u0219ina dvs. de companie ideal\u0103? Nu ezita\u021bi s\u0103 ne contacta\u021bi, ne vom g\u00e2ndi cu pl\u0103cere \u00eempreun\u0103 cu dvs. pentru a g\u0103si perechea potrivit\u0103.<\/p>\n<h2>A\u021bi auzit de leasingul financiar<\/h2>\n<p>Desigur, pute\u021bi pl\u0103ti pentru Vauxhall Combo dintr-o dat\u0103, dar exist\u0103 \u0219i o alt\u0103 op\u021biune inteligent\u0103: <a href=\"https:\/\/www.vdhurk.nl\/ro\/leasing-financiar\/\">leasing financiar<\/a>. Leasingul unui Opel Combo \u00eenseamn\u0103 c\u0103 pl\u0103te\u0219ti o sum\u0103 fix\u0103 pe lun\u0103. Pe durata contractului de leasing, devii treptat proprietarul ma\u0219inii. Marele avantaj? P\u0103strezi capitalul de lucru pentru alte investi\u021bii importante \u00een cadrul companiei tale, beneficiind \u00een acela\u0219i timp de o ma\u0219in\u0103 de companie fiabil\u0103. Dori\u021bi s\u0103 afla\u021bi mai multe despre posibilit\u0103\u021bi? Vom fi bucuro\u0219i s\u0103 v\u0103 ajut\u0103m!<\/p>\n<h2>Face\u021bi cuno\u0219tin\u021b\u0103 cu alerta de stoc<\/h2>\n<p>Oferta noastr\u0103 se modific\u0103 periodic. Ma\u0219ina dvs. de companie perfect\u0103 nu este listat\u0103 ast\u0103zi? Nu v\u0103 face\u021bi griji, m\u00e2ine ar putea fi diferit\u0103! Nu dori\u021bi s\u0103 pierde\u021bi nimic \u0219i s\u0103 fi\u021bi informat imediat despre noile sosiri? Atunci \u00eenscrie\u021bi-v\u0103 la serviciul nostru <a href=\"https:\/\/www.vdhurk.nl\/ro\/alerta-de-stoc\/\">alert\u0103 de stoc<\/a>. Astfel, vei fi primul care va afla c\u00e2nd este disponibil un Opel Combo second-hand care se potrive\u0219te exact nevoilor tale. \u0218i nu uita s\u0103 fii cu ochii pe ofertele noastre actuale. Cine \u0219tie, poate c\u0103 Vauxhall Combo second hand ideal va fi \u00een cur\u00e2nd printre ele!<\/p>\n<\/div><\/section>","protected":false},"excerpt":{"rendered":"","protected":false},"author":3,"featured_media":0,"parent":372050,"menu_order":0,"comment_status":"closed","ping_status":"closed","template":"","meta":{"_acf_changed":false,"_improvement_type_select":"improve_an_existing","_thumb_yes_seoaic":false,"_frame_yes_seoaic":false,"seoaic_generate_description":"","seoaic_improve_instructions_prompt":"","seoaic_rollback_content_improvement":"","seoaic_idea_thumbnail_generator":"","thumbnail_generated":false,"thumbnail_generate_prompt":"","seoaic_article_description":"","footnotes":""},"class_list":["post-409581","page","type-page","status-publish","hentry"],"acf":[],"yoast_head":"<!-- This site is optimized with the Yoast SEO plugin v27.5 - https:\/\/yoast.com\/product\/yoast-seo-wordpress\/ -->\n<title>Op zoek naar een Opel Combo occasion? Bekijk ons aanbod!<\/title>\n<meta name=\"description\" content=\"Een Opel Combo occasion kopen? Ontdek de diverse specificaties en uitvoeringen en vind de ideale match voor jouw zakelijke behoeften.\" \/>\n<meta name=\"robots\" content=\"index, follow, max-snippet:-1, max-image-preview:large, max-video-preview:-1\" \/>\n<link rel=\"canonical\" href=\"https:\/\/www.vdhurk.nl\/ro\/vehicule-comerciale-vauxhall\/mercedes-12\/\" \/>\n<meta property=\"og:locale\" content=\"ro_RO\" \/>\n<meta property=\"og:type\" content=\"article\" \/>\n<meta property=\"og:title\" content=\"Op zoek naar een Opel Combo occasion? Bekijk ons aanbod!\" \/>\n<meta property=\"og:description\" content=\"Een Opel Combo occasion kopen? Ontdek de diverse specificaties en uitvoeringen en vind de ideale match voor jouw zakelijke behoeften.\" \/>\n<meta property=\"og:url\" content=\"https:\/\/www.vdhurk.nl\/ro\/vehicule-comerciale-vauxhall\/mercedes-12\/\" \/>\n<meta property=\"og:site_name\" content=\"Van den Hurk Bedrijfswagens\" \/>\n<meta name=\"twitter:card\" content=\"summary_large_image\" \/>\n<meta name=\"twitter:label1\" content=\"Timp estimat pentru citire\" \/>\n\t<meta name=\"twitter:data1\" content=\"5 minute\" \/>\n<script type=\"application\/ld+json\" class=\"yoast-schema-graph\">{\"@context\":\"https:\\\/\\\/schema.org\",\"@graph\":[{\"@type\":\"WebPage\",\"@id\":\"https:\\\/\\\/www.vdhurk.nl\\\/opel-bedrijfswagens\\\/combo\\\/\",\"url\":\"https:\\\/\\\/www.vdhurk.nl\\\/opel-bedrijfswagens\\\/combo\\\/\",\"name\":\"Op zoek naar een Opel Combo occasion? Bekijk ons aanbod!\",\"isPartOf\":{\"@id\":\"https:\\\/\\\/www.vdhurk.nl\\\/#website\"},\"datePublished\":\"2024-10-16T13:51:18+00:00\",\"description\":\"Een Opel Combo occasion kopen? Ontdek de diverse specificaties en uitvoeringen en vind de ideale match voor jouw zakelijke behoeften.\",\"breadcrumb\":{\"@id\":\"https:\\\/\\\/www.vdhurk.nl\\\/opel-bedrijfswagens\\\/combo\\\/#breadcrumb\"},\"inLanguage\":\"ro-RO\",\"potentialAction\":[{\"@type\":\"ReadAction\",\"target\":[\"https:\\\/\\\/www.vdhurk.nl\\\/opel-bedrijfswagens\\\/combo\\\/\"]}]},{\"@type\":\"BreadcrumbList\",\"@id\":\"https:\\\/\\\/www.vdhurk.nl\\\/opel-bedrijfswagens\\\/combo\\\/#breadcrumb\",\"itemListElement\":[{\"@type\":\"ListItem\",\"position\":1,\"name\":\"Home\",\"item\":\"https:\\\/\\\/www.vdhurk.nl\\\/home\\\/\"},{\"@type\":\"ListItem\",\"position\":2,\"name\":\"Opel Bedrijfswagens\",\"item\":\"https:\\\/\\\/www.vdhurk.nl\\\/opel-bedrijfswagens\\\/\"},{\"@type\":\"ListItem\",\"position\":3,\"name\":\"Opel Combo\"}]},{\"@type\":\"WebSite\",\"@id\":\"https:\\\/\\\/www.vdhurk.nl\\\/#website\",\"url\":\"https:\\\/\\\/www.vdhurk.nl\\\/\",\"name\":\"Van den Hurk Bedrijfswagens\",\"description\":\"Van den Hurk bedrijfswagens Helmond\",\"potentialAction\":[{\"@type\":\"SearchAction\",\"target\":{\"@type\":\"EntryPoint\",\"urlTemplate\":\"https:\\\/\\\/www.vdhurk.nl\\\/?s={search_term_string}\"},\"query-input\":{\"@type\":\"PropertyValueSpecification\",\"valueRequired\":true,\"valueName\":\"search_term_string\"}}],\"inLanguage\":\"ro-RO\"}]}<\/script>\n<!-- \/ Yoast SEO plugin. -->","yoast_head_json":{"title":"C\u0103uta\u021bi o ma\u0219in\u0103 de ocazie Opel Combo? Consulta\u021bi oferta noastr\u0103!","description":"Cumperi o ocazie Opel Combo? Exploreaz\u0103 diferitele specifica\u021bii \u0219i versiuni \u0219i g\u0103se\u0219te perechea ideal\u0103 pentru nevoile afacerii tale.","robots":{"index":"index","follow":"follow","max-snippet":"max-snippet:-1","max-image-preview":"max-image-preview:large","max-video-preview":"max-video-preview:-1"},"canonical":"https:\/\/www.vdhurk.nl\/ro\/vehicule-comerciale-vauxhall\/mercedes-12\/","og_locale":"ro_RO","og_type":"article","og_title":"Op zoek naar een Opel Combo occasion? Bekijk ons aanbod!","og_description":"Een Opel Combo occasion kopen? Ontdek de diverse specificaties en uitvoeringen en vind de ideale match voor jouw zakelijke behoeften.","og_url":"https:\/\/www.vdhurk.nl\/ro\/vehicule-comerciale-vauxhall\/mercedes-12\/","og_site_name":"Van den Hurk Bedrijfswagens","twitter_card":"summary_large_image","twitter_misc":{"Timp estimat pentru citire":"5 minute"},"schema":{"@context":"https:\/\/schema.org","@graph":[{"@type":"WebPage","@id":"https:\/\/www.vdhurk.nl\/opel-bedrijfswagens\/combo\/","url":"https:\/\/www.vdhurk.nl\/opel-bedrijfswagens\/combo\/","name":"C\u0103uta\u021bi o ma\u0219in\u0103 de ocazie Opel Combo? Consulta\u021bi oferta noastr\u0103!","isPartOf":{"@id":"https:\/\/www.vdhurk.nl\/#website"},"datePublished":"2024-10-16T13:51:18+00:00","description":"Cumperi o ocazie Opel Combo? Exploreaz\u0103 diferitele specifica\u021bii \u0219i versiuni \u0219i g\u0103se\u0219te perechea ideal\u0103 pentru nevoile afacerii tale.","breadcrumb":{"@id":"https:\/\/www.vdhurk.nl\/opel-bedrijfswagens\/combo\/#breadcrumb"},"inLanguage":"ro-RO","potentialAction":[{"@type":"ReadAction","target":["https:\/\/www.vdhurk.nl\/opel-bedrijfswagens\/combo\/"]}]},{"@type":"BreadcrumbList","@id":"https:\/\/www.vdhurk.nl\/opel-bedrijfswagens\/combo\/#breadcrumb","itemListElement":[{"@type":"ListItem","position":1,"name":"Home","item":"https:\/\/www.vdhurk.nl\/home\/"},{"@type":"ListItem","position":2,"name":"Opel Bedrijfswagens","item":"https:\/\/www.vdhurk.nl\/opel-bedrijfswagens\/"},{"@type":"ListItem","position":3,"name":"Opel Combo"}]},{"@type":"WebSite","@id":"https:\/\/www.vdhurk.nl\/#website","url":"https:\/\/www.vdhurk.nl\/","name":"Vehicule comerciale Van den Hurk","description":"Vehicule comerciale Van den Hurk Helmond","potentialAction":[{"@type":"SearchAction","target":{"@type":"EntryPoint","urlTemplate":"https:\/\/www.vdhurk.nl\/?s={search_term_string}"},"query-input":{"@type":"PropertyValueSpecification","valueRequired":true,"valueName":"search_term_string"}}],"inLanguage":"ro-RO"}]}},"_links":{"self":[{"href":"https:\/\/www.vdhurk.nl\/ro\/wp-json\/wp\/v2\/pages\/409581","targetHints":{"allow":["GET"]}}],"collection":[{"href":"https:\/\/www.vdhurk.nl\/ro\/wp-json\/wp\/v2\/pages"}],"about":[{"href":"https:\/\/www.vdhurk.nl\/ro\/wp-json\/wp\/v2\/types\/page"}],"author":[{"embeddable":true,"href":"https:\/\/www.vdhurk.nl\/ro\/wp-json\/wp\/v2\/users\/3"}],"replies":[{"embeddable":true,"href":"https:\/\/www.vdhurk.nl\/ro\/wp-json\/wp\/v2\/comments?post=409581"}],"version-history":[{"count":1,"href":"https:\/\/www.vdhurk.nl\/ro\/wp-json\/wp\/v2\/pages\/409581\/revisions"}],"predecessor-version":[{"id":409582,"href":"https:\/\/www.vdhurk.nl\/ro\/wp-json\/wp\/v2\/pages\/409581\/revisions\/409582"}],"up":[{"embeddable":true,"href":"https:\/\/www.vdhurk.nl\/ro\/wp-json\/wp\/v2\/pages\/372050"}],"wp:attachment":[{"href":"https:\/\/www.vdhurk.nl\/ro\/wp-json\/wp\/v2\/media?parent=409581"}],"curies":[{"name":"wp","href":"https:\/\/api.w.org\/{rel}","templated":true}]}}