{"id":372067,"date":"2024-04-16T14:04:50","date_gmt":"2024-04-16T12:04:50","guid":{"rendered":"https:\/\/www.vdhurk.nl\/?page_id=372067"},"modified":"2024-04-16T14:04:50","modified_gmt":"2024-04-16T12:04:50","slug":"vehicule-comerciale-iveco","status":"publish","type":"page","link":"https:\/\/www.vdhurk.nl\/ro\/iveco-bedrijfswagens\/","title":{"rendered":"Vehicule comerciale Iveco"},"content":{"rendered":"<section  class='av_textblock_section av-lu8gnh7d-4ac895489941e586c1d7c8cb72318135'  itemscope=\"itemscope\" itemtype=\"https:\/\/schema.org\/CreativeWork\" ><div class='avia_textblock'  itemprop=\"text\" ><h1><b>Descoperi\u021bi versatilitatea Iveco: vehicule comerciale fiabile pentru orice sarcin\u0103<\/b><\/h1>\n<p>La Van den Hurk, ve\u021bi g\u0103si o varietate de vehicule comerciale Iveco. Aceast\u0103 marc\u0103 are o prezen\u021b\u0103 global\u0103 \u0219i este cunoscut\u0103 pentru gama sa larg\u0103 de vehicule comerciale, inclusiv camioane, furgonete, autobuze \u0219i vehicule speciale. Iveco \u0219i-a construit o reputa\u021bie solid\u0103 pentru fiabilitate, eficien\u021b\u0103 \u0219i inova\u021bie \u00een industria transporturilor. Acest lucru \u00eei face s\u0103 fie un juc\u0103tor important atunci c\u00e2nd vine vorba de industria auto.<\/p>\n<\/div><\/section>\n\n<style type=\"text\/css\" data-created_by=\"avia_inline_auto\" id=\"style-css-av-lujjddpd-afa3d7a9eabd61123e643ed1228e781e\">\n#top .hr.hr-invisible.av-lujjddpd-afa3d7a9eabd61123e643ed1228e781e{\nheight:50px;\n}\n<\/style>\n<div  class='hr av-lujjddpd-afa3d7a9eabd61123e643ed1228e781e hr-invisible  avia-builder-el-1  el_after_av_textblock  el_before_av_codeblock'><span class='hr-inner'><span class=\"hr-inner-style\"><\/span><\/span><\/div>\n\n\n<style type=\"text\/css\" data-created_by=\"avia_inline_auto\" id=\"style-css-av-o1d5-cf77288da24053faf1b6ffbefcfc6222\">\n#top .hr.hr-invisible.av-o1d5-cf77288da24053faf1b6ffbefcfc6222{\nheight:50px;\n}\n<\/style>\n<div  class='hr av-o1d5-cf77288da24053faf1b6ffbefcfc6222 hr-invisible  avia-builder-el-3  el_after_av_codeblock  el_before_av_textblock'><span class='hr-inner'><span class=\"hr-inner-style\"><\/span><\/span><\/div>\n<section  class='av_textblock_section av-lu8gtjw7-4f3cee9304909518d86d2860d9d582dd'  itemscope=\"itemscope\" itemtype=\"https:\/\/schema.org\/CreativeWork\" ><div class='avia_textblock'  itemprop=\"text\" ><h2><b>Cum a luat na\u0219tere Iveco?<\/b><\/h2>\n<p>Iveco a fost creat\u0103 \u00een 1970 \u00een urma fuziunii mai multor companii. Marca a \u00eenceput cu un plan ambi\u021bios de consolidare a pie\u021bei vehiculelor comerciale. \u00cen scurt timp, a devenit un juc\u0103tor puternic \u00een cadrul industriei auto. Iveco combin\u0103 expertiz\u0103 \u0219i resurse care \u00eei permit s\u0103 lucreze eficient \u0219i s\u0103 dezvolte solu\u021bii inovatoare. De-a lungul anilor, marca \u0219i-a extins prezen\u021ba global\u0103 prin intermediul unor unit\u0103\u021bi de produc\u021bie \u0219i canale de distribu\u021bie \u00een diverse \u021b\u0103ri din \u00eentreaga lume.<\/p>\n<h2><b>De ce sunt aceste vehicule comerciale at\u00e2t de populare?<\/b><\/h2>\n<p>Autobuzele Iveco \u0219i alte vehicule au o popularitate global\u0103. Acest lucru se datoreaz\u0103 par\u021bial:<\/p>\n<ul>\n<li aria-level=\"1\"><b>Fiabilitate:<\/b> Marca este cunoscut\u0103 pentru vehiculele sale comerciale fiabile, concepute pentru a rezista \u0219i a func\u021biona \u00een condi\u021bii dificile. Deja multe companii se bazeaz\u0103 pe vehiculele Iveco.<\/li>\n<li aria-level=\"1\"><b>Versatilitate: <\/b>Oferta Iveco include diverse vehicule comerciale. Aceast\u0103 versatilitate le permite clien\u021bilor s\u0103 g\u0103seasc\u0103 vehiculul potrivit pentru nevoile lor specifice.<\/li>\n<li aria-level=\"1\"><b>Inova\u021bie<\/b>: Iveco \u00ee\u0219i men\u021bine angajamentul fa\u021b\u0103 de inova\u021bie, investind \u00een mod constant \u00een noi tehnologii pentru a-\u0219i \u00eembun\u0103t\u0103\u021bi vehiculele.<\/li>\n<li aria-level=\"1\"><b>Sustenabilitate:<\/b> Marca se concentreaz\u0103 pe reducerea impactului vehiculelor sale asupra mediului. Fac acest lucru prin motoare mai eficiente din punct de vedere al consumului de combustibil, prin promovarea combustibililor alternativi \u0219i prin explorarea oportunit\u0103\u021bilor de electrificare.<\/li>\n<\/ul>\n<h2><b>Ce diferen\u021biaz\u0103 Iveco de alte m\u0103rci auto?<\/b><\/h2>\n<p>Iveco se distinge prin mai multe aspecte. Se concentreaz\u0103 pe vehicule comerciale \u0219i sunt cunoscu\u021bi pentru diversitatea lor de vehicule. Se concentreaz\u0103 \u00een principal pe sectorul transporturilor \u0219i al logisticii. De asemenea, folosesc diverse tehnologii inovatoare. De exemplu, toate vehiculele sunt echipate cu motoare eficiente, caracteristici avansate de siguran\u021b\u0103 \u0219i sisteme de propulsie ecologice. \u00cen plus, ace\u0219tia apreciaz\u0103 durabilitatea \u0219i respectarea mediului. Ei se angajeaz\u0103 s\u0103 reduc\u0103 impactul lor asupra mediului. Toate aceste aspecte fac din Iveco o marc\u0103 unic\u0103 \u00een cadrul industriei auto.<\/p>\n<h2><b>Op\u021biuni de finan\u021bare<\/b><\/h2>\n<h3><b>Cump\u0103ra\u021bi<\/b><\/h3>\n<p>La Van den Hurk, ave\u021bi la dispozi\u021bie mai multe op\u021biuni de finan\u021bare. Cump\u0103rarea unui autobuz Iveco este una dintre aceste op\u021biuni. Avantajul cump\u0103r\u0103rii este c\u0103 deveni\u021bi propriul dumneavoastr\u0103 angajat. Astfel, ave\u021bi control deplin asupra vehiculului, f\u0103r\u0103 pl\u0103\u021bi lunare de leasing. \u00cen plus, nu trebuie s\u0103 v\u0103 face\u021bi griji atunci c\u00e2nd vine vorba de restric\u021biile privind kilometrajul. Acest lucru este deosebit de avantajos atunci c\u00e2nd exist\u0103 o activitate de conducere intens\u0103.<\/p>\n<h3><b>Leasing<\/b><\/h3>\n<p>Cealalt\u0103 op\u021biune este \u00eenchirierea unui autobuz Iveco. Avantajul acestei variante este c\u0103 ave\u021bi costuri ini\u021biale mai mici \u00een compara\u021bie cu cele de cump\u0103rare. Acest lucru v\u0103 ofer\u0103 mai mult\u0103 flexibilitate financiar\u0103 ca afacere. \u00cen plus, cheltuielile dvs. lunare sunt previzibile. Acest lucru se datoreaz\u0103 faptului c\u0103 ave\u021bi un contract de leasing \u00een care pl\u0103ti\u021bi o sum\u0103 fix\u0103 pe lun\u0103.<\/p>\n<h2><b>Alege\u021bi modelul potrivit pentru nevoile dumneavoastr\u0103<\/b><\/h2>\n<p>\u00cen cadrul gamei noastre, ve\u021bi g\u0103si diferite modele folosite ale m\u0103rcii Iveco. Ce model este cel mai potrivit pentru dumneavoastr\u0103? Aceasta depinde \u00een \u00eentregime de dorin\u021bele \u0219i nevoile dumneavoastr\u0103. Unul dintre modelele pe care le oferim este Iveco daily occasion. Acest model ofer\u0103 o op\u021biune atractiv\u0103 pentru companiile \u0219i antreprenorii care caut\u0103 un model fiabil la un pre\u021b relativ mai mic dec\u00e2t la achizi\u021bionarea unui vehicul nou.<\/p>\n<\/div><\/section>","protected":false},"excerpt":{"rendered":"","protected":false},"author":3,"featured_media":0,"parent":0,"menu_order":0,"comment_status":"closed","ping_status":"closed","template":"","meta":{"_acf_changed":false,"_improvement_type_select":"improve_an_existing","_thumb_yes_seoaic":false,"_frame_yes_seoaic":false,"seoaic_generate_description":"","seoaic_improve_instructions_prompt":"","seoaic_rollback_content_improvement":"","seoaic_idea_thumbnail_generator":"","thumbnail_generated":false,"thumbnail_generate_prompt":"","seoaic_article_description":"","footnotes":""},"class_list":["post-372067","page","type-page","status-publish","hentry"],"acf":[],"yoast_head":"<!-- This site is optimized with the Yoast SEO plugin v27.3 - https:\/\/yoast.com\/product\/yoast-seo-wordpress\/ -->\n<title>Iveco bedrijfswagens: voor duurzaam en betrouwbaar transport<\/title>\n<meta name=\"description\" content=\"Bekijk het aanbod met Iveco bedrijfswagens en kies het voertuig dat helemaal aansluit aan jouw wensen en behoeften. Ontdek nu!\" \/>\n<meta name=\"robots\" content=\"index, follow, max-snippet:-1, max-image-preview:large, max-video-preview:-1\" \/>\n<link rel=\"canonical\" href=\"https:\/\/www.vdhurk.nl\/ro\/vehicule-comerciale-iveco\/\" \/>\n<meta property=\"og:locale\" content=\"ro_RO\" \/>\n<meta property=\"og:type\" content=\"article\" \/>\n<meta property=\"og:title\" content=\"Iveco bedrijfswagens: voor duurzaam en betrouwbaar transport\" \/>\n<meta property=\"og:description\" content=\"Bekijk het aanbod met Iveco bedrijfswagens en kies het voertuig dat helemaal aansluit aan jouw wensen en behoeften. Ontdek nu!\" \/>\n<meta property=\"og:url\" content=\"https:\/\/www.vdhurk.nl\/ro\/vehicule-comerciale-iveco\/\" \/>\n<meta property=\"og:site_name\" content=\"Van den Hurk Bedrijfswagens\" \/>\n<meta name=\"twitter:card\" content=\"summary_large_image\" \/>\n<meta name=\"twitter:label1\" content=\"Timp estimat pentru citire\" \/>\n\t<meta name=\"twitter:data1\" content=\"4 minute\" \/>\n<script type=\"application\/ld+json\" class=\"yoast-schema-graph\">{\"@context\":\"https:\\\/\\\/schema.org\",\"@graph\":[{\"@type\":\"WebPage\",\"@id\":\"https:\\\/\\\/www.vdhurk.nl\\\/iveco-bedrijfswagens\\\/\",\"url\":\"https:\\\/\\\/www.vdhurk.nl\\\/iveco-bedrijfswagens\\\/\",\"name\":\"Iveco bedrijfswagens: voor duurzaam en betrouwbaar transport\",\"isPartOf\":{\"@id\":\"https:\\\/\\\/www.vdhurk.nl\\\/#website\"},\"datePublished\":\"2024-04-16T12:04:50+00:00\",\"description\":\"Bekijk het aanbod met Iveco bedrijfswagens en kies het voertuig dat helemaal aansluit aan jouw wensen en behoeften. Ontdek nu!\",\"breadcrumb\":{\"@id\":\"https:\\\/\\\/www.vdhurk.nl\\\/iveco-bedrijfswagens\\\/#breadcrumb\"},\"inLanguage\":\"ro-RO\",\"potentialAction\":[{\"@type\":\"ReadAction\",\"target\":[\"https:\\\/\\\/www.vdhurk.nl\\\/iveco-bedrijfswagens\\\/\"]}]},{\"@type\":\"BreadcrumbList\",\"@id\":\"https:\\\/\\\/www.vdhurk.nl\\\/iveco-bedrijfswagens\\\/#breadcrumb\",\"itemListElement\":[{\"@type\":\"ListItem\",\"position\":1,\"name\":\"Home\",\"item\":\"https:\\\/\\\/www.vdhurk.nl\\\/home\\\/\"},{\"@type\":\"ListItem\",\"position\":2,\"name\":\"Iveco Bedrijfswagens\"}]},{\"@type\":\"WebSite\",\"@id\":\"https:\\\/\\\/www.vdhurk.nl\\\/#website\",\"url\":\"https:\\\/\\\/www.vdhurk.nl\\\/\",\"name\":\"Van den Hurk Bedrijfswagens\",\"description\":\"Van den Hurk bedrijfswagens Helmond\",\"potentialAction\":[{\"@type\":\"SearchAction\",\"target\":{\"@type\":\"EntryPoint\",\"urlTemplate\":\"https:\\\/\\\/www.vdhurk.nl\\\/?s={search_term_string}\"},\"query-input\":{\"@type\":\"PropertyValueSpecification\",\"valueRequired\":true,\"valueName\":\"search_term_string\"}}],\"inLanguage\":\"ro-RO\"}]}<\/script>\n<!-- \/ Yoast SEO plugin. -->","yoast_head_json":{"title":"Vehiculele comerciale Iveco: pentru un transport durabil \u0219i fiabil","description":"Arunca\u021bi o privire la gama de vehicule comerciale Iveco \u0219i alege\u021bi vehiculul care se potrive\u0219te complet nevoilor dumneavoastr\u0103. Descoperi\u021bi acum!","robots":{"index":"index","follow":"follow","max-snippet":"max-snippet:-1","max-image-preview":"max-image-preview:large","max-video-preview":"max-video-preview:-1"},"canonical":"https:\/\/www.vdhurk.nl\/ro\/vehicule-comerciale-iveco\/","og_locale":"ro_RO","og_type":"article","og_title":"Iveco bedrijfswagens: voor duurzaam en betrouwbaar transport","og_description":"Bekijk het aanbod met Iveco bedrijfswagens en kies het voertuig dat helemaal aansluit aan jouw wensen en behoeften. Ontdek nu!","og_url":"https:\/\/www.vdhurk.nl\/ro\/vehicule-comerciale-iveco\/","og_site_name":"Van den Hurk Bedrijfswagens","twitter_card":"summary_large_image","twitter_misc":{"Timp estimat pentru citire":"4 minute"},"schema":{"@context":"https:\/\/schema.org","@graph":[{"@type":"WebPage","@id":"https:\/\/www.vdhurk.nl\/iveco-bedrijfswagens\/","url":"https:\/\/www.vdhurk.nl\/iveco-bedrijfswagens\/","name":"Vehiculele comerciale Iveco: pentru un transport durabil \u0219i fiabil","isPartOf":{"@id":"https:\/\/www.vdhurk.nl\/#website"},"datePublished":"2024-04-16T12:04:50+00:00","description":"Arunca\u021bi o privire la gama de vehicule comerciale Iveco \u0219i alege\u021bi vehiculul care se potrive\u0219te complet nevoilor dumneavoastr\u0103. Descoperi\u021bi acum!","breadcrumb":{"@id":"https:\/\/www.vdhurk.nl\/iveco-bedrijfswagens\/#breadcrumb"},"inLanguage":"ro-RO","potentialAction":[{"@type":"ReadAction","target":["https:\/\/www.vdhurk.nl\/iveco-bedrijfswagens\/"]}]},{"@type":"BreadcrumbList","@id":"https:\/\/www.vdhurk.nl\/iveco-bedrijfswagens\/#breadcrumb","itemListElement":[{"@type":"ListItem","position":1,"name":"Home","item":"https:\/\/www.vdhurk.nl\/home\/"},{"@type":"ListItem","position":2,"name":"Iveco Bedrijfswagens"}]},{"@type":"WebSite","@id":"https:\/\/www.vdhurk.nl\/#website","url":"https:\/\/www.vdhurk.nl\/","name":"Vehicule comerciale Van den Hurk","description":"Vehicule comerciale Van den Hurk Helmond","potentialAction":[{"@type":"SearchAction","target":{"@type":"EntryPoint","urlTemplate":"https:\/\/www.vdhurk.nl\/?s={search_term_string}"},"query-input":{"@type":"PropertyValueSpecification","valueRequired":true,"valueName":"search_term_string"}}],"inLanguage":"ro-RO"}]}},"_links":{"self":[{"href":"https:\/\/www.vdhurk.nl\/ro\/wp-json\/wp\/v2\/pages\/372067","targetHints":{"allow":["GET"]}}],"collection":[{"href":"https:\/\/www.vdhurk.nl\/ro\/wp-json\/wp\/v2\/pages"}],"about":[{"href":"https:\/\/www.vdhurk.nl\/ro\/wp-json\/wp\/v2\/types\/page"}],"author":[{"embeddable":true,"href":"https:\/\/www.vdhurk.nl\/ro\/wp-json\/wp\/v2\/users\/3"}],"replies":[{"embeddable":true,"href":"https:\/\/www.vdhurk.nl\/ro\/wp-json\/wp\/v2\/comments?post=372067"}],"version-history":[{"count":5,"href":"https:\/\/www.vdhurk.nl\/ro\/wp-json\/wp\/v2\/pages\/372067\/revisions"}],"predecessor-version":[{"id":372072,"href":"https:\/\/www.vdhurk.nl\/ro\/wp-json\/wp\/v2\/pages\/372067\/revisions\/372072"}],"wp:attachment":[{"href":"https:\/\/www.vdhurk.nl\/ro\/wp-json\/wp\/v2\/media?parent=372067"}],"curies":[{"name":"wp","href":"https:\/\/api.w.org\/{rel}","templated":true}]}}