{"id":370573,"date":"2024-04-10T17:35:04","date_gmt":"2024-04-10T15:35:04","guid":{"rendered":"https:\/\/www.vdhurk.nl\/?page_id=370573"},"modified":"2024-04-15T16:55:46","modified_gmt":"2024-04-15T14:55:46","slug":"mercedes-9","status":"publish","type":"page","link":"https:\/\/www.vdhurk.nl\/ro\/mercedes-bedrijfswagens\/","title":{"rendered":"Vehicule comerciale Mercedes"},"content":{"rendered":"<section  class='av_textblock_section av-lu8gnh7d-4ac895489941e586c1d7c8cb72318135'  itemscope=\"itemscope\" itemtype=\"https:\/\/schema.org\/CreativeWork\" ><div class='avia_textblock'  itemprop=\"text\" ><h1>Descoperi\u021bi puterea vehiculelor comerciale Mercedes<\/h1>\n<p>Vehiculele comerciale Mercedes sunt sinonime cu calitatea, fiabilitatea \u0219i inova\u021bia. Fiind o marc\u0103 de top \u00een industria auto, Mercedes ofer\u0103 o gam\u0103 complet\u0103 de vehicule comerciale pentru a satisface diversele nevoi ale antreprenorilor \u0219i \u00eentreprinderilor. Mercedes combin\u0103 tehnologiile avansate cu un design sofisticat. Drept urmare, utilizatorii de afaceri se pot baza pe performan\u021be, confort \u0219i eficien\u021b\u0103 optime. Pentru c\u0103 marca inoveaz\u0103 mereu, continu\u0103 s\u0103 stabileasc\u0103 standardele pentru vehiculele comerciale la nivel mondial.<\/p>\n<\/div><\/section>\n\n<style type=\"text\/css\" data-created_by=\"avia_inline_auto\" id=\"style-css-av-lujjddpd-afa3d7a9eabd61123e643ed1228e781e\">\n#top .hr.hr-invisible.av-lujjddpd-afa3d7a9eabd61123e643ed1228e781e{\nheight:50px;\n}\n<\/style>\n<div  class='hr av-lujjddpd-afa3d7a9eabd61123e643ed1228e781e hr-invisible  avia-builder-el-1  el_after_av_textblock  el_before_av_codeblock'><span class='hr-inner'><span class=\"hr-inner-style\"><\/span><\/span><\/div>\n\n\n<style type=\"text\/css\" data-created_by=\"avia_inline_auto\" id=\"style-css-av-ah0xd-63338d9dc6b40410e22a712829c369d6\">\n#top .hr.hr-invisible.av-ah0xd-63338d9dc6b40410e22a712829c369d6{\nheight:50px;\n}\n<\/style>\n<div  class='hr av-ah0xd-63338d9dc6b40410e22a712829c369d6 hr-invisible  avia-builder-el-3  el_after_av_codeblock  el_before_av_buttonrow'><span class='hr-inner'><span class=\"hr-inner-style\"><\/span><\/span><\/div>\n<div  class='avia-buttonrow-wrap av-lujhssae-cff7d852879371e1ec58a3b104a5d229 avia-buttonrow-center  avia-builder-el-4  el_after_av_hr  el_before_av_hr'>\n\n<style type=\"text\/css\" data-created_by=\"avia_inline_auto\" id=\"style-css-av-lujhtay0-149e4ab69c7860478a93da9d8e7b74c4\">\n#top #wrap_all .avia-button.av-lujhtay0-149e4ab69c7860478a93da9d8e7b74c4{\nmargin-bottom:5px;\nmargin-right:3px;\nmargin-left:3px;\n}\n<\/style>\n<a href='https:\/\/www.vdhurk.nl\/ro\/vehicule-comerciale\/#q1bKTS3KVrICUcmpKanFukmpeVVKOkr5RSmpRUmVQJmCosysYr0yoLL8_AIwJ74gsagkM7k0JzO1yAqoJ1mpFgA'  class='avia-button av-lujhtay0-149e4ab69c7860478a93da9d8e7b74c4 avia-icon_select-yes-right-icon avia-size-x-large avia-color-theme-color'  ><span class='avia_iconbox_title' >Sunte\u021bi curio\u0219i \u00een leg\u0103tur\u0103 cu \u00eentreaga gam\u0103 de vehicule comerciale Mercedes? Nu ezita\u021bi s\u0103 arunca\u021bi o privire!<\/span><span class='avia_button_icon avia_button_icon_right' aria-hidden='true' data-av_icon='\ue871' data-av_iconfont='entypo-fontello'><\/span><\/a>\n<\/div>\n\n<style type=\"text\/css\" data-created_by=\"avia_inline_auto\" id=\"style-css-av-o1d5-cf77288da24053faf1b6ffbefcfc6222\">\n#top .hr.hr-invisible.av-o1d5-cf77288da24053faf1b6ffbefcfc6222{\nheight:50px;\n}\n<\/style>\n<div  class='hr av-o1d5-cf77288da24053faf1b6ffbefcfc6222 hr-invisible  avia-builder-el-5  el_after_av_buttonrow  el_before_av_textblock'><span class='hr-inner'><span class=\"hr-inner-style\"><\/span><\/span><\/div>\n<section  class='av_textblock_section av-lu8gow1e-300853e458ed741bd87d6cb78e55cc7a'  itemscope=\"itemscope\" itemtype=\"https:\/\/schema.org\/CreativeWork\" ><div class='avia_textblock'  itemprop=\"text\" ><h2>De ce s\u0103 alege\u021bi marca Mercedes?<\/h2>\n<p>Autobuzele \u0219i vehiculele comerciale Mercedes sunt foarte populare \u00een r\u00e2ndul utilizatorilor de afaceri. Acest lucru se datoreaz\u0103 \u00een parte:<\/p>\n<ul>\n<li><b>Fiabilitate: <\/b>Vehiculele utilitare au o construc\u021bie robust\u0103 \u0219i sunt fabricate din materiale de \u00eenalt\u0103 calitate. Sunt construite pentru a dura \u0219i a rezista unei utiliz\u0103ri intensive.<\/li>\n<li><b>Performan\u021b\u0103: <\/b>Vagoanele ofer\u0103 performan\u021be impresionante \u00een ceea ce prive\u0219te motoarele puternice, experien\u021ba de conducere lin\u0103 \u0219i sarcina util\u0103 excelent\u0103. Acestea sunt concepute pentru a satisface cerin\u021bele utilizatorilor de afaceri.<\/li>\n<li><b>Confort \u0219i siguran\u021b\u0103: <\/b>Cu o tehnologie nou\u0103 \u0219i interioare de \u00eenalt\u0103 calitate, vehiculele comerciale ofer\u0103 o experien\u021b\u0103 de conducere confortabil\u0103 \u0219i sigur\u0103 at\u00e2t pentru \u0219oferi, c\u00e2t \u0219i pentru pasageri. De asemenea, acest lucru face ca ma\u0219inile s\u0103 fie excelente pentru c\u0103l\u0103toriile pe distan\u021be lungi.<\/li>\n<li><b>Inova\u021bie: <\/b>Mercedes este cunoscut pentru faptul c\u0103 se str\u0103duie\u0219te \u00een mod constant s\u0103 fie inovator. Vehiculele sale comerciale dispun de cea mai recent\u0103 tehnologie, ceea ce le face mai eficiente, mai inteligente \u0219i mai u\u0219or de utilizat.<\/li>\n<li><b>Aspect: <\/b>Conducerea unui Mercedes eman\u0103 profesionalism \u0219i calitate. Marca are o bun\u0103 reputa\u021bie care rezult\u0103 \u00een profesionalism \u0219i calitate.Pe scurt, o mul\u021bime de motive pentru a alege Mercedes.<\/li>\n<\/ul>\n<\/div><\/section>\n<div class='flex_column av-f64w1-da126f42b61613402309283c14245a25 av_one_half  avia-builder-el-7  el_after_av_textblock  el_before_av_one_third  first flex_column_div column-top-margin'   ><section  class='av_textblock_section av-lu8gpqre-73cc2c17e6a6497ba6e1b58af22bd9e8'  itemscope=\"itemscope\" itemtype=\"https:\/\/schema.org\/CreativeWork\" ><div class='avia_textblock'  itemprop=\"text\" ><h2>Evolu\u021bii \u00een cadrul m\u0103rcii<\/h2>\n<p>De-a lungul anilor, marca a continuat s\u0103 evolueze. De exemplu, se concentreaz\u0103 pe durabilitate \u0219i pe respectarea mediului. Mercedes este angajat\u0103 \u00een dezvoltarea de vehicule comerciale ecologice, oferind modele cu motoare eficiente \u0219i alternative, cum ar fi vehiculele electrice \u0219i hibride. Acestea sunt evolu\u021bii care joac\u0103 un rol \u00een cererea tot mai mare de solu\u021bii de transport durabile. De asemenea, marca r\u0103m\u00e2ne \u00een prima linie atunci c\u00e2nd vine vorba de conectivitate. Ace\u0219tia utilizeaz\u0103 sisteme avansate de siguran\u021b\u0103 \u0219i asisten\u021b\u0103 care \u00eembun\u0103t\u0103\u021besc at\u00e2t siguran\u021ba, c\u00e2t \u0219i eficien\u021ba vehiculelor.<\/p>\n<\/div><\/section><\/div>\n<div class='flex_column av-aldk9-ee694297f5c4032981677a02caab84d6 av_one_third  avia-builder-el-9  el_after_av_one_half  el_before_av_hr  flex_column_div column-top-margin'   ><style type=\"text\/css\" data-created_by=\"avia_inline_auto\" id=\"style-css-av-l1w9kpsf-4ec3fab772ec7a9adaa33cfc64ff0475\">\n.avia-image-container.av-l1w9kpsf-4ec3fab772ec7a9adaa33cfc64ff0475 .av-image-caption-overlay-center{\ncolor:#ffffff;\n}\n<\/style>\n<div  class='avia-image-container av-l1w9kpsf-4ec3fab772ec7a9adaa33cfc64ff0475 av-styling- avia-align-center  avia-builder-el-10  avia-builder-el-no-sibling'  itemprop=\"image\" itemscope=\"itemscope\" itemtype=\"https:\/\/schema.org\/ImageObject\" ><div class=\"avia-image-container-inner\"><div class=\"avia-image-overlay-wrap\"><img decoding=\"async\" class='wp-image-187 avia-img-lazy-loading-not-187 avia_image' src=\"https:\/\/www.vdhurk.nl\/wp-content\/uploads\/2022\/03\/Voorrad.png\" alt='' title='Stoc'  height=\"758\" width=\"1135\"  itemprop=\"thumbnailUrl\" srcset=\"https:\/\/www.vdhurk.nl\/wp-content\/uploads\/2022\/03\/Voorrad.png 1135w, https:\/\/www.vdhurk.nl\/wp-content\/uploads\/2022\/03\/Voorrad-300x200.png 300w, https:\/\/www.vdhurk.nl\/wp-content\/uploads\/2022\/03\/Voorrad-1030x688.png 1030w, https:\/\/www.vdhurk.nl\/wp-content\/uploads\/2022\/03\/Voorrad-768x513.png 768w, https:\/\/www.vdhurk.nl\/wp-content\/uploads\/2022\/03\/Voorrad-18x12.png 18w, https:\/\/www.vdhurk.nl\/wp-content\/uploads\/2022\/03\/Voorrad-705x471.png 705w\" sizes=\"(max-width: 1135px) 100vw, 1135px\" \/><\/div><\/div><\/div><\/div>\n\n<style type=\"text\/css\" data-created_by=\"avia_inline_auto\" id=\"style-css-av-luqrjpjc-5a23a1fb5f94718ca85316a9df963e2f\">\n#top .hr.hr-invisible.av-luqrjpjc-5a23a1fb5f94718ca85316a9df963e2f{\nheight:50px;\n}\n<\/style>\n<div  class='hr av-luqrjpjc-5a23a1fb5f94718ca85316a9df963e2f hr-invisible  avia-builder-el-11  el_after_av_one_third  el_before_av_textblock'><span class='hr-inner'><span class=\"hr-inner-style\"><\/span><\/span><\/div>\n<section  class='av_textblock_section av-lu8gtjw7-4f3cee9304909518d86d2860d9d582dd'  itemscope=\"itemscope\" itemtype=\"https:\/\/schema.org\/CreativeWork\" ><div class='avia_textblock'  itemprop=\"text\" ><h2><b>Modele de autobuze Mercedes: alegi nou sau second-hand?<\/b><\/h2>\n<p>C\u00e2nd vine vorba de diferite modele, Mercedes ofer\u0103 mai multe op\u021biuni. \u00centr-adev\u0103r, \u00een cadrul gamei noastre ve\u021bi g\u0103si at\u00e2t modele noi, c\u00e2t \u0219i second-hand. A\u0219adar, pute\u021bi cump\u0103ra un autobuz Mercedes sau pute\u021bi \u00eenchiria un autobuz Mercedes. Ca \u0219i modelele noi, un autobuz Mercedes de ocazie ofer\u0103 o oportunitate excelent\u0103 pentru utilizatorii de afaceri. Vehiculele folosite din gama noastr\u0103 sunt fiabile, de \u00eenalt\u0103 calitate \u0219i ofer\u0103 un raport calitate-pre\u021b excelent. Aceste vehicule au fost inspectate \u0219i testate. \u00cen acest fel, ne asigur\u0103m c\u0103 \u00eendeplinesc standarde \u00eenalte. \u00cen plus, de multe ori ofer\u0103 \u00eenc\u0103 o mare parte din luxul \u0219i func\u021bionalitatea pe care le a\u0219tepta\u021bi de la un vehicul Mercedes.<\/p>\n<h2><b>G\u0103si\u021bi ma\u0219ina de companie perfect\u0103 pentru dumneavoastr\u0103 ca utilizator de afaceri<\/b><\/h2>\n<p>Vehiculele comerciale Mercedes ofer\u0103 o gam\u0103 larg\u0103 de modele concepute pentru a satisface nevoile diverse ale utilizatorilor de afaceri. \u00cen cadrul gamei noastre, ve\u021bi g\u0103si mai multe modele populare:<\/p>\n<ul>\n<li style=\"font-weight: 400;\" aria-level=\"1\"><strong>Mercedes Sprinter ma\u0219in\u0103 folosit\u0103<\/strong>: aceasta este o furgonet\u0103 versatil\u0103, cu mult spa\u021biu. Acest model este cunoscut pentru capacitatea de \u00eenc\u0103rcare, fiabilitatea \u0219i eficien\u021ba sa.<\/li>\n<li style=\"font-weight: 400;\" aria-level=\"1\"><strong>Ocazie Mercedes Vito:<\/strong> acest model se remarc\u0103 prin agilitate, confort \u0219i tehnologie modern\u0103. Este potrivit at\u00e2t pentru traficul urban, c\u00e2t \u0219i pentru distan\u021be lungi \u0219i ofer\u0103 configura\u021bii flexibile pentru transportul de \u00eenc\u0103rc\u0103turi sau de pasageri.<\/li>\n<li style=\"font-weight: 400;\" aria-level=\"1\"><strong>Ocazie Mercedes Citan:<\/strong> este o furgonet\u0103 compact\u0103, potrivit\u0103 pentru distribu\u021bia urban\u0103 \u0219i pentru aplica\u021bii comerciale u\u0219oare. Datorit\u0103 dimensiunilor sale compacte, motoarelor eficiente din punct de vedere al consumului de combustibil \u0219i interiorului practic, este o alegere versatil\u0103 pentru antreprenorii din ora\u0219.<\/li>\n<\/ul>\n<h2><b>Beneficia\u021bi de servicii excelente<\/b><\/h2>\n<p>La Van den Hurk, pute\u021bi alege dintr-o gam\u0103 larg\u0103 de vehicule comerciale Mercedes. Exist\u0103 ceva pentru fiecare. Garant\u0103m o calitate bun\u0103 \u0219i servicii personale. Dac\u0103 sunte\u021bi interesat de unul dintre vehiculele noastre comerciale, nu trebuie dec\u00e2t s\u0103 ne contacta\u021bi la <a href=\"https:\/\/www.vdhurk.nl\/ro\/contactati\/\">contacta\u021bi-ne<\/a> pe. Vom fi bucuro\u0219i s\u0103 v\u0103 ajut\u0103m s\u0103 face\u021bi alegerea.<\/p>\n<\/div><\/section>","protected":false},"excerpt":{"rendered":"","protected":false},"author":3,"featured_media":0,"parent":0,"menu_order":0,"comment_status":"closed","ping_status":"closed","template":"","meta":{"_acf_changed":false,"_improvement_type_select":"improve_an_existing","_thumb_yes_seoaic":false,"_frame_yes_seoaic":false,"seoaic_generate_description":"","seoaic_improve_instructions_prompt":"","seoaic_rollback_content_improvement":"","seoaic_idea_thumbnail_generator":"","thumbnail_generated":false,"thumbnail_generate_prompt":"","seoaic_article_description":"","footnotes":""},"class_list":["post-370573","page","type-page","status-publish","hentry"],"acf":[],"yoast_head":"<!-- This site is optimized with the Yoast SEO plugin v27.3 - https:\/\/yoast.com\/product\/yoast-seo-wordpress\/ -->\n<title>Ontdek de Mercedes bedrijfswagens binnen ons assortiment.<\/title>\n<meta name=\"description\" content=\"Betrouwbaar en professioneel. Dat zijn onze Mercedes bedrijfswagens. Ontdek welke bedrijfswagens van het merk aansluiten bij jouw zakelijke behoeften.\" \/>\n<meta name=\"robots\" content=\"index, follow, max-snippet:-1, max-image-preview:large, max-video-preview:-1\" \/>\n<link rel=\"canonical\" href=\"https:\/\/www.vdhurk.nl\/ro\/mercedes-9\/\" \/>\n<meta property=\"og:locale\" content=\"ro_RO\" \/>\n<meta property=\"og:type\" content=\"article\" \/>\n<meta property=\"og:title\" content=\"Ontdek de Mercedes bedrijfswagens binnen ons assortiment.\" \/>\n<meta property=\"og:description\" content=\"Betrouwbaar en professioneel. Dat zijn onze Mercedes bedrijfswagens. Ontdek welke bedrijfswagens van het merk aansluiten bij jouw zakelijke behoeften.\" \/>\n<meta property=\"og:url\" content=\"https:\/\/www.vdhurk.nl\/ro\/mercedes-9\/\" \/>\n<meta property=\"og:site_name\" content=\"Van den Hurk Bedrijfswagens\" \/>\n<meta property=\"article:modified_time\" content=\"2024-04-15T14:55:46+00:00\" \/>\n<meta name=\"twitter:card\" content=\"summary_large_image\" \/>\n<meta name=\"twitter:label1\" content=\"Timp estimat pentru citire\" \/>\n\t<meta name=\"twitter:data1\" content=\"6 minute\" \/>\n<script type=\"application\/ld+json\" class=\"yoast-schema-graph\">{\"@context\":\"https:\\\/\\\/schema.org\",\"@graph\":[{\"@type\":\"WebPage\",\"@id\":\"https:\\\/\\\/www.vdhurk.nl\\\/mercedes-bedrijfswagens\\\/\",\"url\":\"https:\\\/\\\/www.vdhurk.nl\\\/mercedes-bedrijfswagens\\\/\",\"name\":\"Ontdek de Mercedes bedrijfswagens binnen ons assortiment.\",\"isPartOf\":{\"@id\":\"https:\\\/\\\/www.vdhurk.nl\\\/#website\"},\"datePublished\":\"2024-04-10T15:35:04+00:00\",\"dateModified\":\"2024-04-15T14:55:46+00:00\",\"description\":\"Betrouwbaar en professioneel. Dat zijn onze Mercedes bedrijfswagens. Ontdek welke bedrijfswagens van het merk aansluiten bij jouw zakelijke behoeften.\",\"breadcrumb\":{\"@id\":\"https:\\\/\\\/www.vdhurk.nl\\\/mercedes-bedrijfswagens\\\/#breadcrumb\"},\"inLanguage\":\"ro-RO\",\"potentialAction\":[{\"@type\":\"ReadAction\",\"target\":[\"https:\\\/\\\/www.vdhurk.nl\\\/mercedes-bedrijfswagens\\\/\"]}]},{\"@type\":\"BreadcrumbList\",\"@id\":\"https:\\\/\\\/www.vdhurk.nl\\\/mercedes-bedrijfswagens\\\/#breadcrumb\",\"itemListElement\":[{\"@type\":\"ListItem\",\"position\":1,\"name\":\"Home\",\"item\":\"https:\\\/\\\/www.vdhurk.nl\\\/home\\\/\"},{\"@type\":\"ListItem\",\"position\":2,\"name\":\"Mercedes Bedrijfswagens\"}]},{\"@type\":\"WebSite\",\"@id\":\"https:\\\/\\\/www.vdhurk.nl\\\/#website\",\"url\":\"https:\\\/\\\/www.vdhurk.nl\\\/\",\"name\":\"Van den Hurk Bedrijfswagens\",\"description\":\"Van den Hurk bedrijfswagens Helmond\",\"potentialAction\":[{\"@type\":\"SearchAction\",\"target\":{\"@type\":\"EntryPoint\",\"urlTemplate\":\"https:\\\/\\\/www.vdhurk.nl\\\/?s={search_term_string}\"},\"query-input\":{\"@type\":\"PropertyValueSpecification\",\"valueRequired\":true,\"valueName\":\"search_term_string\"}}],\"inLanguage\":\"ro-RO\"}]}<\/script>\n<!-- \/ Yoast SEO plugin. -->","yoast_head_json":{"title":"Descoperi\u021bi vehiculele comerciale Mercedes din gama noastr\u0103.","description":"Fiabil \u0219i profesionist. Acestea sunt vehiculele noastre comerciale Mercedes. Afla\u021bi ce vehicule comerciale de marc\u0103 se potrivesc nevoilor afacerii dumneavoastr\u0103.","robots":{"index":"index","follow":"follow","max-snippet":"max-snippet:-1","max-image-preview":"max-image-preview:large","max-video-preview":"max-video-preview:-1"},"canonical":"https:\/\/www.vdhurk.nl\/ro\/mercedes-9\/","og_locale":"ro_RO","og_type":"article","og_title":"Ontdek de Mercedes bedrijfswagens binnen ons assortiment.","og_description":"Betrouwbaar en professioneel. Dat zijn onze Mercedes bedrijfswagens. Ontdek welke bedrijfswagens van het merk aansluiten bij jouw zakelijke behoeften.","og_url":"https:\/\/www.vdhurk.nl\/ro\/mercedes-9\/","og_site_name":"Van den Hurk Bedrijfswagens","article_modified_time":"2024-04-15T14:55:46+00:00","twitter_card":"summary_large_image","twitter_misc":{"Timp estimat pentru citire":"6 minute"},"schema":{"@context":"https:\/\/schema.org","@graph":[{"@type":"WebPage","@id":"https:\/\/www.vdhurk.nl\/mercedes-bedrijfswagens\/","url":"https:\/\/www.vdhurk.nl\/mercedes-bedrijfswagens\/","name":"Descoperi\u021bi vehiculele comerciale Mercedes din gama noastr\u0103.","isPartOf":{"@id":"https:\/\/www.vdhurk.nl\/#website"},"datePublished":"2024-04-10T15:35:04+00:00","dateModified":"2024-04-15T14:55:46+00:00","description":"Fiabil \u0219i profesionist. Acestea sunt vehiculele noastre comerciale Mercedes. Afla\u021bi ce vehicule comerciale de marc\u0103 se potrivesc nevoilor afacerii dumneavoastr\u0103.","breadcrumb":{"@id":"https:\/\/www.vdhurk.nl\/mercedes-bedrijfswagens\/#breadcrumb"},"inLanguage":"ro-RO","potentialAction":[{"@type":"ReadAction","target":["https:\/\/www.vdhurk.nl\/mercedes-bedrijfswagens\/"]}]},{"@type":"BreadcrumbList","@id":"https:\/\/www.vdhurk.nl\/mercedes-bedrijfswagens\/#breadcrumb","itemListElement":[{"@type":"ListItem","position":1,"name":"Home","item":"https:\/\/www.vdhurk.nl\/home\/"},{"@type":"ListItem","position":2,"name":"Mercedes Bedrijfswagens"}]},{"@type":"WebSite","@id":"https:\/\/www.vdhurk.nl\/#website","url":"https:\/\/www.vdhurk.nl\/","name":"Vehicule comerciale Van den Hurk","description":"Vehicule comerciale Van den Hurk Helmond","potentialAction":[{"@type":"SearchAction","target":{"@type":"EntryPoint","urlTemplate":"https:\/\/www.vdhurk.nl\/?s={search_term_string}"},"query-input":{"@type":"PropertyValueSpecification","valueRequired":true,"valueName":"search_term_string"}}],"inLanguage":"ro-RO"}]}},"_links":{"self":[{"href":"https:\/\/www.vdhurk.nl\/ro\/wp-json\/wp\/v2\/pages\/370573","targetHints":{"allow":["GET"]}}],"collection":[{"href":"https:\/\/www.vdhurk.nl\/ro\/wp-json\/wp\/v2\/pages"}],"about":[{"href":"https:\/\/www.vdhurk.nl\/ro\/wp-json\/wp\/v2\/types\/page"}],"author":[{"embeddable":true,"href":"https:\/\/www.vdhurk.nl\/ro\/wp-json\/wp\/v2\/users\/3"}],"replies":[{"embeddable":true,"href":"https:\/\/www.vdhurk.nl\/ro\/wp-json\/wp\/v2\/comments?post=370573"}],"version-history":[{"count":9,"href":"https:\/\/www.vdhurk.nl\/ro\/wp-json\/wp\/v2\/pages\/370573\/revisions"}],"predecessor-version":[{"id":372083,"href":"https:\/\/www.vdhurk.nl\/ro\/wp-json\/wp\/v2\/pages\/370573\/revisions\/372083"}],"wp:attachment":[{"href":"https:\/\/www.vdhurk.nl\/ro\/wp-json\/wp\/v2\/media?parent=370573"}],"curies":[{"name":"wp","href":"https:\/\/api.w.org\/{rel}","templated":true}]}}