{"id":409581,"date":"2024-10-16T15:51:18","date_gmt":"2024-10-16T13:51:18","guid":{"rendered":"https:\/\/www.vdhurk.nl\/?page_id=409581"},"modified":"2024-10-16T15:51:18","modified_gmt":"2024-10-16T13:51:18","slug":"mercedes-12","status":"publish","type":"page","link":"https:\/\/www.vdhurk.nl\/pl\/opel-bedrijfswagens\/combo\/","title":{"rendered":"Opel Combo"},"content":{"rendered":"<section  class='av_textblock_section av-lu8gnh7d-4ac895489941e586c1d7c8cb72318135'  itemscope=\"itemscope\" itemtype=\"https:\/\/schema.org\/CreativeWork\" ><div class='avia_textblock'  itemprop=\"text\" ><h1>Znajd\u017a swoj\u0105 idealn\u0105 okazj\u0119 dla Vauxhall Combo<\/h1>\n<p>Poznaj Opla Combo: wszechstronny pojazd u\u017cytkowy uwielbiany przez wiele firm za elastyczno\u015b\u0107 i niezawodno\u015b\u0107. Opel Combo oferuje r\u00f3\u017cne opcje, aby spe\u0142ni\u0107 Twoje potrzeby biznesowe. Dowiedz si\u0119 wi\u0119cej o jego specyfikacjach i wersjach i przekonaj si\u0119, dlaczego ten pojazd u\u017cytkowy jest tak popularny w\u015br\u00f3d firm.<\/p>\n<\/div><\/section>\n\n<style type=\"text\/css\" data-created_by=\"avia_inline_auto\" id=\"style-css-av-lujjddpd-afa3d7a9eabd61123e643ed1228e781e\">\n#top .hr.hr-invisible.av-lujjddpd-afa3d7a9eabd61123e643ed1228e781e{\nheight:50px;\n}\n<\/style>\n<div  class='hr av-lujjddpd-afa3d7a9eabd61123e643ed1228e781e hr-invisible  avia-builder-el-1  el_after_av_textblock  el_before_av_codeblock'><span class='hr-inner'><span class=\"hr-inner-style\"><\/span><\/span><\/div>\n\n\n<style type=\"text\/css\" data-created_by=\"avia_inline_auto\" id=\"style-css-av-ah0xd-63338d9dc6b40410e22a712829c369d6\">\n#top .hr.hr-invisible.av-ah0xd-63338d9dc6b40410e22a712829c369d6{\nheight:50px;\n}\n<\/style>\n<div  class='hr av-ah0xd-63338d9dc6b40410e22a712829c369d6 hr-invisible  avia-builder-el-3  el_after_av_codeblock  el_before_av_textblock'><span class='hr-inner'><span class=\"hr-inner-style\"><\/span><\/span><\/div>\n<section  class='av_textblock_section av-lu8gow1e-300853e458ed741bd87d6cb78e55cc7a'  itemscope=\"itemscope\" itemtype=\"https:\/\/schema.org\/CreativeWork\" ><div class='avia_textblock'  itemprop=\"text\" ><h2>Jakie specyfikacje ma Opel Combo?<\/h2>\n<p>Vauxhall Combo to idealne po\u0142\u0105czenie kompaktowo\u015bci i przestronno\u015bci, z inteligentnymi, innowacyjnymi rozwi\u0105zaniami, kt\u00f3re u\u0142atwiaj\u0105 dzie\u0144 pracy. Ergonomiczna konstrukcja zapewnia nie tylko wygod\u0119, ale tak\u017ce bardziej wydajn\u0105 prac\u0119. Wn\u0119trze jest zar\u00f3wno funkcjonalne, jak i stylowe, z wystarczaj\u0105c\u0105 ilo\u015bci\u0105 miejsca zar\u00f3wno dla pasa\u017cer\u00f3w, jak i \u0142adunku. W zale\u017cno\u015bci od wersji, Opel Combo oferuje przestrze\u0144 \u0142adunkow\u0105 do 4,4 m\u00b3 i \u0142adowno\u015b\u0107 do 1000 kg. Bezpiecze\u0144stwo jest na pierwszym miejscu, z systemami takimi jak automatyczne wspomaganie hamowania awaryjnego i asystent utrzymania pasa ruchu, dzi\u0119ki czemu zawsze mo\u017cesz by\u0107 bezpieczny i zrelaksowany na drodze. Kr\u00f3tko m\u00f3wi\u0105c, Vauxhall Combo to prawdziwie wszechstronny pojazd, kt\u00f3ry bez trudu dostosowuje si\u0119 do potrzeb biznesowych.<\/p>\n<\/div><\/section>\n<div class='flex_column av-f64w1-da126f42b61613402309283c14245a25 av_one_half  avia-builder-el-5  el_after_av_textblock  el_before_av_one_third  first flex_column_div column-top-margin'   ><section  class='av_textblock_section av-lu8gpqre-73cc2c17e6a6497ba6e1b58af22bd9e8'  itemscope=\"itemscope\" itemtype=\"https:\/\/schema.org\/CreativeWork\" ><div class='avia_textblock'  itemprop=\"text\" ><h2>R\u00f3\u017cne wersje<\/h2>\n<p>Vauxhall Combo jest dost\u0119pny w r\u00f3\u017cnych wersjach, wi\u0119c zawsze znajdziesz model odpowiedni dla Twojej firmy. Czy zdecydujesz si\u0119 na wersj\u0119 manualn\u0105 dla maksymalnej kontroli, czy te\u017c wybierzesz wygod\u0119 automatu, szczeg\u00f3lnie przydatn\u0105 w zat\u0142oczonym ruchu miejskim? Do wyboru s\u0105 r\u00f3wnie\u017c r\u00f3\u017cne roczniki modeli, przebiegi i opcje silnik\u00f3w, od ekonomicznych silnik\u00f3w wysokopr\u0119\u017cnych po mocniejsze warianty odpowiednie do ci\u0119\u017cszych prac. Ponadto wersje r\u00f3\u017cni\u0105 si\u0119 \u0142adowno\u015bci\u0105, z modelami, kt\u00f3re mog\u0105 obs\u0142ugiwa\u0107 do 1000 kg. Dzi\u0119ki temu zawsze znajdziesz Combo, kt\u00f3re dok\u0142adnie odpowiada Twoim potrzebom biznesowym.<\/p>\n<\/div><\/section><\/div><div class='flex_column av-aldk9-ee694297f5c4032981677a02caab84d6 av_one_third  avia-builder-el-7  el_after_av_one_half  el_before_av_hr  flex_column_div column-top-margin'   ><style type=\"text\/css\" data-created_by=\"avia_inline_auto\" id=\"style-css-av-l1w9kpsf-4ec3fab772ec7a9adaa33cfc64ff0475\">\n.avia-image-container.av-l1w9kpsf-4ec3fab772ec7a9adaa33cfc64ff0475 .av-image-caption-overlay-center{\ncolor:#ffffff;\n}\n<\/style>\n<div  class='avia-image-container av-l1w9kpsf-4ec3fab772ec7a9adaa33cfc64ff0475 av-styling- avia-align-center  avia-builder-el-8  avia-builder-el-no-sibling'  itemprop=\"image\" itemscope=\"itemscope\" itemtype=\"https:\/\/schema.org\/ImageObject\" ><div class=\"avia-image-container-inner\"><div class=\"avia-image-overlay-wrap\"><img decoding=\"async\" class='wp-image-187 avia-img-lazy-loading-not-187 avia_image' src=\"https:\/\/www.vdhurk.nl\/wp-content\/uploads\/2022\/03\/Voorrad.png\" alt='' title='Stock'  height=\"758\" width=\"1135\"  itemprop=\"thumbnailUrl\" srcset=\"https:\/\/www.vdhurk.nl\/wp-content\/uploads\/2022\/03\/Voorrad.png 1135w, https:\/\/www.vdhurk.nl\/wp-content\/uploads\/2022\/03\/Voorrad-300x200.png 300w, https:\/\/www.vdhurk.nl\/wp-content\/uploads\/2022\/03\/Voorrad-1030x688.png 1030w, https:\/\/www.vdhurk.nl\/wp-content\/uploads\/2022\/03\/Voorrad-768x513.png 768w, https:\/\/www.vdhurk.nl\/wp-content\/uploads\/2022\/03\/Voorrad-18x12.png 18w, https:\/\/www.vdhurk.nl\/wp-content\/uploads\/2022\/03\/Voorrad-705x471.png 705w\" sizes=\"(max-width: 1135px) 100vw, 1135px\" \/><\/div><\/div><\/div><\/div><\/p>\n\n<style type=\"text\/css\" data-created_by=\"avia_inline_auto\" id=\"style-css-av-luqrjpjc-5a23a1fb5f94718ca85316a9df963e2f\">\n#top .hr.hr-invisible.av-luqrjpjc-5a23a1fb5f94718ca85316a9df963e2f{\nheight:50px;\n}\n<\/style>\n<div  class='hr av-luqrjpjc-5a23a1fb5f94718ca85316a9df963e2f hr-invisible  avia-builder-el-9  el_after_av_one_third  el_before_av_textblock'><span class='hr-inner'><span class=\"hr-inner-style\"><\/span><\/span><\/div>\n<section  class='av_textblock_section av-lu8gtjw7-4f3cee9304909518d86d2860d9d582dd'  itemscope=\"itemscope\" itemtype=\"https:\/\/schema.org\/CreativeWork\" ><div class='avia_textblock'  itemprop=\"text\" ><h2>O jakich cenach powiniene\u015b pomy\u015ble\u0107?<\/h2>\n<p>Kupujesz Opla Combo? W takim razie oczywi\u015bcie chcesz wiedzie\u0107, czego si\u0119 spodziewa\u0107 pod wzgl\u0119dem ceny. Koszt zale\u017cy od wybranej wersji: czy zdecydujesz si\u0119 na podstawowy wariant, czy wolisz model ze wszystkimi dodatkami? Niezale\u017cnie od tego, czy chodzi o nowszy rocznik, ni\u017cszy przebieg czy wi\u0119kszy luksus, mamy r\u00f3\u017cne wersje, kt\u00f3re pasuj\u0105 do Twojego bud\u017cetu. Chcesz pozna\u0107 konkretn\u0105 cen\u0119 swojego idealnego samochodu s\u0142u\u017cbowego? Skontaktuj si\u0119 z nami, a z przyjemno\u015bci\u0105 wsp\u00f3lnie znajdziemy odpowiedni model.<\/p>\n<h2>Czy s\u0142ysza\u0142e\u015b o leasingu finansowym?<\/h2>\n<p>Mo\u017cesz oczywi\u015bcie zap\u0142aci\u0107 za sw\u00f3j Vauxhall Combo za jednym razem, ale jest te\u017c inna sprytna opcja: <a href=\"https:\/\/www.vdhurk.nl\/pl\/leasing-finansowy\/\">leasing finansowy<\/a>. Leasing Opla Combo oznacza p\u0142acenie sta\u0142ej kwoty miesi\u0119cznie. W trakcie trwania umowy leasingowej stopniowo stajesz si\u0119 w\u0142a\u015bcicielem samochodu. Du\u017ca zaleta? Zachowujesz kapita\u0142 obrotowy na inne wa\u017cne inwestycje w firmie, a jednocze\u015bnie korzystasz z niezawodnego samochodu s\u0142u\u017cbowego. Chcesz dowiedzie\u0107 si\u0119 wi\u0119cej o mo\u017cliwo\u015bciach? Ch\u0119tnie pomo\u017cemy!<\/p>\n<h2>Poznaj alert gie\u0142dowy<\/h2>\n<p>Nasza oferta zmienia si\u0119 regularnie. Czy Twojego idealnego samochodu firmowego nie ma dzi\u015b na li\u015bcie? Nie martw si\u0119, jutro mo\u017ce by\u0107 inaczej! Nie chcesz niczego przegapi\u0107 i by\u0107 natychmiast informowanym o nowo\u015bciach? Zarejestruj si\u0119 w naszym <a href=\"https:\/\/www.vdhurk.nl\/pl\/alarm-gieldowy\/\">alarm gie\u0142dowy<\/a>. W ten spos\u00f3b jako pierwszy dowiesz si\u0119, kiedy Opel Combo u\u017cywany b\u0119dzie dost\u0119pny dok\u0142adnie w cenie odpowiadaj\u0105cej Twoim potrzebom. Nie zapomnij r\u00f3wnie\u017c \u015bledzi\u0107 naszych aktualnych ofert. Kto wie, mo\u017ce w\u015br\u00f3d nich wkr\u00f3tce znajdzie si\u0119 Tw\u00f3j idealny u\u017cywany Vauxhall Combo!<\/p>\n<\/div><\/section>","protected":false},"excerpt":{"rendered":"","protected":false},"author":3,"featured_media":0,"parent":372050,"menu_order":0,"comment_status":"closed","ping_status":"closed","template":"","meta":{"_acf_changed":false,"_improvement_type_select":"improve_an_existing","_thumb_yes_seoaic":false,"_frame_yes_seoaic":false,"seoaic_generate_description":"","seoaic_improve_instructions_prompt":"","seoaic_rollback_content_improvement":"","seoaic_idea_thumbnail_generator":"","thumbnail_generated":false,"thumbnail_generate_prompt":"","seoaic_article_description":"","footnotes":""},"class_list":["post-409581","page","type-page","status-publish","hentry"],"acf":[],"yoast_head":"<!-- This site is optimized with the Yoast SEO plugin v27.3 - https:\/\/yoast.com\/product\/yoast-seo-wordpress\/ -->\n<title>Op zoek naar een Opel Combo occasion? Bekijk ons aanbod!<\/title>\n<meta name=\"description\" content=\"Een Opel Combo occasion kopen? Ontdek de diverse specificaties en uitvoeringen en vind de ideale match voor jouw zakelijke behoeften.\" \/>\n<meta name=\"robots\" content=\"index, follow, max-snippet:-1, max-image-preview:large, max-video-preview:-1\" \/>\n<link rel=\"canonical\" href=\"https:\/\/www.vdhurk.nl\/pl\/pojazdy-uzytkowe-vauxhall\/mercedes-12\/\" \/>\n<meta property=\"og:locale\" content=\"pl_PL\" \/>\n<meta property=\"og:type\" content=\"article\" \/>\n<meta property=\"og:title\" content=\"Op zoek naar een Opel Combo occasion? Bekijk ons aanbod!\" \/>\n<meta property=\"og:description\" content=\"Een Opel Combo occasion kopen? Ontdek de diverse specificaties en uitvoeringen en vind de ideale match voor jouw zakelijke behoeften.\" \/>\n<meta property=\"og:url\" content=\"https:\/\/www.vdhurk.nl\/pl\/pojazdy-uzytkowe-vauxhall\/mercedes-12\/\" \/>\n<meta property=\"og:site_name\" content=\"Van den Hurk Bedrijfswagens\" \/>\n<meta name=\"twitter:card\" content=\"summary_large_image\" \/>\n<meta name=\"twitter:label1\" content=\"Szacowany czas czytania\" \/>\n\t<meta name=\"twitter:data1\" content=\"5 minut\" \/>\n<script type=\"application\/ld+json\" class=\"yoast-schema-graph\">{\"@context\":\"https:\\\/\\\/schema.org\",\"@graph\":[{\"@type\":\"WebPage\",\"@id\":\"https:\\\/\\\/www.vdhurk.nl\\\/opel-bedrijfswagens\\\/combo\\\/\",\"url\":\"https:\\\/\\\/www.vdhurk.nl\\\/opel-bedrijfswagens\\\/combo\\\/\",\"name\":\"Op zoek naar een Opel Combo occasion? Bekijk ons aanbod!\",\"isPartOf\":{\"@id\":\"https:\\\/\\\/www.vdhurk.nl\\\/#website\"},\"datePublished\":\"2024-10-16T13:51:18+00:00\",\"description\":\"Een Opel Combo occasion kopen? Ontdek de diverse specificaties en uitvoeringen en vind de ideale match voor jouw zakelijke behoeften.\",\"breadcrumb\":{\"@id\":\"https:\\\/\\\/www.vdhurk.nl\\\/opel-bedrijfswagens\\\/combo\\\/#breadcrumb\"},\"inLanguage\":\"pl-PL\",\"potentialAction\":[{\"@type\":\"ReadAction\",\"target\":[\"https:\\\/\\\/www.vdhurk.nl\\\/opel-bedrijfswagens\\\/combo\\\/\"]}]},{\"@type\":\"BreadcrumbList\",\"@id\":\"https:\\\/\\\/www.vdhurk.nl\\\/opel-bedrijfswagens\\\/combo\\\/#breadcrumb\",\"itemListElement\":[{\"@type\":\"ListItem\",\"position\":1,\"name\":\"Home\",\"item\":\"https:\\\/\\\/www.vdhurk.nl\\\/home\\\/\"},{\"@type\":\"ListItem\",\"position\":2,\"name\":\"Opel Bedrijfswagens\",\"item\":\"https:\\\/\\\/www.vdhurk.nl\\\/opel-bedrijfswagens\\\/\"},{\"@type\":\"ListItem\",\"position\":3,\"name\":\"Opel Combo\"}]},{\"@type\":\"WebSite\",\"@id\":\"https:\\\/\\\/www.vdhurk.nl\\\/#website\",\"url\":\"https:\\\/\\\/www.vdhurk.nl\\\/\",\"name\":\"Van den Hurk Bedrijfswagens\",\"description\":\"Van den Hurk bedrijfswagens Helmond\",\"potentialAction\":[{\"@type\":\"SearchAction\",\"target\":{\"@type\":\"EntryPoint\",\"urlTemplate\":\"https:\\\/\\\/www.vdhurk.nl\\\/?s={search_term_string}\"},\"query-input\":{\"@type\":\"PropertyValueSpecification\",\"valueRequired\":true,\"valueName\":\"search_term_string\"}}],\"inLanguage\":\"pl-PL\"}]}<\/script>\n<!-- \/ Yoast SEO plugin. -->","yoast_head_json":{"title":"Szukasz u\u017cywanego samochodu Opel Combo? Sprawd\u017a nasz\u0105 ofert\u0119!","description":"Kupujesz Opla Combo przy okazji? Zapoznaj si\u0119 z r\u00f3\u017cnymi specyfikacjami i wersjami i znajd\u017a idealne dopasowanie do swoich potrzeb biznesowych.","robots":{"index":"index","follow":"follow","max-snippet":"max-snippet:-1","max-image-preview":"max-image-preview:large","max-video-preview":"max-video-preview:-1"},"canonical":"https:\/\/www.vdhurk.nl\/pl\/pojazdy-uzytkowe-vauxhall\/mercedes-12\/","og_locale":"pl_PL","og_type":"article","og_title":"Op zoek naar een Opel Combo occasion? Bekijk ons aanbod!","og_description":"Een Opel Combo occasion kopen? Ontdek de diverse specificaties en uitvoeringen en vind de ideale match voor jouw zakelijke behoeften.","og_url":"https:\/\/www.vdhurk.nl\/pl\/pojazdy-uzytkowe-vauxhall\/mercedes-12\/","og_site_name":"Van den Hurk Bedrijfswagens","twitter_card":"summary_large_image","twitter_misc":{"Szacowany czas czytania":"5 minut"},"schema":{"@context":"https:\/\/schema.org","@graph":[{"@type":"WebPage","@id":"https:\/\/www.vdhurk.nl\/opel-bedrijfswagens\/combo\/","url":"https:\/\/www.vdhurk.nl\/opel-bedrijfswagens\/combo\/","name":"Szukasz u\u017cywanego samochodu Opel Combo? Sprawd\u017a nasz\u0105 ofert\u0119!","isPartOf":{"@id":"https:\/\/www.vdhurk.nl\/#website"},"datePublished":"2024-10-16T13:51:18+00:00","description":"Kupujesz Opla Combo przy okazji? Zapoznaj si\u0119 z r\u00f3\u017cnymi specyfikacjami i wersjami i znajd\u017a idealne dopasowanie do swoich potrzeb biznesowych.","breadcrumb":{"@id":"https:\/\/www.vdhurk.nl\/opel-bedrijfswagens\/combo\/#breadcrumb"},"inLanguage":"pl-PL","potentialAction":[{"@type":"ReadAction","target":["https:\/\/www.vdhurk.nl\/opel-bedrijfswagens\/combo\/"]}]},{"@type":"BreadcrumbList","@id":"https:\/\/www.vdhurk.nl\/opel-bedrijfswagens\/combo\/#breadcrumb","itemListElement":[{"@type":"ListItem","position":1,"name":"Home","item":"https:\/\/www.vdhurk.nl\/home\/"},{"@type":"ListItem","position":2,"name":"Opel Bedrijfswagens","item":"https:\/\/www.vdhurk.nl\/opel-bedrijfswagens\/"},{"@type":"ListItem","position":3,"name":"Opel Combo"}]},{"@type":"WebSite","@id":"https:\/\/www.vdhurk.nl\/#website","url":"https:\/\/www.vdhurk.nl\/","name":"Van den Hurk - pojazdy u\u017cytkowe","description":"Van den Hurk pojazdy u\u017cytkowe Helmond","potentialAction":[{"@type":"SearchAction","target":{"@type":"EntryPoint","urlTemplate":"https:\/\/www.vdhurk.nl\/?s={search_term_string}"},"query-input":{"@type":"PropertyValueSpecification","valueRequired":true,"valueName":"search_term_string"}}],"inLanguage":"pl-PL"}]}},"_links":{"self":[{"href":"https:\/\/www.vdhurk.nl\/pl\/wp-json\/wp\/v2\/pages\/409581","targetHints":{"allow":["GET"]}}],"collection":[{"href":"https:\/\/www.vdhurk.nl\/pl\/wp-json\/wp\/v2\/pages"}],"about":[{"href":"https:\/\/www.vdhurk.nl\/pl\/wp-json\/wp\/v2\/types\/page"}],"author":[{"embeddable":true,"href":"https:\/\/www.vdhurk.nl\/pl\/wp-json\/wp\/v2\/users\/3"}],"replies":[{"embeddable":true,"href":"https:\/\/www.vdhurk.nl\/pl\/wp-json\/wp\/v2\/comments?post=409581"}],"version-history":[{"count":1,"href":"https:\/\/www.vdhurk.nl\/pl\/wp-json\/wp\/v2\/pages\/409581\/revisions"}],"predecessor-version":[{"id":409582,"href":"https:\/\/www.vdhurk.nl\/pl\/wp-json\/wp\/v2\/pages\/409581\/revisions\/409582"}],"up":[{"embeddable":true,"href":"https:\/\/www.vdhurk.nl\/pl\/wp-json\/wp\/v2\/pages\/372050"}],"wp:attachment":[{"href":"https:\/\/www.vdhurk.nl\/pl\/wp-json\/wp\/v2\/media?parent=409581"}],"curies":[{"name":"wp","href":"https:\/\/api.w.org\/{rel}","templated":true}]}}