{"id":409581,"date":"2024-10-16T15:51:18","date_gmt":"2024-10-16T13:51:18","guid":{"rendered":"https:\/\/www.vdhurk.nl\/?page_id=409581"},"modified":"2024-10-16T15:51:18","modified_gmt":"2024-10-16T13:51:18","slug":"mercedes-12","status":"publish","type":"page","link":"https:\/\/www.vdhurk.nl\/it\/opel-bedrijfswagens\/combo\/","title":{"rendered":"Opel Combo"},"content":{"rendered":"<section  class='av_textblock_section av-lu8gnh7d-4ac895489941e586c1d7c8cb72318135'  itemscope=\"itemscope\" itemtype=\"https:\/\/schema.org\/CreativeWork\" ><div class='avia_textblock'  itemprop=\"text\" ><h1>Trova la tua occasione perfetta Vauxhall Combo<\/h1>\n<p>Vi presentiamo l'occasione Opel Combo: il versatile veicolo commerciale amato da molte aziende per la sua flessibilit\u00e0 e affidabilit\u00e0. L'Opel Combo offre diverse opzioni per soddisfare le vostre esigenze aziendali. Scoprite di pi\u00f9 sulle sue specifiche e versioni e provate voi stessi perch\u00e9 questo veicolo commerciale \u00e8 cos\u00ec popolare tra le aziende.<\/p>\n<\/div><\/section>\n\n<style type=\"text\/css\" data-created_by=\"avia_inline_auto\" id=\"style-css-av-lujjddpd-afa3d7a9eabd61123e643ed1228e781e\">\n#top .hr.hr-invisible.av-lujjddpd-afa3d7a9eabd61123e643ed1228e781e{\nheight:50px;\n}\n<\/style>\n<div  class='hr av-lujjddpd-afa3d7a9eabd61123e643ed1228e781e hr-invisible  avia-builder-el-1  el_after_av_textblock  el_before_av_codeblock'><span class='hr-inner'><span class=\"hr-inner-style\"><\/span><\/span><\/div>\n\n\n<style type=\"text\/css\" data-created_by=\"avia_inline_auto\" id=\"style-css-av-ah0xd-63338d9dc6b40410e22a712829c369d6\">\n#top .hr.hr-invisible.av-ah0xd-63338d9dc6b40410e22a712829c369d6{\nheight:50px;\n}\n<\/style>\n<div  class='hr av-ah0xd-63338d9dc6b40410e22a712829c369d6 hr-invisible  avia-builder-el-3  el_after_av_codeblock  el_before_av_textblock'><span class='hr-inner'><span class=\"hr-inner-style\"><\/span><\/span><\/div>\n<section  class='av_textblock_section av-lu8gow1e-300853e458ed741bd87d6cb78e55cc7a'  itemscope=\"itemscope\" itemtype=\"https:\/\/schema.org\/CreativeWork\" ><div class='avia_textblock'  itemprop=\"text\" ><h2>Quali sono le caratteristiche di Opel Combo?<\/h2>\n<p>Il Vauxhall Combo \u00e8 il perfetto connubio tra compattezza e spaziosit\u00e0, con soluzioni intelligenti e innovative che rendono la vostra giornata lavorativa un po' pi\u00f9 semplice. Grazie al suo design ergonomico, non solo sarete comodi ma lavorerete anche in modo pi\u00f9 efficiente. Gli interni sono funzionali ed eleganti, con spazio sufficiente sia per i passeggeri che per il carico. A seconda della versione, l'Opel Combo offre un volume di carico fino a 4,4 m\u00b3 e un carico utile fino a 1.000 kg. La sicurezza \u00e8 al primo posto, con sistemi come l'assistenza alla frenata d'emergenza automatica e il sistema di mantenimento della corsia, in modo da poter essere sempre sicuri e rilassati sulla strada. In breve, il Vauxhall Combo \u00e8 un vero e proprio tuttofare che si adatta senza problemi alle vostre esigenze aziendali.<\/p>\n<\/div><\/section>\n<div class='flex_column av-f64w1-da126f42b61613402309283c14245a25 av_one_half  avia-builder-el-5  el_after_av_textblock  el_before_av_one_third  first flex_column_div column-top-margin'   ><section  class='av_textblock_section av-lu8gpqre-73cc2c17e6a6497ba6e1b58af22bd9e8'  itemscope=\"itemscope\" itemtype=\"https:\/\/schema.org\/CreativeWork\" ><div class='avia_textblock'  itemprop=\"text\" ><h2>Diverse versioni<\/h2>\n<p>Il Vauxhall Combo \u00e8 disponibile in diverse versioni, quindi c'\u00e8 sempre un modello adatto alla vostra attivit\u00e0. Scegliete una versione manuale per avere il massimo controllo o optate per la comodit\u00e0 dell'automatico, particolarmente utile nel traffico cittadino? \u00c8 inoltre possibile scegliere tra diversi anni di modello, chilometraggi e opzioni di motore, dai motori diesel economici alle varianti pi\u00f9 potenti adatte ai lavori pi\u00f9 pesanti. Inoltre, le versioni si differenziano per la capacit\u00e0 di carico, con modelli che possono gestire fino a 1.000 kg. In questo modo troverete sempre un Combo che si adatta esattamente alle vostre esigenze aziendali.<\/p>\n<\/div><\/section><\/div><div class='flex_column av-aldk9-ee694297f5c4032981677a02caab84d6 av_one_third  avia-builder-el-7  el_after_av_one_half  el_before_av_hr  flex_column_div column-top-margin'   ><style type=\"text\/css\" data-created_by=\"avia_inline_auto\" id=\"style-css-av-l1w9kpsf-4ec3fab772ec7a9adaa33cfc64ff0475\">\n.avia-image-container.av-l1w9kpsf-4ec3fab772ec7a9adaa33cfc64ff0475 .av-image-caption-overlay-center{\ncolor:#ffffff;\n}\n<\/style>\n<div  class='avia-image-container av-l1w9kpsf-4ec3fab772ec7a9adaa33cfc64ff0475 av-styling- avia-align-center  avia-builder-el-8  avia-builder-el-no-sibling'  itemprop=\"image\" itemscope=\"itemscope\" itemtype=\"https:\/\/schema.org\/ImageObject\" ><div class=\"avia-image-container-inner\"><div class=\"avia-image-overlay-wrap\"><img decoding=\"async\" class='wp-image-187 avia-img-lazy-loading-not-187 avia_image' src=\"https:\/\/www.vdhurk.nl\/wp-content\/uploads\/2022\/03\/Voorrad.png\" alt='' title='Stock'  height=\"758\" width=\"1135\"  itemprop=\"thumbnailUrl\" srcset=\"https:\/\/www.vdhurk.nl\/wp-content\/uploads\/2022\/03\/Voorrad.png 1135w, https:\/\/www.vdhurk.nl\/wp-content\/uploads\/2022\/03\/Voorrad-300x200.png 300w, https:\/\/www.vdhurk.nl\/wp-content\/uploads\/2022\/03\/Voorrad-1030x688.png 1030w, https:\/\/www.vdhurk.nl\/wp-content\/uploads\/2022\/03\/Voorrad-768x513.png 768w, https:\/\/www.vdhurk.nl\/wp-content\/uploads\/2022\/03\/Voorrad-18x12.png 18w, https:\/\/www.vdhurk.nl\/wp-content\/uploads\/2022\/03\/Voorrad-705x471.png 705w\" sizes=\"(max-width: 1135px) 100vw, 1135px\" \/><\/div><\/div><\/div><\/div><\/p>\n\n<style type=\"text\/css\" data-created_by=\"avia_inline_auto\" id=\"style-css-av-luqrjpjc-5a23a1fb5f94718ca85316a9df963e2f\">\n#top .hr.hr-invisible.av-luqrjpjc-5a23a1fb5f94718ca85316a9df963e2f{\nheight:50px;\n}\n<\/style>\n<div  class='hr av-luqrjpjc-5a23a1fb5f94718ca85316a9df963e2f hr-invisible  avia-builder-el-9  el_after_av_one_third  el_before_av_textblock'><span class='hr-inner'><span class=\"hr-inner-style\"><\/span><\/span><\/div>\n<section  class='av_textblock_section av-lu8gtjw7-4f3cee9304909518d86d2860d9d582dd'  itemscope=\"itemscope\" itemtype=\"https:\/\/schema.org\/CreativeWork\" ><div class='avia_textblock'  itemprop=\"text\" ><h2>A quali prezzi bisogna pensare?<\/h2>\n<p>State acquistando una Opel Combo? Naturalmente volete sapere cosa aspettarvi in termini di prezzo. Il costo dipende dalla versione che scegliete: optate per una variante base o preferite un modello con tutti gli extra? Che si tratti di un anno pi\u00f9 recente, di un chilometraggio inferiore o di un modello pi\u00f9 lussuoso, abbiamo diverse versioni che si adattano al vostro budget. Volete un'indicazione di prezzo specifica per la vostra auto aziendale ideale? Non esitate a contattarci, saremo lieti di trovare insieme a voi il giusto compromesso.<\/p>\n<h2>Avete mai sentito parlare di leasing finanziario<\/h2>\n<p>Naturalmente potete pagare il vostro Vauxhall Combo tutto in una volta, ma c'\u00e8 anche un'altra opzione intelligente: <a href=\"https:\/\/www.vdhurk.nl\/it\/locazione-finanziaria\/\">locazione finanziaria<\/a>. Il leasing di una Opel Combo comporta il pagamento di un importo fisso al mese. Durante la durata del contratto di leasing, diventate gradualmente proprietari dell'auto. Il grande vantaggio? Potete conservare il capitale circolante per altri importanti investimenti all'interno della vostra azienda, pur beneficiando di un'auto aziendale affidabile. Volete saperne di pi\u00f9? Saremo lieti di aiutarvi!<\/p>\n<h2>Incontrare l'allarme azionario<\/h2>\n<p>La nostra offerta cambia regolarmente. La vostra auto aziendale perfetta non \u00e8 presente nell'elenco oggi? Non preoccupatevi, domani potrebbe essere diverso! Non volete perdervi nulla ed essere immediatamente informati sui nuovi arrivi? Allora iscrivetevi al nostro <a href=\"https:\/\/www.vdhurk.nl\/it\/allarme-azionario\/\">allarme azionario<\/a>. In questo modo, sarete i primi a sapere quando sar\u00e0 disponibile un Opel Combo di seconda mano che si adatta esattamente alle vostre esigenze. E non dimenticate di tenere d'occhio le nostre offerte attuali. Chiss\u00e0, forse il vostro Vauxhall Combo usato ideale sar\u00e0 presto tra queste!<\/p>\n<\/div><\/section>","protected":false},"excerpt":{"rendered":"","protected":false},"author":3,"featured_media":0,"parent":372050,"menu_order":0,"comment_status":"closed","ping_status":"closed","template":"","meta":{"_acf_changed":false,"_improvement_type_select":"improve_an_existing","_thumb_yes_seoaic":false,"_frame_yes_seoaic":false,"seoaic_generate_description":"","seoaic_improve_instructions_prompt":"","seoaic_rollback_content_improvement":"","seoaic_idea_thumbnail_generator":"","thumbnail_generated":false,"thumbnail_generate_prompt":"","seoaic_article_description":"","footnotes":""},"class_list":["post-409581","page","type-page","status-publish","hentry"],"acf":[],"yoast_head":"<!-- This site is optimized with the Yoast SEO plugin v27.5 - https:\/\/yoast.com\/product\/yoast-seo-wordpress\/ -->\n<title>Op zoek naar een Opel Combo occasion? Bekijk ons aanbod!<\/title>\n<meta name=\"description\" content=\"Een Opel Combo occasion kopen? Ontdek de diverse specificaties en uitvoeringen en vind de ideale match voor jouw zakelijke behoeften.\" \/>\n<meta name=\"robots\" content=\"index, follow, max-snippet:-1, max-image-preview:large, max-video-preview:-1\" \/>\n<link rel=\"canonical\" href=\"https:\/\/www.vdhurk.nl\/it\/veicoli-commerciali-vauxhall\/mercedes-12\/\" \/>\n<meta property=\"og:locale\" content=\"it_IT\" \/>\n<meta property=\"og:type\" content=\"article\" \/>\n<meta property=\"og:title\" content=\"Op zoek naar een Opel Combo occasion? Bekijk ons aanbod!\" \/>\n<meta property=\"og:description\" content=\"Een Opel Combo occasion kopen? Ontdek de diverse specificaties en uitvoeringen en vind de ideale match voor jouw zakelijke behoeften.\" \/>\n<meta property=\"og:url\" content=\"https:\/\/www.vdhurk.nl\/it\/veicoli-commerciali-vauxhall\/mercedes-12\/\" \/>\n<meta property=\"og:site_name\" content=\"Van den Hurk Bedrijfswagens\" \/>\n<meta name=\"twitter:card\" content=\"summary_large_image\" \/>\n<meta name=\"twitter:label1\" content=\"Tempo di lettura stimato\" \/>\n\t<meta name=\"twitter:data1\" content=\"5 minuti\" \/>\n<script type=\"application\/ld+json\" class=\"yoast-schema-graph\">{\"@context\":\"https:\\\/\\\/schema.org\",\"@graph\":[{\"@type\":\"WebPage\",\"@id\":\"https:\\\/\\\/www.vdhurk.nl\\\/opel-bedrijfswagens\\\/combo\\\/\",\"url\":\"https:\\\/\\\/www.vdhurk.nl\\\/opel-bedrijfswagens\\\/combo\\\/\",\"name\":\"Op zoek naar een Opel Combo occasion? Bekijk ons aanbod!\",\"isPartOf\":{\"@id\":\"https:\\\/\\\/www.vdhurk.nl\\\/#website\"},\"datePublished\":\"2024-10-16T13:51:18+00:00\",\"description\":\"Een Opel Combo occasion kopen? Ontdek de diverse specificaties en uitvoeringen en vind de ideale match voor jouw zakelijke behoeften.\",\"breadcrumb\":{\"@id\":\"https:\\\/\\\/www.vdhurk.nl\\\/opel-bedrijfswagens\\\/combo\\\/#breadcrumb\"},\"inLanguage\":\"it-IT\",\"potentialAction\":[{\"@type\":\"ReadAction\",\"target\":[\"https:\\\/\\\/www.vdhurk.nl\\\/opel-bedrijfswagens\\\/combo\\\/\"]}]},{\"@type\":\"BreadcrumbList\",\"@id\":\"https:\\\/\\\/www.vdhurk.nl\\\/opel-bedrijfswagens\\\/combo\\\/#breadcrumb\",\"itemListElement\":[{\"@type\":\"ListItem\",\"position\":1,\"name\":\"Home\",\"item\":\"https:\\\/\\\/www.vdhurk.nl\\\/home\\\/\"},{\"@type\":\"ListItem\",\"position\":2,\"name\":\"Opel Bedrijfswagens\",\"item\":\"https:\\\/\\\/www.vdhurk.nl\\\/opel-bedrijfswagens\\\/\"},{\"@type\":\"ListItem\",\"position\":3,\"name\":\"Opel Combo\"}]},{\"@type\":\"WebSite\",\"@id\":\"https:\\\/\\\/www.vdhurk.nl\\\/#website\",\"url\":\"https:\\\/\\\/www.vdhurk.nl\\\/\",\"name\":\"Van den Hurk Bedrijfswagens\",\"description\":\"Van den Hurk bedrijfswagens Helmond\",\"potentialAction\":[{\"@type\":\"SearchAction\",\"target\":{\"@type\":\"EntryPoint\",\"urlTemplate\":\"https:\\\/\\\/www.vdhurk.nl\\\/?s={search_term_string}\"},\"query-input\":{\"@type\":\"PropertyValueSpecification\",\"valueRequired\":true,\"valueName\":\"search_term_string\"}}],\"inLanguage\":\"it-IT\"}]}<\/script>\n<!-- \/ Yoast SEO plugin. -->","yoast_head_json":{"title":"Cerchi un'auto usata Opel Combo? Dai un'occhiata alla nostra offerta!","description":"State acquistando un'occasione Opel Combo? Esplorate le varie specifiche e versioni e trovate l'abbinamento ideale per le vostre esigenze aziendali.","robots":{"index":"index","follow":"follow","max-snippet":"max-snippet:-1","max-image-preview":"max-image-preview:large","max-video-preview":"max-video-preview:-1"},"canonical":"https:\/\/www.vdhurk.nl\/it\/veicoli-commerciali-vauxhall\/mercedes-12\/","og_locale":"it_IT","og_type":"article","og_title":"Op zoek naar een Opel Combo occasion? Bekijk ons aanbod!","og_description":"Een Opel Combo occasion kopen? Ontdek de diverse specificaties en uitvoeringen en vind de ideale match voor jouw zakelijke behoeften.","og_url":"https:\/\/www.vdhurk.nl\/it\/veicoli-commerciali-vauxhall\/mercedes-12\/","og_site_name":"Van den Hurk Bedrijfswagens","twitter_card":"summary_large_image","twitter_misc":{"Tempo di lettura stimato":"5 minuti"},"schema":{"@context":"https:\/\/schema.org","@graph":[{"@type":"WebPage","@id":"https:\/\/www.vdhurk.nl\/opel-bedrijfswagens\/combo\/","url":"https:\/\/www.vdhurk.nl\/opel-bedrijfswagens\/combo\/","name":"Cerchi un'auto usata Opel Combo? Dai un'occhiata alla nostra offerta!","isPartOf":{"@id":"https:\/\/www.vdhurk.nl\/#website"},"datePublished":"2024-10-16T13:51:18+00:00","description":"State acquistando un'occasione Opel Combo? Esplorate le varie specifiche e versioni e trovate l'abbinamento ideale per le vostre esigenze aziendali.","breadcrumb":{"@id":"https:\/\/www.vdhurk.nl\/opel-bedrijfswagens\/combo\/#breadcrumb"},"inLanguage":"it-IT","potentialAction":[{"@type":"ReadAction","target":["https:\/\/www.vdhurk.nl\/opel-bedrijfswagens\/combo\/"]}]},{"@type":"BreadcrumbList","@id":"https:\/\/www.vdhurk.nl\/opel-bedrijfswagens\/combo\/#breadcrumb","itemListElement":[{"@type":"ListItem","position":1,"name":"Home","item":"https:\/\/www.vdhurk.nl\/home\/"},{"@type":"ListItem","position":2,"name":"Opel Bedrijfswagens","item":"https:\/\/www.vdhurk.nl\/opel-bedrijfswagens\/"},{"@type":"ListItem","position":3,"name":"Opel Combo"}]},{"@type":"WebSite","@id":"https:\/\/www.vdhurk.nl\/#website","url":"https:\/\/www.vdhurk.nl\/","name":"Veicoli commerciali Van den Hurk","description":"Van den Hurk veicoli commerciali Helmond","potentialAction":[{"@type":"SearchAction","target":{"@type":"EntryPoint","urlTemplate":"https:\/\/www.vdhurk.nl\/?s={search_term_string}"},"query-input":{"@type":"PropertyValueSpecification","valueRequired":true,"valueName":"search_term_string"}}],"inLanguage":"it-IT"}]}},"_links":{"self":[{"href":"https:\/\/www.vdhurk.nl\/it\/wp-json\/wp\/v2\/pages\/409581","targetHints":{"allow":["GET"]}}],"collection":[{"href":"https:\/\/www.vdhurk.nl\/it\/wp-json\/wp\/v2\/pages"}],"about":[{"href":"https:\/\/www.vdhurk.nl\/it\/wp-json\/wp\/v2\/types\/page"}],"author":[{"embeddable":true,"href":"https:\/\/www.vdhurk.nl\/it\/wp-json\/wp\/v2\/users\/3"}],"replies":[{"embeddable":true,"href":"https:\/\/www.vdhurk.nl\/it\/wp-json\/wp\/v2\/comments?post=409581"}],"version-history":[{"count":1,"href":"https:\/\/www.vdhurk.nl\/it\/wp-json\/wp\/v2\/pages\/409581\/revisions"}],"predecessor-version":[{"id":409582,"href":"https:\/\/www.vdhurk.nl\/it\/wp-json\/wp\/v2\/pages\/409581\/revisions\/409582"}],"up":[{"embeddable":true,"href":"https:\/\/www.vdhurk.nl\/it\/wp-json\/wp\/v2\/pages\/372050"}],"wp:attachment":[{"href":"https:\/\/www.vdhurk.nl\/it\/wp-json\/wp\/v2\/media?parent=409581"}],"curies":[{"name":"wp","href":"https:\/\/api.w.org\/{rel}","templated":true}]}}