{"id":50804,"date":"2022-08-16T10:34:47","date_gmt":"2022-08-16T10:34:47","guid":{"rendered":"https:\/\/vdhurk.bonsaidev.nl\/?page_id=50804"},"modified":"2023-04-25T08:09:12","modified_gmt":"2023-04-25T08:09:12","slug":"vehiculos-frigorificos","status":"publish","type":"page","link":"https:\/\/www.vdhurk.nl\/es\/koelwagens\/","title":{"rendered":"Veh\u00edculos frigor\u00edficos"},"content":{"rendered":"<style type=\"text\/css\" data-created_by=\"avia_inline_auto\" id=\"style-css-av-4nbej-61809ecf5e9bb21cc33f7ee31dcc49b2\">\n.avia-section.av-4nbej-61809ecf5e9bb21cc33f7ee31dcc49b2{\nbackground-repeat:no-repeat;\nbackground-image:url(https:\/\/www.vdhurk.nl\/wp-content\/uploads\/2022\/03\/Financial-lease.png);\nbackground-position:50% 50%;\nbackground-attachment:scroll;\n}\n<\/style>\n<div id='av_section_1'  class='avia-section av-4nbej-61809ecf5e9bb21cc33f7ee31dcc49b2 main_color avia-section-no-padding avia-no-border-styling  avia-builder-el-0  el_before_av_section  avia-builder-el-first  head-container av-small-hide av-mini-hide avia-full-stretch avia-bg-style-scroll av-minimum-height av-minimum-height-custom  container_wrap fullsize'  data-section-bg-repeat='stretch'><div class='container av-section-cont-open' style='height:380px'><main  role=\"main\" itemprop=\"mainContentOfPage\"  class='template-page content  av-content-full alpha units'><div class='post-entry post-entry-type-page post-entry-50804'><div class='entry-content-wrapper clearfix'>\n<div class='flex_column_table av-3w867-b337048c8ba0d44fb6c33f690166ec96 sc-av_two_fifth av-equal-height-column-flextable'>\n<style type=\"text\/css\" data-created_by=\"avia_inline_auto\" id=\"style-css-av-3w867-b337048c8ba0d44fb6c33f690166ec96\">\n.flex_column.av-3w867-b337048c8ba0d44fb6c33f690166ec96{\npadding:90px 90px 90px 90px;\nheight:380px;\nbackground-color:#e41c1c;\n}\n<\/style>\n<div class='flex_column av-3w867-b337048c8ba0d44fb6c33f690166ec96 av_two_fifth  avia-builder-el-1  el_before_av_three_fifth  avia-builder-el-first  banner-left first no_margin flex_column_table_cell av-equal-height-column av-align-top'   ><p><section  class='av_textblock_section av-34x5b-9dd3591d61f944ec73c7b1c571ae10ec'  itemscope=\"itemscope\" itemtype=\"https:\/\/schema.org\/CreativeWork\" ><div class='avia_textblock freestyle'  itemprop=\"text\" ><p>Mant\u00e9n la calma,<\/p>\n<\/div><\/section><br \/>\n\n<style type=\"text\/css\" data-created_by=\"avia_inline_auto\" id=\"style-css-av-2n713-c05679f3a08ebdf9db45d2a4071db28b\">\n#top .av_textblock_section.av-2n713-c05679f3a08ebdf9db45d2a4071db28b .avia_textblock{\ncolor:#ffffff;\n}\n<\/style>\n<section  class='av_textblock_section av-2n713-c05679f3a08ebdf9db45d2a4071db28b'  itemscope=\"itemscope\" itemtype=\"https:\/\/schema.org\/CreativeWork\" ><div class='avia_textblock av_inherit_color'  itemprop=\"text\" ><h1>\u00a1Tenemos las furgonetas!<\/h1>\n<\/div><\/section><br \/>\n\n<style type=\"text\/css\" data-created_by=\"avia_inline_auto\" id=\"style-css-av-28dp3-7fa4a9571da3bd8023e9d812fede9695\">\n#top .hr.hr-invisible.av-28dp3-7fa4a9571da3bd8023e9d812fede9695{\nheight:15px;\n}\n<\/style>\n<div  class='hr av-28dp3-7fa4a9571da3bd8023e9d812fede9695 hr-invisible  avia-builder-el-4  el_after_av_textblock  avia-builder-el-last'><span class='hr-inner'><span class=\"hr-inner-style\"><\/span><\/span><\/div><\/p><\/div><div class='flex_column av-sg6b-83d21c1385e2c3b6903c57e20ad0efc8 av_three_fifth  avia-builder-el-5  el_after_av_two_fifth  avia-builder-el-last  no_margin flex_column_table_cell av-equal-height-column av-align-top avia-full-stretch'   ><\/div><\/div><!--close column table wrapper. Autoclose: 1 -->\n\n<\/div><\/div><\/main><!-- close content main element --><\/div><\/div><div id='av_section_2'  class='avia-section av-z1tv-15a49add3a03a429b52faa6d3e2fd192 main_color avia-section-default avia-no-border-styling  avia-builder-el-6  el_after_av_section  el_before_av_section  avia-bg-style-scroll container_wrap fullsize'  ><div class='container av-section-cont-open' ><div class='template-page content  av-content-full alpha units'><div class='post-entry post-entry-type-page post-entry-50804'><div class='entry-content-wrapper clearfix'>\n\n<style type=\"text\/css\" data-created_by=\"avia_inline_auto\" id=\"style-css-av-2uyff-b01744ffb057e061762ec1fdba801f2d\">\n.flex_column.av-2uyff-b01744ffb057e061762ec1fdba801f2d{\nwidth:18%;\n}\n<\/style>\n<div class='flex_column av-2uyff-b01744ffb057e061762ec1fdba801f2d av_one_fifth  avia-builder-el-7  el_before_av_three_fifth  avia-builder-el-first  first flex_column_div'   ><\/div>\n<style type=\"text\/css\" data-created_by=\"avia_inline_auto\" id=\"style-css-av-1k9pv-f3e3e414c35098dfde028093b7f7ba7f\">\n.flex_column.av-1k9pv-f3e3e414c35098dfde028093b7f7ba7f{\nwidth:59%;\nmargin-left:2.5%;\n}\n<\/style>\n<div class='flex_column av-1k9pv-f3e3e414c35098dfde028093b7f7ba7f av_three_fifth  avia-builder-el-8  el_after_av_one_fifth  el_before_av_one_fifth  flex_column_div'   ><section  class='av_textblock_section av-26m47-9d19b798129827a0db0b4043ef4dc469'  itemscope=\"itemscope\" itemtype=\"https:\/\/schema.org\/CreativeWork\" ><div class='avia_textblock'  itemprop=\"text\" ><h2>Veh\u00edculos frigor\u00edficos<\/h2>\n<p>En veh\u00edculos comerciales van de Hurk tenemos una furgoneta para cada trabajo, incluido el transporte refrigerado\/congelado de sus mercanc\u00edas. Pero, \u00bfa qu\u00e9 debe prestar atenci\u00f3n cuando quiera comprar una furgoneta frigor\u00edfica? Compartimos nuestros conocimientos y se lo explicamos.<\/p>\n<p>Empieza por lo que quieres transportar. \u00bfCu\u00e1nto fr\u00edo necesita? Si quiere transportar comestibles o una cerveza bien fr\u00eda, basta con un cami\u00f3n frigor\u00edfico. Pero para transportar productos congelados, la autoridad de alimentos y mercanc\u00edas exige que se transporten con un cami\u00f3n congelador.  Para ello existen determinados certificados y grados.<\/p>\n<\/div><\/section><br \/>\n\n<style type=\"text\/css\" data-created_by=\"avia_inline_auto\" id=\"style-css-av-lgvz0sqs-2f9f592230ad0a79c467b28526a42bfe\">\n#top .av_textblock_section.av-lgvz0sqs-2f9f592230ad0a79c467b28526a42bfe .avia_textblock{\ncolor:#000000;\n}\n<\/style>\n<section  class='av_textblock_section av-lgvz0sqs-2f9f592230ad0a79c467b28526a42bfe'  itemscope=\"itemscope\" itemtype=\"https:\/\/schema.org\/CreativeWork\" ><div class='avia_textblock av_inherit_color'  itemprop=\"text\" ><h3>LAS DISTINTAS NORMAS<\/h3>\n<p>Muchas veces, las furgonetas frigor\u00edficas pueden estar certificadas, por lo que puede estar seguro de que har\u00e1n su trabajo. Un certificado ATP es una garant\u00eda de que la furgoneta frigor\u00edfica conserva realmente sus productos a una temperatura correcta. Hay tres categor\u00edas:<\/p>\n<ul>\n<li>FRA: Puede elegir entre +12 y 0 grados cent\u00edgrados con una temperatura exterior media de 30 grados cent\u00edgrados.<\/li>\n<li>FRB: puedes elegir entre +12 y -10 grados cent\u00edgrados a una temperatura exterior media de 30 grados cent\u00edgrados.<\/li>\n<li>FRC: puedes elegir entre +12 y -20 grados cent\u00edgrados a una temperatura exterior media de 30 grados cent\u00edgrados.<\/li>\n<\/ul>\n<h3>MODO D\u00cdA Y NOCHE<\/h3>\n<p>Hay furgonetas frigor\u00edficas que incorporan un modo nocturno. Esto significa que puedes utilizar un enchufe para que la furgoneta refrigerada enfr\u00ede\/congele incluso cuando no est\u00e1s conduciendo. Esto puede ser \u00fatil cuando, por ejemplo, quieres cargar tu coche por la noche y salir temprano a la ma\u00f1ana siguiente. De este modo, saldr\u00e1s bien refrigerado.<\/p>\n<p>\u00bfVer inmediatamente lo que le ofrecemos?<\/p>\n<\/div><\/section><br \/>\n\n<style type=\"text\/css\" data-created_by=\"avia_inline_auto\" id=\"style-css-av-4skib8-42a74cee4abddfab35412a2672f0e1db\">\n#top .hr.hr-invisible.av-4skib8-42a74cee4abddfab35412a2672f0e1db{\nheight:20px;\n}\n<\/style>\n<div  class='hr av-4skib8-42a74cee4abddfab35412a2672f0e1db hr-invisible  avia-builder-el-11  el_after_av_textblock  el_before_av_button'><span class='hr-inner'><span class=\"hr-inner-style\"><\/span><\/span><\/div><br \/>\n<div  class='avia-button-wrap avia-button-left  avia-builder-el-12  el_after_av_hr  el_before_av_hr' ><a href='https:\/\/www.vdhurk.nl\/es\/vehiculos-comerciales\/vehiculos-frigorificos\/'  class='avia-button av-lgvz8836-9ee6d68be6ccaf9fdec5284ced04615a avia-icon_select-no avia-size-medium avia-position-left avia-color-theme-color-highlight' ><span class='avia_iconbox_title' >Ver nuestro stock<\/span><\/a><\/div><br \/>\n\n<style type=\"text\/css\" data-created_by=\"avia_inline_auto\" id=\"style-css-av-l0nxfvtp-fcb603ff77a7f9ed87ce2dc5b0792678\">\n#top .hr.hr-invisible.av-l0nxfvtp-fcb603ff77a7f9ed87ce2dc5b0792678{\nheight:20px;\n}\n<\/style>\n<div  class='hr av-l0nxfvtp-fcb603ff77a7f9ed87ce2dc5b0792678 hr-invisible  avia-builder-el-13  el_after_av_button  el_before_av_image'><span class='hr-inner'><span class=\"hr-inner-style\"><\/span><\/span><\/div><br \/>\n\n<style type=\"text\/css\" data-created_by=\"avia_inline_auto\" id=\"style-css-av-rtzh5g-febb9d1feb70b83e37aeff0c3154c3b0\">\n.avia-image-container.av-rtzh5g-febb9d1feb70b83e37aeff0c3154c3b0 .av-image-caption-overlay-center{\ncolor:#ffffff;\n}\n<\/style>\n<div  class='avia-image-container av-rtzh5g-febb9d1feb70b83e37aeff0c3154c3b0 av-styling- avia-align-center  avia-builder-el-14  el_after_av_hr  avia-builder-el-last'  itemprop=\"image\" itemscope=\"itemscope\" itemtype=\"https:\/\/schema.org\/ImageObject\" ><div class=\"avia-image-container-inner\"><div class=\"avia-image-overlay-wrap\"><img decoding=\"async\" class='wp-image- avia-img-lazy-loading-not- avia_image' src=\"https:\/\/www.vdhurk.nl\/wp-content\/uploads\/autobedrijfvoertuigen\/voertuig\/33.233.524\/11844389124-33233524-6-300x225.jpg\" alt='' title=''   itemprop=\"thumbnailUrl\"  \/><\/div><\/div><\/div><\/p><\/div>\n<style type=\"text\/css\" data-created_by=\"avia_inline_auto\" id=\"style-css-av-2p6ej-e94b733c409971fa925d238fc086fe15\">\n.flex_column.av-2p6ej-e94b733c409971fa925d238fc086fe15{\nwidth:18%;\nmargin-left:2.5%;\n}\n<\/style>\n<div class='flex_column av-2p6ej-e94b733c409971fa925d238fc086fe15 av_one_fifth  avia-builder-el-15  el_after_av_three_fifth  avia-builder-el-last  flex_column_div'   ><\/div><\/div><\/div><\/div><!-- close content main div --><\/div><\/div>\n<style type=\"text\/css\" data-created_by=\"avia_inline_auto\" id=\"style-css-av-l0nx5vch-61a276b5a8af02c9d25c6ca672a66eca\">\n.avia-section.av-l0nx5vch-61a276b5a8af02c9d25c6ca672a66eca{\nbackground-repeat:no-repeat;\nbackground-image:url(https:\/\/www.vdhurk.nl\/wp-content\/uploads\/2022\/03\/lease-calculator.png);\nbackground-position:50% 50%;\nbackground-attachment:scroll;\n}\n<\/style>\n<div id='lease-calculator'  class='avia-section av-l0nx5vch-61a276b5a8af02c9d25c6ca672a66eca main_color avia-section-large avia-no-border-styling  avia-builder-el-16  el_after_av_section  avia-builder-el-last  avia-full-stretch avia-bg-style-scroll container_wrap fullsize'  data-section-bg-repeat='stretch'><div class='container av-section-cont-open' ><div class='template-page content  av-content-full alpha units'><div class='post-entry post-entry-type-page post-entry-50804'><div class='entry-content-wrapper clearfix'><\/p>","protected":false},"excerpt":{"rendered":"","protected":false},"author":2,"featured_media":0,"parent":0,"menu_order":0,"comment_status":"closed","ping_status":"closed","template":"","meta":{"_acf_changed":false,"_improvement_type_select":"improve_an_existing","_thumb_yes_seoaic":false,"_frame_yes_seoaic":false,"seoaic_generate_description":"","seoaic_improve_instructions_prompt":"","seoaic_rollback_content_improvement":"","seoaic_idea_thumbnail_generator":"","thumbnail_generated":false,"thumbnail_generate_prompt":"","seoaic_article_description":"","footnotes":""},"class_list":["post-50804","page","type-page","status-publish","hentry"],"acf":[],"yoast_head":"<!-- This site is optimized with the Yoast SEO plugin v27.5 - https:\/\/yoast.com\/product\/yoast-seo-wordpress\/ -->\n<title>Koelwagens - Van den Hurk Bedrijfswagens<\/title>\n<meta name=\"robots\" content=\"index, follow, max-snippet:-1, max-image-preview:large, max-video-preview:-1\" \/>\n<link rel=\"canonical\" href=\"https:\/\/www.vdhurk.nl\/es\/vehiculos-frigorificos\/\" \/>\n<meta property=\"og:locale\" content=\"es_ES\" \/>\n<meta property=\"og:type\" content=\"article\" \/>\n<meta property=\"og:title\" content=\"Koelwagens - Van den Hurk Bedrijfswagens\" \/>\n<meta property=\"og:url\" content=\"https:\/\/www.vdhurk.nl\/es\/vehiculos-frigorificos\/\" \/>\n<meta property=\"og:site_name\" content=\"Van den Hurk Bedrijfswagens\" \/>\n<meta property=\"article:modified_time\" content=\"2023-04-25T08:09:12+00:00\" \/>\n<meta name=\"twitter:card\" content=\"summary_large_image\" \/>\n<meta name=\"twitter:label1\" content=\"Tiempo de lectura\" \/>\n\t<meta name=\"twitter:data1\" content=\"5 minutos\" \/>\n<script type=\"application\/ld+json\" class=\"yoast-schema-graph\">{\"@context\":\"https:\\\/\\\/schema.org\",\"@graph\":[{\"@type\":\"WebPage\",\"@id\":\"https:\\\/\\\/www.vdhurk.nl\\\/koelwagens\\\/\",\"url\":\"https:\\\/\\\/www.vdhurk.nl\\\/koelwagens\\\/\",\"name\":\"Koelwagens - Van den Hurk Bedrijfswagens\",\"isPartOf\":{\"@id\":\"https:\\\/\\\/www.vdhurk.nl\\\/#website\"},\"datePublished\":\"2022-08-16T10:34:47+00:00\",\"dateModified\":\"2023-04-25T08:09:12+00:00\",\"breadcrumb\":{\"@id\":\"https:\\\/\\\/www.vdhurk.nl\\\/koelwagens\\\/#breadcrumb\"},\"inLanguage\":\"es\",\"potentialAction\":[{\"@type\":\"ReadAction\",\"target\":[\"https:\\\/\\\/www.vdhurk.nl\\\/koelwagens\\\/\"]}]},{\"@type\":\"BreadcrumbList\",\"@id\":\"https:\\\/\\\/www.vdhurk.nl\\\/koelwagens\\\/#breadcrumb\",\"itemListElement\":[{\"@type\":\"ListItem\",\"position\":1,\"name\":\"Home\",\"item\":\"https:\\\/\\\/www.vdhurk.nl\\\/home\\\/\"},{\"@type\":\"ListItem\",\"position\":2,\"name\":\"Koelwagens\"}]},{\"@type\":\"WebSite\",\"@id\":\"https:\\\/\\\/www.vdhurk.nl\\\/#website\",\"url\":\"https:\\\/\\\/www.vdhurk.nl\\\/\",\"name\":\"Van den Hurk Bedrijfswagens\",\"description\":\"Van den Hurk bedrijfswagens Helmond\",\"potentialAction\":[{\"@type\":\"SearchAction\",\"target\":{\"@type\":\"EntryPoint\",\"urlTemplate\":\"https:\\\/\\\/www.vdhurk.nl\\\/?s={search_term_string}\"},\"query-input\":{\"@type\":\"PropertyValueSpecification\",\"valueRequired\":true,\"valueName\":\"search_term_string\"}}],\"inLanguage\":\"es\"}]}<\/script>\n<!-- \/ Yoast SEO plugin. -->","yoast_head_json":{"title":"Veh\u00edculos frigor\u00edficos - Van den Hurk Bedrijfswagens","robots":{"index":"index","follow":"follow","max-snippet":"max-snippet:-1","max-image-preview":"max-image-preview:large","max-video-preview":"max-video-preview:-1"},"canonical":"https:\/\/www.vdhurk.nl\/es\/vehiculos-frigorificos\/","og_locale":"es_ES","og_type":"article","og_title":"Koelwagens - Van den Hurk Bedrijfswagens","og_url":"https:\/\/www.vdhurk.nl\/es\/vehiculos-frigorificos\/","og_site_name":"Van den Hurk Bedrijfswagens","article_modified_time":"2023-04-25T08:09:12+00:00","twitter_card":"summary_large_image","twitter_misc":{"Tiempo de lectura":"5 minutos"},"schema":{"@context":"https:\/\/schema.org","@graph":[{"@type":"WebPage","@id":"https:\/\/www.vdhurk.nl\/koelwagens\/","url":"https:\/\/www.vdhurk.nl\/koelwagens\/","name":"Veh\u00edculos frigor\u00edficos - Van den Hurk Bedrijfswagens","isPartOf":{"@id":"https:\/\/www.vdhurk.nl\/#website"},"datePublished":"2022-08-16T10:34:47+00:00","dateModified":"2023-04-25T08:09:12+00:00","breadcrumb":{"@id":"https:\/\/www.vdhurk.nl\/koelwagens\/#breadcrumb"},"inLanguage":"es","potentialAction":[{"@type":"ReadAction","target":["https:\/\/www.vdhurk.nl\/koelwagens\/"]}]},{"@type":"BreadcrumbList","@id":"https:\/\/www.vdhurk.nl\/koelwagens\/#breadcrumb","itemListElement":[{"@type":"ListItem","position":1,"name":"Home","item":"https:\/\/www.vdhurk.nl\/home\/"},{"@type":"ListItem","position":2,"name":"Koelwagens"}]},{"@type":"WebSite","@id":"https:\/\/www.vdhurk.nl\/#website","url":"https:\/\/www.vdhurk.nl\/","name":"Veh\u00edculos comerciales Van den Hurk","description":"Van den Hurk veh\u00edculos comerciales Helmond","potentialAction":[{"@type":"SearchAction","target":{"@type":"EntryPoint","urlTemplate":"https:\/\/www.vdhurk.nl\/?s={search_term_string}"},"query-input":{"@type":"PropertyValueSpecification","valueRequired":true,"valueName":"search_term_string"}}],"inLanguage":"es"}]}},"_links":{"self":[{"href":"https:\/\/www.vdhurk.nl\/es\/wp-json\/wp\/v2\/pages\/50804","targetHints":{"allow":["GET"]}}],"collection":[{"href":"https:\/\/www.vdhurk.nl\/es\/wp-json\/wp\/v2\/pages"}],"about":[{"href":"https:\/\/www.vdhurk.nl\/es\/wp-json\/wp\/v2\/types\/page"}],"author":[{"embeddable":true,"href":"https:\/\/www.vdhurk.nl\/es\/wp-json\/wp\/v2\/users\/2"}],"replies":[{"embeddable":true,"href":"https:\/\/www.vdhurk.nl\/es\/wp-json\/wp\/v2\/comments?post=50804"}],"version-history":[{"count":13,"href":"https:\/\/www.vdhurk.nl\/es\/wp-json\/wp\/v2\/pages\/50804\/revisions"}],"predecessor-version":[{"id":162018,"href":"https:\/\/www.vdhurk.nl\/es\/wp-json\/wp\/v2\/pages\/50804\/revisions\/162018"}],"wp:attachment":[{"href":"https:\/\/www.vdhurk.nl\/es\/wp-json\/wp\/v2\/media?parent=50804"}],"curies":[{"name":"wp","href":"https:\/\/api.w.org\/{rel}","templated":true}]}}