{"id":50799,"date":"2022-08-16T09:58:23","date_gmt":"2022-08-16T09:58:23","guid":{"rendered":"https:\/\/vdhurk.bonsaidev.nl\/?page_id=50799"},"modified":"2023-04-26T08:49:28","modified_gmt":"2023-04-26T08:49:28","slug":"autocaravanas","status":"publish","type":"page","link":"https:\/\/www.vdhurk.nl\/es\/camperbussen\/","title":{"rendered":"Furgonetas camperas"},"content":{"rendered":"<style type=\"text\/css\" data-created_by=\"avia_inline_auto\" id=\"style-css-av-4nbej-61809ecf5e9bb21cc33f7ee31dcc49b2\">\n.avia-section.av-4nbej-61809ecf5e9bb21cc33f7ee31dcc49b2{\nbackground-repeat:no-repeat;\nbackground-image:url(https:\/\/www.vdhurk.nl\/wp-content\/uploads\/2022\/03\/Financial-lease.png);\nbackground-position:50% 50%;\nbackground-attachment:scroll;\n}\n<\/style>\n<div id='av_section_1'  class='avia-section av-4nbej-61809ecf5e9bb21cc33f7ee31dcc49b2 main_color avia-section-no-padding avia-no-border-styling  avia-builder-el-0  el_before_av_section  avia-builder-el-first  head-container av-small-hide av-mini-hide avia-full-stretch avia-bg-style-scroll av-minimum-height av-minimum-height-custom  container_wrap fullsize'  data-section-bg-repeat='stretch'><div class='container av-section-cont-open' style='height:380px'><main  role=\"main\" itemprop=\"mainContentOfPage\"  class='template-page content  av-content-full alpha units'><div class='post-entry post-entry-type-page post-entry-50799'><div class='entry-content-wrapper clearfix'>\n<div class='flex_column_table av-3w867-b337048c8ba0d44fb6c33f690166ec96 sc-av_two_fifth av-equal-height-column-flextable'>\n<style type=\"text\/css\" data-created_by=\"avia_inline_auto\" id=\"style-css-av-3w867-b337048c8ba0d44fb6c33f690166ec96\">\n.flex_column.av-3w867-b337048c8ba0d44fb6c33f690166ec96{\npadding:90px 90px 90px 90px;\nheight:380px;\nbackground-color:#e41c1c;\n}\n<\/style>\n<div class='flex_column av-3w867-b337048c8ba0d44fb6c33f690166ec96 av_two_fifth  avia-builder-el-1  el_before_av_three_fifth  avia-builder-el-first  banner-left first no_margin flex_column_table_cell av-equal-height-column av-align-top'   ><p><section  class='av_textblock_section av-34x5b-9dd3591d61f944ec73c7b1c571ae10ec'  itemscope=\"itemscope\" itemtype=\"https:\/\/schema.org\/CreativeWork\" ><div class='avia_textblock freestyle'  itemprop=\"text\" ><p>Del autob\u00fas a la autocaravana<\/p>\n<\/div><\/section><br \/>\n\n<style type=\"text\/css\" data-created_by=\"avia_inline_auto\" id=\"style-css-av-2n713-c05679f3a08ebdf9db45d2a4071db28b\">\n#top .av_textblock_section.av-2n713-c05679f3a08ebdf9db45d2a4071db28b .avia_textblock{\ncolor:#ffffff;\n}\n<\/style>\n<section  class='av_textblock_section av-2n713-c05679f3a08ebdf9db45d2a4071db28b'  itemscope=\"itemscope\" itemtype=\"https:\/\/schema.org\/CreativeWork\" ><div class='avia_textblock av_inherit_color'  itemprop=\"text\" ><h1>Todo sobre Buscampers<\/h1>\n<\/div><\/section><br \/>\n\n<style type=\"text\/css\" data-created_by=\"avia_inline_auto\" id=\"style-css-av-28dp3-7fa4a9571da3bd8023e9d812fede9695\">\n#top .hr.hr-invisible.av-28dp3-7fa4a9571da3bd8023e9d812fede9695{\nheight:15px;\n}\n<\/style>\n<div  class='hr av-28dp3-7fa4a9571da3bd8023e9d812fede9695 hr-invisible  avia-builder-el-4  el_after_av_textblock  avia-builder-el-last'><span class='hr-inner'><span class=\"hr-inner-style\"><\/span><\/span><\/div><\/p><\/div><div class='flex_column av-sg6b-83d21c1385e2c3b6903c57e20ad0efc8 av_three_fifth  avia-builder-el-5  el_after_av_two_fifth  avia-builder-el-last  no_margin flex_column_table_cell av-equal-height-column av-align-top avia-full-stretch'   ><\/div><\/div><!--close column table wrapper. Autoclose: 1 -->\n\n<\/div><\/div><\/main><!-- close content main element --><\/div><\/div><div id='av_section_2'  class='avia-section av-3vpowjz-67d384d24ed4ebfcf66c46db46471679 main_color avia-section-default avia-no-border-styling  avia-builder-el-6  el_after_av_section  el_before_av_section  avia-bg-style-scroll container_wrap fullsize'  ><div class='container av-section-cont-open' ><div class='template-page content  av-content-full alpha units'><div class='post-entry post-entry-type-page post-entry-50799'><div class='entry-content-wrapper clearfix'>\n\n<style type=\"text\/css\" data-created_by=\"avia_inline_auto\" id=\"style-css-av-3es5bf3-bbab8d78b0b15b1ed445e37a3317bc59\">\n.flex_column.av-3es5bf3-bbab8d78b0b15b1ed445e37a3317bc59{\nwidth:18%;\n}\n<\/style>\n<div class='flex_column av-3es5bf3-bbab8d78b0b15b1ed445e37a3317bc59 av_one_fifth  avia-builder-el-7  el_before_av_three_fifth  avia-builder-el-first  first flex_column_div'   ><\/div>\n<style type=\"text\/css\" data-created_by=\"avia_inline_auto\" id=\"style-css-av-a6f8vj-76eef170d7dff51c49e1749a1a39f9c7\">\n.flex_column.av-a6f8vj-76eef170d7dff51c49e1749a1a39f9c7{\nwidth:59%;\nmargin-left:2.5%;\n}\n<\/style>\n<div class='flex_column av-a6f8vj-76eef170d7dff51c49e1749a1a39f9c7 av_three_fifth  avia-builder-el-8  el_after_av_one_fifth  el_before_av_one_fifth  flex_column_div'   ><section  class='av_textblock_section av-lgw01zel-aff5c8f2a41f87e36714912234c4d8fb'  itemscope=\"itemscope\" itemtype=\"https:\/\/schema.org\/CreativeWork\" ><div class='avia_textblock'  itemprop=\"text\" ><h2>BUSCAMPERS<\/h2>\n<p>Desde hace siglos, las autocaravanas son muy populares, especialmente en los \u00faltimos a\u00f1os, en los que la demanda de autocaravanas autob\u00fas est\u00e1 aumentando, ya que los precios de las autocaravanas (normales) se han disparado y la oferta se ha reducido.<\/p>\n<\/div><\/section><br \/>\n\n<style type=\"text\/css\" data-created_by=\"avia_inline_auto\" id=\"style-css-av-2oyndsf-d4341ca95e2c43241543660fcac041c6\">\n#top .hr.hr-invisible.av-2oyndsf-d4341ca95e2c43241543660fcac041c6{\nheight:20px;\n}\n<\/style>\n<div  class='hr av-2oyndsf-d4341ca95e2c43241543660fcac041c6 hr-invisible  avia-builder-el-10  el_after_av_textblock  el_before_av_video'><span class='hr-inner'><span class=\"hr-inner-style\"><\/span><\/span><\/div><br \/>\n\n<style type=\"text\/css\" data-created_by=\"avia_inline_auto\" id=\"style-css-av-lgw03cwy-dd6ed3870ffa1ff5648a1b53724bcd0b\">\n.avia-video.av-lgw03cwy-dd6ed3870ffa1ff5648a1b53724bcd0b{\nbackground-image:url(https:\/\/www.vdhurk.nl\/wp-content\/uploads\/2023\/04\/Thumbnail-Camperbus-300x188.png);\n}\n<\/style>\n<div  class='avia-video av-lgw03cwy-dd6ed3870ffa1ff5648a1b53724bcd0b avia-video-16-9 av-preview-image avia-video-load-always av-lazyload-immediate av-lazyload-video-embed'  itemprop=\"video\" itemtype=\"https:\/\/schema.org\/VideoObject\"  data-original_url='https:\/\/youtu.be\/uQTewV7nGZg'><script type='text\/html' class='av-video-tmpl'><div class='avia-iframe-wrap'><iframe loading=\"lazy\" title=\"Buscamper bouwen? Uitleg over enkele modellen en categorien.\" width=\"1500\" height=\"844\" src=\"https:\/\/www.youtube.com\/embed\/uQTewV7nGZg?feature=oembed&autoplay=1&loop=0&controls=1&mute=1\" frameborder=\"0\" allow=\"accelerometer; autoplay; clipboard-write; encrypted-media; gyroscope; picture-in-picture\" allowfullscreen><\/iframe><\/div><\/script><div class='av-click-to-play-overlay'><div class=\"avia_playpause_icon\"><\/div><\/div><\/div><br \/>\n\n<style type=\"text\/css\" data-created_by=\"avia_inline_auto\" id=\"style-css-av-1khvytr-34aad970eaece9efef8521ccd5158779\">\n#top .hr.hr-invisible.av-1khvytr-34aad970eaece9efef8521ccd5158779{\nheight:20px;\n}\n<\/style>\n<div  class='hr av-1khvytr-34aad970eaece9efef8521ccd5158779 hr-invisible  avia-builder-el-12  el_after_av_video  el_before_av_textblock'><span class='hr-inner'><span class=\"hr-inner-style\"><\/span><\/span><\/div><br \/>\n<section  class='av_textblock_section av-lgvzzgiw-2fcfc063989a751fe5d0972326f7a3ea'  itemscope=\"itemscope\" itemtype=\"https:\/\/schema.org\/CreativeWork\" ><div class='avia_textblock av_inherit_color'  itemprop=\"text\" ><h3>QU\u00c9 HAR\u00c1 USTED MISMO Y QU\u00c9 SUBCONTRATAR\u00c1;<\/h3>\n<p>Construirlo t\u00fa mismo es un plan enormemente agradable y hace que el coche con el que vas a crear esos momentos especiales se sienta realmente tuyo. Pero no te lo tomes a la ligera, est\u00e1s construyendo una peque\u00f1a casa por as\u00ed decirlo, que incluye muchos retos como el aislamiento, la electricidad, el interior, la distribuci\u00f3n y mucho m\u00e1s. \u00bfLo haces bien? Entonces el coche conservar\u00e1 su valor, por lo que el \u00e9nfasis aqu\u00ed est\u00e1 claramente en acondicionarlo correctamente y utilizar los materiales adecuados.<\/p>\n<p>\u00bfEres menos manitas pero quieres amueblar el coche completamente a tu gusto? Entonces encontrar\u00e1s muchos constructores de autocaravanas en el pa\u00eds, muchos de los cuales proceden del sector del dise\u00f1o de interiores y tienen buen ojo para los detalles. Junto con ellos, trazar\u00e1 el plan del dise\u00f1o interior y el gusto que m\u00e1s le convenga. Tras las conversaciones iniciales, suele haber cierta orientaci\u00f3n hacia un modelo de veh\u00edculo comercial, desde la furgoneta m\u00e1s peque\u00f1a hasta un cami\u00f3n grande, como base.<\/p>\n<h3>EN QU\u00c9 FIJARSE AL COMPRAR;<\/h3>\n<p>El presupuesto es importante, pero no olvides que una instalaci\u00f3n decente tampoco ser\u00e1 barata. \u00bfVa a instalar este interior en un coche antiguo con un cuentakil\u00f3metros muy alto? Entonces el valor de reventa disminuir\u00e1 r\u00e1pidamente y los futuros cambios o ventas ser\u00e1n a menudo mucho m\u00e1s dif\u00edciles (y s\u00ed, una vez que le cojas el truco, pronto tendr\u00e1s en mente un nuevo proyecto). Y lo que es m\u00e1s importante, tus sentimientos sobre la fiabilidad de tu coche deber\u00edan seguir siendo altos, despu\u00e9s de todo, se trata de los d\u00edas en los que deber\u00edas estar disfrutando de merecidos viajes y no teniendo que lidiar con el taller local para arreglar aver\u00edas.<\/p>\n<h3>\u00bfQU\u00c9 FORMATO NECESITA?<\/h3>\n<p>Los verdaderos \"incondicionales\" ya pueden apa\u00f1\u00e1rselas con una Ford Transit Connect (s\u00ed, en serio), aqu\u00ed tienes el espacio justo para tumbarte despu\u00e9s de las modificaciones necesarias y puedes sacar una cocinita debajo de tu dormitorio para cocinar en el exterior del coche.<\/p>\n<p>Mucha gente lo encuentra demasiado peque\u00f1o y por supuesto cuando se necesitan m\u00e1s de 2 literas no es una opci\u00f3n. El siguiente paso son los conocidos Volkswagens California, Mercedes Marco Polo y Ford Transit formato Nugget, espaciosos para 2 personas pero con un techo elevado con facilidades para dormir ya es posible acampar con 4 personas en el coche. Recomendamos probar este \u00faltimo por adelantado con un coche de alquiler. Cuando todo el mundo est\u00e1 instalado para pasar la noche, es acogedor, pero la conversi\u00f3n diaria de la provisi\u00f3n de d\u00eda a la de noche y viceversa puede ser bastante inc\u00f3moda.<\/p>\n<p>Boxer\/ Jumper\/ Ducato, estos son los modelos que m\u00e1s \u00e9xito tuvieron entre el p\u00fablico de autocaravanas desde su introducci\u00f3n, \u00a1tienen anchura! Son los \u00fanicos modelos en los que se puede dormir a lo ancho (sin modificar la carrocer\u00eda), \u00a1hasta 1,96! Esto facilita mucho las opciones de distribuci\u00f3n, y una mesa con banco detr\u00e1s de los asientos delanteros es f\u00e1cil de realizar.<\/p>\n<p>Con las autocaravanas bus m\u00e1s grandes, la tracci\u00f3n se convierte en un componente importante, porque cuando echas un vistazo a las versiones m\u00e1s largas de la gama Ducato\/ Boxer\/ Jumper\/ Master\/ Movano, a menudo ves que se trata de veh\u00edculos de tracci\u00f3n delantera, lo cual est\u00e1 bien porque mantienes un paso bajo, pero el radio de giro (piensa en esos bonitos lugares pintorescos) se vuelve mucho m\u00e1s amplio por este motivo.<\/p>\n<p>Entre los modelos m\u00e1s grandes, tambi\u00e9n podr\u00edas mirar los modelos Transit\/ Crafter (2006-2018)\/ Sprinter. Estos coches se construyen m\u00e1s para el trabajo m\u00e1s pesado y tienen un chasis diferente con tracci\u00f3n trasera (prueba de conducci\u00f3n se experimenta).<\/p>\n<p>\u00bfVer inmediatamente lo que le ofrecemos?<\/p>\n<\/div><\/section><br \/>\n\n<style type=\"text\/css\" data-created_by=\"avia_inline_auto\" id=\"style-css-av-1jjtz0v-f401d03f006f67527f6988fa6a7725ec\">\n#top .hr.hr-invisible.av-1jjtz0v-f401d03f006f67527f6988fa6a7725ec{\nheight:20px;\n}\n<\/style>\n<div  class='hr av-1jjtz0v-f401d03f006f67527f6988fa6a7725ec hr-invisible  avia-builder-el-14  el_after_av_textblock  el_before_av_button'><span class='hr-inner'><span class=\"hr-inner-style\"><\/span><\/span><\/div><br \/>\n<div  class='avia-button-wrap avia-button-left  avia-builder-el-15  el_after_av_hr  el_before_av_image' ><a href='https:\/\/www.vdhurk.nl\/es\/vehiculos-comerciales\/'  class='avia-button av-lgw1xrd9-5d4f76edbf6f127f7c57779fb6848f37 avia-icon_select-no avia-size-medium avia-position-left avia-color-theme-color-highlight' ><span class='avia_iconbox_title' >Ver nuestro stock<\/span><\/a><\/div><br \/>\n\n<style type=\"text\/css\" data-created_by=\"avia_inline_auto\" id=\"style-css-av-lgw1p6k3-95a6301aad5cfaa19d8f357b1d34796d\">\n.avia-image-container.av-lgw1p6k3-95a6301aad5cfaa19d8f357b1d34796d .av-image-caption-overlay-center{\ncolor:#ffffff;\n}\n<\/style>\n<div  class='avia-image-container av-lgw1p6k3-95a6301aad5cfaa19d8f357b1d34796d av-styling- avia-align-center  avia-builder-el-16  el_after_av_button  el_before_av_hr'  itemprop=\"image\" itemscope=\"itemscope\" itemtype=\"https:\/\/schema.org\/ImageObject\" ><div class=\"avia-image-container-inner\"><div class=\"avia-image-overlay-wrap\"><img decoding=\"async\" class='wp-image- avia-img-lazy-loading-not- avia_image' src=\"https:\/\/www.vdhurk.nl\/wp-content\/uploads\/autobedrijfvoertuigen\/voertuig\/32.694.942\/11844392683-32694942-5-300x225.jpg\" alt='' title=''   itemprop=\"thumbnailUrl\"  \/><\/div><\/div><\/div><br \/>\n\n<style type=\"text\/css\" data-created_by=\"avia_inline_auto\" id=\"style-css-av-12nptqn-d9921720a02dce648b729235df61d7a1\">\n#top .hr.hr-invisible.av-12nptqn-d9921720a02dce648b729235df61d7a1{\nheight:20px;\n}\n<\/style>\n<div  class='hr av-12nptqn-d9921720a02dce648b729235df61d7a1 hr-invisible  avia-builder-el-17  el_after_av_image  el_before_av_textblock'><span class='hr-inner'><span class=\"hr-inner-style\"><\/span><\/span><\/div><br \/>\n<section  class='av_textblock_section av-lgw1mclq-d7d10076c919bf8c2048026583a28a76'  itemscope=\"itemscope\" itemtype=\"https:\/\/schema.org\/CreativeWork\" ><div class='avia_textblock av_inherit_color'  itemprop=\"text\" ><h3>EN QU\u00c9 PODEMOS AYUDARLE;<\/h3>\n<p>Nos gusta dejarnos llevar por el entusiasmo del cliente e intentar darle el mejor asesoramiento posible, pero para hacerse una buena idea basta con ver, subirse y conducir los modelos. Normalmente, con nuestro stock de +\/- 400 coches, tenemos bastantes variantes en stock.<\/p>\n<p>Podemos ayudar a la derecha hasta el punto de construcci\u00f3n en \u00e1reas tales como; Preparaci\u00f3n t\u00e9cnica del coche que el turno de garant\u00eda hasta despu\u00e9s de que el coche se ha convertido. Ya podemos vestir el coche con cualquier lado de protecci\u00f3n \/ barras de empuje, llantas bonitas, c\u00e1maras de aparcamiento, control de crucero, el montaje de un asiento de lujo en lugar del banco de pasajeros, sino tambi\u00e9n el montaje de las ventanas se hace a menudo en la compra.<\/p>\n<h3>BPM, \u00bfC\u00d3MO FUNCIONA?<\/h3>\n<p>Un error com\u00fan es que la gente no se da cuenta de que hay que pagar el BPM, muchos talleres tambi\u00e9n juegan convenientemente con esto y afirman que no es as\u00ed siempre y cuando el coche de empresa tenga m\u00e1s de 5 a\u00f1os. \u00a1ERROR! Como particular, no hay que pagar BPM al comprar un coche de empresa cuando lleva 60 meses en circulaci\u00f3n, pero al presentar el coche en el RDW, la matr\u00edcula pasa de gris a amarilla y, por tanto, tambi\u00e9n se aplica el BPM residual. Es bueno saberlo de antemano y tenerlo en cuenta a la hora de hacer el presupuesto. \u00bfSe pregunta a cu\u00e1nto asciende el BPM? Podemos comprobarlo por veh\u00edculo para usted.<\/p>\n<p>\u00bfCu\u00e1ndo se puede comprar BPM libre? Hay una excepci\u00f3n que mucha gente pasa por alto, porque anunciamos autobuses de pasajeros incluyendo el resto de BPM o incluso BPM gratis (nota: muchos anuncios de autobuses de pasajeros en nuestros competidores son netos que est\u00e1n dirigidos a la exportaci\u00f3n, por lo que BPM todav\u00eda se a\u00f1ade aqu\u00ed). Dado que los autobuses de pasajeros ya tienen el \"n\u00famero de registro amarillo\", no hay liquidaci\u00f3n posterior.<\/p>\n<p>Una ventaja adicional de estos autobuses de pasajeros es que ya cuentan con ventanas en todo el contorno, est\u00e1n perfectamente acabados en las paredes laterales, tienen techo y asientos ya homologados, esta es una categor\u00eda que a menudo se pasa por alto.<\/p>\n<\/div><\/section><br \/>\n\n<style type=\"text\/css\" data-created_by=\"avia_inline_auto\" id=\"style-css-av-10x30wf-cc6852f741b949cd00ad7a58f4122ae9\">\n#top .hr.hr-invisible.av-10x30wf-cc6852f741b949cd00ad7a58f4122ae9{\nheight:20px;\n}\n<\/style>\n<div  class='hr av-10x30wf-cc6852f741b949cd00ad7a58f4122ae9 hr-invisible  avia-builder-el-19  el_after_av_textblock  avia-builder-el-last'><span class='hr-inner'><span class=\"hr-inner-style\"><\/span><\/span><\/div><\/p><\/div>\n<style type=\"text\/css\" data-created_by=\"avia_inline_auto\" id=\"style-css-av-rmnuen-17f9f303c492b8db0abe2b0dcb02ff5d\">\n.flex_column.av-rmnuen-17f9f303c492b8db0abe2b0dcb02ff5d{\nwidth:18%;\nmargin-left:2.5%;\n}\n<\/style>\n<div class='flex_column av-rmnuen-17f9f303c492b8db0abe2b0dcb02ff5d av_one_fifth  avia-builder-el-20  el_after_av_three_fifth  avia-builder-el-last  flex_column_div'   ><\/div><\/div><\/div><\/div><!-- close content main div --><\/div><\/div>\n<style type=\"text\/css\" data-created_by=\"avia_inline_auto\" id=\"style-css-av-l0nx5vch-61a276b5a8af02c9d25c6ca672a66eca\">\n.avia-section.av-l0nx5vch-61a276b5a8af02c9d25c6ca672a66eca{\nbackground-repeat:no-repeat;\nbackground-image:url(https:\/\/www.vdhurk.nl\/wp-content\/uploads\/2022\/03\/lease-calculator.png);\nbackground-position:50% 50%;\nbackground-attachment:scroll;\n}\n<\/style>\n<div id='lease-calculator'  class='avia-section av-l0nx5vch-61a276b5a8af02c9d25c6ca672a66eca main_color avia-section-large avia-no-border-styling  avia-builder-el-21  el_after_av_section  avia-builder-el-last  avia-full-stretch avia-bg-style-scroll container_wrap fullsize'  data-section-bg-repeat='stretch'><div class='container av-section-cont-open' ><div class='template-page content  av-content-full alpha units'><div class='post-entry post-entry-type-page post-entry-50799'><div class='entry-content-wrapper clearfix'><\/p>","protected":false},"excerpt":{"rendered":"","protected":false},"author":2,"featured_media":0,"parent":0,"menu_order":0,"comment_status":"closed","ping_status":"closed","template":"","meta":{"_acf_changed":false,"_improvement_type_select":"improve_an_existing","_thumb_yes_seoaic":false,"_frame_yes_seoaic":false,"seoaic_generate_description":"","seoaic_improve_instructions_prompt":"","seoaic_rollback_content_improvement":"","seoaic_idea_thumbnail_generator":"","thumbnail_generated":false,"thumbnail_generate_prompt":"","seoaic_article_description":"","footnotes":""},"class_list":["post-50799","page","type-page","status-publish","hentry"],"acf":[],"yoast_head":"<!-- This site is optimized with the Yoast SEO plugin v27.5 - https:\/\/yoast.com\/product\/yoast-seo-wordpress\/ -->\n<title>Camperbussen - Van den Hurk Bedrijfswagens<\/title>\n<meta name=\"robots\" content=\"index, follow, max-snippet:-1, max-image-preview:large, max-video-preview:-1\" \/>\n<link rel=\"canonical\" href=\"https:\/\/www.vdhurk.nl\/es\/autocaravanas\/\" \/>\n<meta property=\"og:locale\" content=\"es_ES\" \/>\n<meta property=\"og:type\" content=\"article\" \/>\n<meta property=\"og:title\" content=\"Camperbussen - Van den Hurk Bedrijfswagens\" \/>\n<meta property=\"og:url\" content=\"https:\/\/www.vdhurk.nl\/es\/autocaravanas\/\" \/>\n<meta property=\"og:site_name\" content=\"Van den Hurk Bedrijfswagens\" \/>\n<meta property=\"article:modified_time\" content=\"2023-04-26T08:49:28+00:00\" \/>\n<meta name=\"twitter:card\" content=\"summary_large_image\" \/>\n<meta name=\"twitter:label1\" content=\"Tiempo de lectura\" \/>\n\t<meta name=\"twitter:data1\" content=\"9 minutos\" \/>\n<script type=\"application\/ld+json\" class=\"yoast-schema-graph\">{\"@context\":\"https:\\\/\\\/schema.org\",\"@graph\":[{\"@type\":\"WebPage\",\"@id\":\"https:\\\/\\\/www.vdhurk.nl\\\/camperbussen\\\/\",\"url\":\"https:\\\/\\\/www.vdhurk.nl\\\/camperbussen\\\/\",\"name\":\"Camperbussen - Van den Hurk Bedrijfswagens\",\"isPartOf\":{\"@id\":\"https:\\\/\\\/www.vdhurk.nl\\\/#website\"},\"datePublished\":\"2022-08-16T09:58:23+00:00\",\"dateModified\":\"2023-04-26T08:49:28+00:00\",\"breadcrumb\":{\"@id\":\"https:\\\/\\\/www.vdhurk.nl\\\/camperbussen\\\/#breadcrumb\"},\"inLanguage\":\"es\",\"potentialAction\":[{\"@type\":\"ReadAction\",\"target\":[\"https:\\\/\\\/www.vdhurk.nl\\\/camperbussen\\\/\"]}]},{\"@type\":\"BreadcrumbList\",\"@id\":\"https:\\\/\\\/www.vdhurk.nl\\\/camperbussen\\\/#breadcrumb\",\"itemListElement\":[{\"@type\":\"ListItem\",\"position\":1,\"name\":\"Home\",\"item\":\"https:\\\/\\\/www.vdhurk.nl\\\/home\\\/\"},{\"@type\":\"ListItem\",\"position\":2,\"name\":\"Camperbussen\"}]},{\"@type\":\"WebSite\",\"@id\":\"https:\\\/\\\/www.vdhurk.nl\\\/#website\",\"url\":\"https:\\\/\\\/www.vdhurk.nl\\\/\",\"name\":\"Van den Hurk Bedrijfswagens\",\"description\":\"Van den Hurk bedrijfswagens Helmond\",\"potentialAction\":[{\"@type\":\"SearchAction\",\"target\":{\"@type\":\"EntryPoint\",\"urlTemplate\":\"https:\\\/\\\/www.vdhurk.nl\\\/?s={search_term_string}\"},\"query-input\":{\"@type\":\"PropertyValueSpecification\",\"valueRequired\":true,\"valueName\":\"search_term_string\"}}],\"inLanguage\":\"es\"}]}<\/script>\n<!-- \/ Yoast SEO plugin. -->","yoast_head_json":{"title":"Autocaravanas - Van den Hurk Bedrijfswagens","robots":{"index":"index","follow":"follow","max-snippet":"max-snippet:-1","max-image-preview":"max-image-preview:large","max-video-preview":"max-video-preview:-1"},"canonical":"https:\/\/www.vdhurk.nl\/es\/autocaravanas\/","og_locale":"es_ES","og_type":"article","og_title":"Camperbussen - Van den Hurk Bedrijfswagens","og_url":"https:\/\/www.vdhurk.nl\/es\/autocaravanas\/","og_site_name":"Van den Hurk Bedrijfswagens","article_modified_time":"2023-04-26T08:49:28+00:00","twitter_card":"summary_large_image","twitter_misc":{"Tiempo de lectura":"9 minutos"},"schema":{"@context":"https:\/\/schema.org","@graph":[{"@type":"WebPage","@id":"https:\/\/www.vdhurk.nl\/camperbussen\/","url":"https:\/\/www.vdhurk.nl\/camperbussen\/","name":"Autocaravanas - Van den Hurk Bedrijfswagens","isPartOf":{"@id":"https:\/\/www.vdhurk.nl\/#website"},"datePublished":"2022-08-16T09:58:23+00:00","dateModified":"2023-04-26T08:49:28+00:00","breadcrumb":{"@id":"https:\/\/www.vdhurk.nl\/camperbussen\/#breadcrumb"},"inLanguage":"es","potentialAction":[{"@type":"ReadAction","target":["https:\/\/www.vdhurk.nl\/camperbussen\/"]}]},{"@type":"BreadcrumbList","@id":"https:\/\/www.vdhurk.nl\/camperbussen\/#breadcrumb","itemListElement":[{"@type":"ListItem","position":1,"name":"Home","item":"https:\/\/www.vdhurk.nl\/home\/"},{"@type":"ListItem","position":2,"name":"Camperbussen"}]},{"@type":"WebSite","@id":"https:\/\/www.vdhurk.nl\/#website","url":"https:\/\/www.vdhurk.nl\/","name":"Veh\u00edculos comerciales Van den Hurk","description":"Van den Hurk veh\u00edculos comerciales Helmond","potentialAction":[{"@type":"SearchAction","target":{"@type":"EntryPoint","urlTemplate":"https:\/\/www.vdhurk.nl\/?s={search_term_string}"},"query-input":{"@type":"PropertyValueSpecification","valueRequired":true,"valueName":"search_term_string"}}],"inLanguage":"es"}]}},"_links":{"self":[{"href":"https:\/\/www.vdhurk.nl\/es\/wp-json\/wp\/v2\/pages\/50799","targetHints":{"allow":["GET"]}}],"collection":[{"href":"https:\/\/www.vdhurk.nl\/es\/wp-json\/wp\/v2\/pages"}],"about":[{"href":"https:\/\/www.vdhurk.nl\/es\/wp-json\/wp\/v2\/types\/page"}],"author":[{"embeddable":true,"href":"https:\/\/www.vdhurk.nl\/es\/wp-json\/wp\/v2\/users\/2"}],"replies":[{"embeddable":true,"href":"https:\/\/www.vdhurk.nl\/es\/wp-json\/wp\/v2\/comments?post=50799"}],"version-history":[{"count":21,"href":"https:\/\/www.vdhurk.nl\/es\/wp-json\/wp\/v2\/pages\/50799\/revisions"}],"predecessor-version":[{"id":189944,"href":"https:\/\/www.vdhurk.nl\/es\/wp-json\/wp\/v2\/pages\/50799\/revisions\/189944"}],"wp:attachment":[{"href":"https:\/\/www.vdhurk.nl\/es\/wp-json\/wp\/v2\/media?parent=50799"}],"curies":[{"name":"wp","href":"https:\/\/api.w.org\/{rel}","templated":true}]}}