{"id":409581,"date":"2024-10-16T15:51:18","date_gmt":"2024-10-16T13:51:18","guid":{"rendered":"https:\/\/www.vdhurk.nl\/?page_id=409581"},"modified":"2024-10-16T15:51:18","modified_gmt":"2024-10-16T13:51:18","slug":"mercedes-12","status":"publish","type":"page","link":"https:\/\/www.vdhurk.nl\/es\/opel-bedrijfswagens\/combo\/","title":{"rendered":"Opel Combo"},"content":{"rendered":"<section  class='av_textblock_section av-lu8gnh7d-4ac895489941e586c1d7c8cb72318135'  itemscope=\"itemscope\" itemtype=\"https:\/\/schema.org\/CreativeWork\" ><div class='avia_textblock'  itemprop=\"text\" ><h1>Encuentra tu Vauxhall Combo perfecto para la ocasi\u00f3n<\/h1>\n<p>Conoce el Opel Combo de ocasi\u00f3n: el vers\u00e1til veh\u00edculo comercial que adoran muchas empresas por su flexibilidad y fiabilidad. El Opel Combo ofrece varias opciones para satisfacer las necesidades de tu negocio. Descubre m\u00e1s sobre sus especificaciones y versiones y experimenta por ti mismo por qu\u00e9 este veh\u00edculo comercial es tan popular entre las empresas.<\/p>\n<\/div><\/section>\n\n<style type=\"text\/css\" data-created_by=\"avia_inline_auto\" id=\"style-css-av-lujjddpd-afa3d7a9eabd61123e643ed1228e781e\">\n#top .hr.hr-invisible.av-lujjddpd-afa3d7a9eabd61123e643ed1228e781e{\nheight:50px;\n}\n<\/style>\n<div  class='hr av-lujjddpd-afa3d7a9eabd61123e643ed1228e781e hr-invisible  avia-builder-el-1  el_after_av_textblock  el_before_av_codeblock'><span class='hr-inner'><span class=\"hr-inner-style\"><\/span><\/span><\/div>\n\n\n<style type=\"text\/css\" data-created_by=\"avia_inline_auto\" id=\"style-css-av-ah0xd-63338d9dc6b40410e22a712829c369d6\">\n#top .hr.hr-invisible.av-ah0xd-63338d9dc6b40410e22a712829c369d6{\nheight:50px;\n}\n<\/style>\n<div  class='hr av-ah0xd-63338d9dc6b40410e22a712829c369d6 hr-invisible  avia-builder-el-3  el_after_av_codeblock  el_before_av_textblock'><span class='hr-inner'><span class=\"hr-inner-style\"><\/span><\/span><\/div>\n<section  class='av_textblock_section av-lu8gow1e-300853e458ed741bd87d6cb78e55cc7a'  itemscope=\"itemscope\" itemtype=\"https:\/\/schema.org\/CreativeWork\" ><div class='avia_textblock'  itemprop=\"text\" ><h2>\u00bfQu\u00e9 especificaciones tiene el Opel Combo?<\/h2>\n<p>El Vauxhall Combo es la mezcla perfecta de compacto y espacioso, con soluciones inteligentes e innovadoras que hacen tu jornada laboral un poco m\u00e1s f\u00e1cil. Gracias a su dise\u00f1o ergon\u00f3mico, no s\u00f3lo estar\u00e1s c\u00f3modo sino que trabajar\u00e1s de forma m\u00e1s eficiente. El interior es a la vez funcional y elegante, con espacio suficiente para pasajeros y carga. Dependiendo de la versi\u00f3n, el Opel Combo ofrece un volumen de carga de hasta 4,4 m\u00b3 y una carga \u00fatil de hasta 1.000 kg. La seguridad es lo primero, con sistemas como el asistente de frenada de emergencia autom\u00e1tica y el asistente de mantenimiento de carril, para que siempre puedas estar seguro y relajado en la carretera. En resumen, el Vauxhall Combo es un aut\u00e9ntico todoterreno que se adapta sin esfuerzo a las necesidades de tu negocio.<\/p>\n<\/div><\/section>\n<div class='flex_column av-f64w1-da126f42b61613402309283c14245a25 av_one_half  avia-builder-el-5  el_after_av_textblock  el_before_av_one_third  first flex_column_div column-top-margin'   ><section  class='av_textblock_section av-lu8gpqre-73cc2c17e6a6497ba6e1b58af22bd9e8'  itemscope=\"itemscope\" itemtype=\"https:\/\/schema.org\/CreativeWork\" ><div class='avia_textblock'  itemprop=\"text\" ><h2>Diferentes versiones<\/h2>\n<p>El Vauxhall Combo est\u00e1 disponible en diferentes versiones, por lo que siempre hay un modelo que se adapta a tu negocio. \u00bfOptar\u00e1s por una versi\u00f3n manual para tener el m\u00e1ximo control o te decantar\u00e1s por la comodidad de una autom\u00e1tica, especialmente \u00fatil en el ajetreado tr\u00e1fico urbano? Tambi\u00e9n puede elegir entre diferentes a\u00f1os de fabricaci\u00f3n, kilometrajes y opciones de motor, desde motores di\u00e9sel econ\u00f3micos hasta variantes m\u00e1s potentes adecuadas para trabajos m\u00e1s pesados. Adem\u00e1s, las versiones difieren en capacidad de carga, con modelos que pueden soportar hasta 1.000 kg. As\u00ed que siempre encontrar\u00e1 una Combo que se adapte exactamente a las necesidades de su negocio.<\/p>\n<\/div><\/section><\/div><div class='flex_column av-aldk9-ee694297f5c4032981677a02caab84d6 av_one_third  avia-builder-el-7  el_after_av_one_half  el_before_av_hr  flex_column_div column-top-margin'   ><style type=\"text\/css\" data-created_by=\"avia_inline_auto\" id=\"style-css-av-l1w9kpsf-4ec3fab772ec7a9adaa33cfc64ff0475\">\n.avia-image-container.av-l1w9kpsf-4ec3fab772ec7a9adaa33cfc64ff0475 .av-image-caption-overlay-center{\ncolor:#ffffff;\n}\n<\/style>\n<div  class='avia-image-container av-l1w9kpsf-4ec3fab772ec7a9adaa33cfc64ff0475 av-styling- avia-align-center  avia-builder-el-8  avia-builder-el-no-sibling'  itemprop=\"image\" itemscope=\"itemscope\" itemtype=\"https:\/\/schema.org\/ImageObject\" ><div class=\"avia-image-container-inner\"><div class=\"avia-image-overlay-wrap\"><img decoding=\"async\" class='wp-image-187 avia-img-lazy-loading-not-187 avia_image' src=\"https:\/\/www.vdhurk.nl\/wp-content\/uploads\/2022\/03\/Voorrad.png\" alt='' title='Stock'  height=\"758\" width=\"1135\"  itemprop=\"thumbnailUrl\" srcset=\"https:\/\/www.vdhurk.nl\/wp-content\/uploads\/2022\/03\/Voorrad.png 1135w, https:\/\/www.vdhurk.nl\/wp-content\/uploads\/2022\/03\/Voorrad-300x200.png 300w, https:\/\/www.vdhurk.nl\/wp-content\/uploads\/2022\/03\/Voorrad-1030x688.png 1030w, https:\/\/www.vdhurk.nl\/wp-content\/uploads\/2022\/03\/Voorrad-768x513.png 768w, https:\/\/www.vdhurk.nl\/wp-content\/uploads\/2022\/03\/Voorrad-18x12.png 18w, https:\/\/www.vdhurk.nl\/wp-content\/uploads\/2022\/03\/Voorrad-705x471.png 705w\" sizes=\"(max-width: 1135px) 100vw, 1135px\" \/><\/div><\/div><\/div><\/div><\/p>\n\n<style type=\"text\/css\" data-created_by=\"avia_inline_auto\" id=\"style-css-av-luqrjpjc-5a23a1fb5f94718ca85316a9df963e2f\">\n#top .hr.hr-invisible.av-luqrjpjc-5a23a1fb5f94718ca85316a9df963e2f{\nheight:50px;\n}\n<\/style>\n<div  class='hr av-luqrjpjc-5a23a1fb5f94718ca85316a9df963e2f hr-invisible  avia-builder-el-9  el_after_av_one_third  el_before_av_textblock'><span class='hr-inner'><span class=\"hr-inner-style\"><\/span><\/span><\/div>\n<section  class='av_textblock_section av-lu8gtjw7-4f3cee9304909518d86d2860d9d582dd'  itemscope=\"itemscope\" itemtype=\"https:\/\/schema.org\/CreativeWork\" ><div class='avia_textblock'  itemprop=\"text\" ><h2>\u00bfEn qu\u00e9 precios hay que pensar?<\/h2>\n<p>\u00bfVas a comprar un Opel Combo? Entonces, por supuesto, querr\u00e1s saber qu\u00e9 esperar en t\u00e9rminos de precio. El coste depende de la versi\u00f3n que elijas: \u00bfte decantas por una variante b\u00e1sica o prefieres un modelo con todos los extras? Ya sea un a\u00f1o m\u00e1s reciente, un kilometraje m\u00e1s bajo o m\u00e1s lujo, tenemos diferentes versiones que se ajustan a tu presupuesto. \u00bfQuiere una indicaci\u00f3n concreta del precio de su coche de empresa ideal? No dude en ponerse en contacto con nosotros, estaremos encantados de pensar con usted para encontrar la combinaci\u00f3n adecuada.<\/p>\n<h2>\u00bfHa o\u00eddo hablar del arrendamiento financiero?<\/h2>\n<p>Por supuesto, puedes pagar tu Vauxhall Combo de una sola vez, pero tambi\u00e9n hay otra opci\u00f3n inteligente: <a href=\"https:\/\/www.vdhurk.nl\/es\/arrendamiento-financiero\/\">arrendamiento financiero<\/a>. Arrendar un Opel Combo significa que pagas una cantidad fija al mes. Durante la vigencia del contrato de leasing, te conviertes gradualmente en el propietario del coche. \u00bfLa gran ventaja? Conservas capital circulante para otras inversiones importantes dentro de tu empresa, a la vez que te beneficias de un coche de empresa fiable. \u00bfQuiere saber m\u00e1s sobre las posibilidades? Estaremos encantados de ayudarle.<\/p>\n<h2>Conozca la alerta de valores<\/h2>\n<p>Nuestra oferta cambia regularmente. \u00bfSu coche de empresa perfecto no est\u00e1 en la lista hoy? No se preocupe, \u00a1ma\u00f1ana podr\u00eda ser diferente! \u00bfNo quiere perderse nada y ser informado inmediatamente de las novedades? Entonces suscr\u00edbase a nuestro <a href=\"https:\/\/www.vdhurk.nl\/es\/alerta-de-valores\/\">alerta de valores<\/a>. De esta forma, ser\u00e1s el primero en saber cu\u00e1ndo hay disponible un Opel Combo usado que se adapte exactamente a tus necesidades. Y no olvides echar un vistazo a nuestras ofertas actuales. Qui\u00e9n sabe, \u00a1quiz\u00e1s tu Vauxhall Combo de ocasi\u00f3n ideal est\u00e9 pronto entre ellas!<\/p>\n<\/div><\/section>","protected":false},"excerpt":{"rendered":"","protected":false},"author":3,"featured_media":0,"parent":372050,"menu_order":0,"comment_status":"closed","ping_status":"closed","template":"","meta":{"_acf_changed":false,"_improvement_type_select":"improve_an_existing","_thumb_yes_seoaic":false,"_frame_yes_seoaic":false,"seoaic_generate_description":"","seoaic_improve_instructions_prompt":"","seoaic_rollback_content_improvement":"","seoaic_idea_thumbnail_generator":"","thumbnail_generated":false,"thumbnail_generate_prompt":"","seoaic_article_description":"","footnotes":""},"class_list":["post-409581","page","type-page","status-publish","hentry"],"acf":[],"yoast_head":"<!-- This site is optimized with the Yoast SEO plugin v27.5 - https:\/\/yoast.com\/product\/yoast-seo-wordpress\/ -->\n<title>Op zoek naar een Opel Combo occasion? Bekijk ons aanbod!<\/title>\n<meta name=\"description\" content=\"Een Opel Combo occasion kopen? Ontdek de diverse specificaties en uitvoeringen en vind de ideale match voor jouw zakelijke behoeften.\" \/>\n<meta name=\"robots\" content=\"index, follow, max-snippet:-1, max-image-preview:large, max-video-preview:-1\" \/>\n<link rel=\"canonical\" href=\"https:\/\/www.vdhurk.nl\/es\/vehiculos-comerciales-vauxhall\/mercedes-12\/\" \/>\n<meta property=\"og:locale\" content=\"es_ES\" \/>\n<meta property=\"og:type\" content=\"article\" \/>\n<meta property=\"og:title\" content=\"Op zoek naar een Opel Combo occasion? Bekijk ons aanbod!\" \/>\n<meta property=\"og:description\" content=\"Een Opel Combo occasion kopen? Ontdek de diverse specificaties en uitvoeringen en vind de ideale match voor jouw zakelijke behoeften.\" \/>\n<meta property=\"og:url\" content=\"https:\/\/www.vdhurk.nl\/es\/vehiculos-comerciales-vauxhall\/mercedes-12\/\" \/>\n<meta property=\"og:site_name\" content=\"Van den Hurk Bedrijfswagens\" \/>\n<meta name=\"twitter:card\" content=\"summary_large_image\" \/>\n<meta name=\"twitter:label1\" content=\"Tiempo de lectura\" \/>\n\t<meta name=\"twitter:data1\" content=\"5 minutos\" \/>\n<script type=\"application\/ld+json\" class=\"yoast-schema-graph\">{\"@context\":\"https:\\\/\\\/schema.org\",\"@graph\":[{\"@type\":\"WebPage\",\"@id\":\"https:\\\/\\\/www.vdhurk.nl\\\/opel-bedrijfswagens\\\/combo\\\/\",\"url\":\"https:\\\/\\\/www.vdhurk.nl\\\/opel-bedrijfswagens\\\/combo\\\/\",\"name\":\"Op zoek naar een Opel Combo occasion? Bekijk ons aanbod!\",\"isPartOf\":{\"@id\":\"https:\\\/\\\/www.vdhurk.nl\\\/#website\"},\"datePublished\":\"2024-10-16T13:51:18+00:00\",\"description\":\"Een Opel Combo occasion kopen? Ontdek de diverse specificaties en uitvoeringen en vind de ideale match voor jouw zakelijke behoeften.\",\"breadcrumb\":{\"@id\":\"https:\\\/\\\/www.vdhurk.nl\\\/opel-bedrijfswagens\\\/combo\\\/#breadcrumb\"},\"inLanguage\":\"es\",\"potentialAction\":[{\"@type\":\"ReadAction\",\"target\":[\"https:\\\/\\\/www.vdhurk.nl\\\/opel-bedrijfswagens\\\/combo\\\/\"]}]},{\"@type\":\"BreadcrumbList\",\"@id\":\"https:\\\/\\\/www.vdhurk.nl\\\/opel-bedrijfswagens\\\/combo\\\/#breadcrumb\",\"itemListElement\":[{\"@type\":\"ListItem\",\"position\":1,\"name\":\"Home\",\"item\":\"https:\\\/\\\/www.vdhurk.nl\\\/home\\\/\"},{\"@type\":\"ListItem\",\"position\":2,\"name\":\"Opel Bedrijfswagens\",\"item\":\"https:\\\/\\\/www.vdhurk.nl\\\/opel-bedrijfswagens\\\/\"},{\"@type\":\"ListItem\",\"position\":3,\"name\":\"Opel Combo\"}]},{\"@type\":\"WebSite\",\"@id\":\"https:\\\/\\\/www.vdhurk.nl\\\/#website\",\"url\":\"https:\\\/\\\/www.vdhurk.nl\\\/\",\"name\":\"Van den Hurk Bedrijfswagens\",\"description\":\"Van den Hurk bedrijfswagens Helmond\",\"potentialAction\":[{\"@type\":\"SearchAction\",\"target\":{\"@type\":\"EntryPoint\",\"urlTemplate\":\"https:\\\/\\\/www.vdhurk.nl\\\/?s={search_term_string}\"},\"query-input\":{\"@type\":\"PropertyValueSpecification\",\"valueRequired\":true,\"valueName\":\"search_term_string\"}}],\"inLanguage\":\"es\"}]}<\/script>\n<!-- \/ Yoast SEO plugin. -->","yoast_head_json":{"title":"\u00bfBuscas un Opel Combo de segunda mano? \u00a1Consulta nuestra oferta!","description":"\u00bfQuiere comprar un Opel Combo de ocasi\u00f3n? Explora las distintas especificaciones y versiones y encuentra la combinaci\u00f3n ideal para las necesidades de tu negocio.","robots":{"index":"index","follow":"follow","max-snippet":"max-snippet:-1","max-image-preview":"max-image-preview:large","max-video-preview":"max-video-preview:-1"},"canonical":"https:\/\/www.vdhurk.nl\/es\/vehiculos-comerciales-vauxhall\/mercedes-12\/","og_locale":"es_ES","og_type":"article","og_title":"Op zoek naar een Opel Combo occasion? Bekijk ons aanbod!","og_description":"Een Opel Combo occasion kopen? Ontdek de diverse specificaties en uitvoeringen en vind de ideale match voor jouw zakelijke behoeften.","og_url":"https:\/\/www.vdhurk.nl\/es\/vehiculos-comerciales-vauxhall\/mercedes-12\/","og_site_name":"Van den Hurk Bedrijfswagens","twitter_card":"summary_large_image","twitter_misc":{"Tiempo de lectura":"5 minutos"},"schema":{"@context":"https:\/\/schema.org","@graph":[{"@type":"WebPage","@id":"https:\/\/www.vdhurk.nl\/opel-bedrijfswagens\/combo\/","url":"https:\/\/www.vdhurk.nl\/opel-bedrijfswagens\/combo\/","name":"\u00bfBuscas un Opel Combo de segunda mano? \u00a1Consulta nuestra oferta!","isPartOf":{"@id":"https:\/\/www.vdhurk.nl\/#website"},"datePublished":"2024-10-16T13:51:18+00:00","description":"\u00bfQuiere comprar un Opel Combo de ocasi\u00f3n? Explora las distintas especificaciones y versiones y encuentra la combinaci\u00f3n ideal para las necesidades de tu negocio.","breadcrumb":{"@id":"https:\/\/www.vdhurk.nl\/opel-bedrijfswagens\/combo\/#breadcrumb"},"inLanguage":"es","potentialAction":[{"@type":"ReadAction","target":["https:\/\/www.vdhurk.nl\/opel-bedrijfswagens\/combo\/"]}]},{"@type":"BreadcrumbList","@id":"https:\/\/www.vdhurk.nl\/opel-bedrijfswagens\/combo\/#breadcrumb","itemListElement":[{"@type":"ListItem","position":1,"name":"Home","item":"https:\/\/www.vdhurk.nl\/home\/"},{"@type":"ListItem","position":2,"name":"Opel Bedrijfswagens","item":"https:\/\/www.vdhurk.nl\/opel-bedrijfswagens\/"},{"@type":"ListItem","position":3,"name":"Opel Combo"}]},{"@type":"WebSite","@id":"https:\/\/www.vdhurk.nl\/#website","url":"https:\/\/www.vdhurk.nl\/","name":"Veh\u00edculos comerciales Van den Hurk","description":"Van den Hurk veh\u00edculos comerciales Helmond","potentialAction":[{"@type":"SearchAction","target":{"@type":"EntryPoint","urlTemplate":"https:\/\/www.vdhurk.nl\/?s={search_term_string}"},"query-input":{"@type":"PropertyValueSpecification","valueRequired":true,"valueName":"search_term_string"}}],"inLanguage":"es"}]}},"_links":{"self":[{"href":"https:\/\/www.vdhurk.nl\/es\/wp-json\/wp\/v2\/pages\/409581","targetHints":{"allow":["GET"]}}],"collection":[{"href":"https:\/\/www.vdhurk.nl\/es\/wp-json\/wp\/v2\/pages"}],"about":[{"href":"https:\/\/www.vdhurk.nl\/es\/wp-json\/wp\/v2\/types\/page"}],"author":[{"embeddable":true,"href":"https:\/\/www.vdhurk.nl\/es\/wp-json\/wp\/v2\/users\/3"}],"replies":[{"embeddable":true,"href":"https:\/\/www.vdhurk.nl\/es\/wp-json\/wp\/v2\/comments?post=409581"}],"version-history":[{"count":1,"href":"https:\/\/www.vdhurk.nl\/es\/wp-json\/wp\/v2\/pages\/409581\/revisions"}],"predecessor-version":[{"id":409582,"href":"https:\/\/www.vdhurk.nl\/es\/wp-json\/wp\/v2\/pages\/409581\/revisions\/409582"}],"up":[{"embeddable":true,"href":"https:\/\/www.vdhurk.nl\/es\/wp-json\/wp\/v2\/pages\/372050"}],"wp:attachment":[{"href":"https:\/\/www.vdhurk.nl\/es\/wp-json\/wp\/v2\/media?parent=409581"}],"curies":[{"name":"wp","href":"https:\/\/api.w.org\/{rel}","templated":true}]}}