{"id":409579,"date":"2024-10-16T15:53:49","date_gmt":"2024-10-16T13:53:49","guid":{"rendered":"https:\/\/www.vdhurk.nl\/?page_id=409579"},"modified":"2024-10-16T15:53:49","modified_gmt":"2024-10-16T13:53:49","slug":"mercedes-8","status":"publish","type":"page","link":"https:\/\/www.vdhurk.nl\/es\/iveco-bedrijfswagens\/daily\/","title":{"rendered":"Iveco Daily"},"content":{"rendered":"<section  class='av_textblock_section av-lu8gnh7d-4ac895489941e586c1d7c8cb72318135'  itemscope=\"itemscope\" itemtype=\"https:\/\/schema.org\/CreativeWork\" ><div class='avia_textblock'  itemprop=\"text\" ><h1>\u00bfComprar Iveco Daily de ocasi\u00f3n?<\/h1>\n<p>Si est\u00e1 buscando un veh\u00edculo comercial fiable, sin duda merece la pena considerar la Iveco Daily occasion. Este veh\u00edculo comercial ha ganado mucha popularidad a lo largo de los a\u00f1os gracias a su fiabilidad, potencia y versatilidad. \u00bfQuiere saber m\u00e1s? Siga leyendo y compruebe si este es el veh\u00edculo para su negocio.<\/p>\n<\/div><\/section>\n\n<style type=\"text\/css\" data-created_by=\"avia_inline_auto\" id=\"style-css-av-lujjddpd-afa3d7a9eabd61123e643ed1228e781e\">\n#top .hr.hr-invisible.av-lujjddpd-afa3d7a9eabd61123e643ed1228e781e{\nheight:50px;\n}\n<\/style>\n<div  class='hr av-lujjddpd-afa3d7a9eabd61123e643ed1228e781e hr-invisible  avia-builder-el-1  el_after_av_textblock  el_before_av_codeblock'><span class='hr-inner'><span class=\"hr-inner-style\"><\/span><\/span><\/div>\n\n\n<style type=\"text\/css\" data-created_by=\"avia_inline_auto\" id=\"style-css-av-ah0xd-63338d9dc6b40410e22a712829c369d6\">\n#top .hr.hr-invisible.av-ah0xd-63338d9dc6b40410e22a712829c369d6{\nheight:50px;\n}\n<\/style>\n<div  class='hr av-ah0xd-63338d9dc6b40410e22a712829c369d6 hr-invisible  avia-builder-el-3  el_after_av_codeblock  el_before_av_textblock'><span class='hr-inner'><span class=\"hr-inner-style\"><\/span><\/span><\/div>\n<section  class='av_textblock_section av-lu8gow1e-300853e458ed741bd87d6cb78e55cc7a'  itemscope=\"itemscope\" itemtype=\"https:\/\/schema.org\/CreativeWork\" ><div class='avia_textblock'  itemprop=\"text\" ><h2>\u00bfPor qu\u00e9 es conocido el Iveco Daily?<\/h2>\n<p>El Iveco Daily, como el resto de <a href=\"https:\/\/www.vdhurk.nl\/es\/vehiculos-comerciales-iveco\/\">Veh\u00edculos comerciales Iveco<\/a>un veh\u00edculo fiable y vers\u00e1til. Este veh\u00edculo comercial tiene una serie de caracter\u00edsticas fuertes que lo hacen muy popular entre muchas empresas. Con la Iveco Daily, cubrir\u00e1s largas distancias sin esfuerzo.<br \/>\nIdeal si viaja a menudo por trabajo. Este modelo est\u00e1 disponible en diferentes versiones, por lo que siempre encontrar\u00e1 una que se adapte a sus necesidades espec\u00edficas. Sus potentes motores lo hacen perfecto para trabajos pesados, al tiempo que mantiene un consumo de combustible rentable. Tambi\u00e9n se beneficia de un espacioso maletero, por lo que siempre tendr\u00e1 espacio suficiente para todos sus materiales. En resumen, la Iveco Daily le ofrece todo lo que busca en un veh\u00edculo comercial.<\/p>\n<\/div><\/section>\n<div class='flex_column av-f64w1-da126f42b61613402309283c14245a25 av_one_half  avia-builder-el-5  el_after_av_textblock  el_before_av_one_third  first flex_column_div column-top-margin'   ><section  class='av_textblock_section av-lu8gpqre-73cc2c17e6a6497ba6e1b58af22bd9e8'  itemscope=\"itemscope\" itemtype=\"https:\/\/schema.org\/CreativeWork\" ><div class='avia_textblock'  itemprop=\"text\" ><h2>Disponible en diferentes versiones<\/h2>\n<p>La Iveco Daily est\u00e1 disponible en diferentes versiones, por lo que siempre encontrar\u00e1 un modelo que se adapte a sus necesidades. \u00bfPrefiere la transmisi\u00f3n manual para un mayor control y, a menudo, un mejor ahorro de combustible? \u00bfO prefiere la comodidad de un cambio autom\u00e1tico, ideal en condiciones de tr\u00e1fico denso? Adem\u00e1s, puede elegir entre diferentes a\u00f1os de modelo, kilometrajes y colores. Todos los modelos Iveco Daily tienen potentes motores diesel y var\u00edan en carga \u00fatil, por lo que tanto si transporta cargas ligeras como pesadas, siempre hay una versi\u00f3n que se adapta a su trabajo. Con la amplia capacidad de carga, \u00a1siempre estar\u00e1 bien preparado para cualquier trabajo!<\/p>\n<\/div><\/section><\/div><div class='flex_column av-aldk9-ee694297f5c4032981677a02caab84d6 av_one_third  avia-builder-el-7  el_after_av_one_half  el_before_av_hr  flex_column_div column-top-margin'   ><style type=\"text\/css\" data-created_by=\"avia_inline_auto\" id=\"style-css-av-l1w9kpsf-4ec3fab772ec7a9adaa33cfc64ff0475\">\n.avia-image-container.av-l1w9kpsf-4ec3fab772ec7a9adaa33cfc64ff0475 .av-image-caption-overlay-center{\ncolor:#ffffff;\n}\n<\/style>\n<div  class='avia-image-container av-l1w9kpsf-4ec3fab772ec7a9adaa33cfc64ff0475 av-styling- avia-align-center  avia-builder-el-8  avia-builder-el-no-sibling'  itemprop=\"image\" itemscope=\"itemscope\" itemtype=\"https:\/\/schema.org\/ImageObject\" ><div class=\"avia-image-container-inner\"><div class=\"avia-image-overlay-wrap\"><img decoding=\"async\" class='wp-image-187 avia-img-lazy-loading-not-187 avia_image' src=\"https:\/\/www.vdhurk.nl\/wp-content\/uploads\/2022\/03\/Voorrad.png\" alt='' title='Stock'  height=\"758\" width=\"1135\"  itemprop=\"thumbnailUrl\" srcset=\"https:\/\/www.vdhurk.nl\/wp-content\/uploads\/2022\/03\/Voorrad.png 1135w, https:\/\/www.vdhurk.nl\/wp-content\/uploads\/2022\/03\/Voorrad-300x200.png 300w, https:\/\/www.vdhurk.nl\/wp-content\/uploads\/2022\/03\/Voorrad-1030x688.png 1030w, https:\/\/www.vdhurk.nl\/wp-content\/uploads\/2022\/03\/Voorrad-768x513.png 768w, https:\/\/www.vdhurk.nl\/wp-content\/uploads\/2022\/03\/Voorrad-18x12.png 18w, https:\/\/www.vdhurk.nl\/wp-content\/uploads\/2022\/03\/Voorrad-705x471.png 705w\" sizes=\"(max-width: 1135px) 100vw, 1135px\" \/><\/div><\/div><\/div><\/div><\/p>\n\n<style type=\"text\/css\" data-created_by=\"avia_inline_auto\" id=\"style-css-av-luqrjpjc-5a23a1fb5f94718ca85316a9df963e2f\">\n#top .hr.hr-invisible.av-luqrjpjc-5a23a1fb5f94718ca85316a9df963e2f{\nheight:50px;\n}\n<\/style>\n<div  class='hr av-luqrjpjc-5a23a1fb5f94718ca85316a9df963e2f hr-invisible  avia-builder-el-9  el_after_av_one_third  el_before_av_textblock'><span class='hr-inner'><span class=\"hr-inner-style\"><\/span><\/span><\/div>\n<section  class='av_textblock_section av-lu8gtjw7-4f3cee9304909518d86d2860d9d582dd'  itemscope=\"itemscope\" itemtype=\"https:\/\/schema.org\/CreativeWork\" ><div class='avia_textblock'  itemprop=\"text\" ><h2>\u00bfEn qu\u00e9 rango de precios deber\u00eda pensar?<\/h2>\n<p>El precio de un Iveco Daily de ocasi\u00f3n depende de varios factores, como la versi\u00f3n, el a\u00f1o de fabricaci\u00f3n, el kilometraje y la carga \u00fatil. Tanto si busca una versi\u00f3n b\u00e1sica como una m\u00e1s lujosa, siempre hay una variante que se ajusta a su presupuesto y a sus necesidades empresariales. Lo que es seguro: con este coche de empresa, obtendr\u00e1 un veh\u00edculo de empresa fiable, vers\u00e1til y rentable. \u00bfQuiere saber qu\u00e9 opciones se ajustan a su presupuesto? No dude en ponerse en contacto con nosotros y le ayudaremos a encontrar la opci\u00f3n m\u00e1s adecuada.<\/p>\n<h2>Diferentes formas de pago: \u00bfcu\u00e1l es la mejor opci\u00f3n para usted?<\/h2>\n<p>En Van den Hurk tienes varias formas de pagar tu veh\u00edculo industrial. \u00bfLe gustar\u00eda comprar una Iveco Daily y pagarla de una sola vez? \u00bfO prefiere alquilar una Iveco Daily? Con <a href=\"https:\/\/www.vdhurk.nl\/es\/arrendamiento-financiero\/\">arrendamiento financiero<\/a> pagas una cantidad fija al mes, y el veh\u00edculo pasa a ser de tu propiedad durante el contrato de leasing. Cuando finalice este contrato de leasing, ser\u00e1s el orgulloso propietario de tu propio veh\u00edculo comercial. \u00bfQuiere saber cu\u00e1l es la mejor opci\u00f3n para usted? Estaremos encantados de ayudarle.<\/p>\n<h2>Consulte nuestra oferta actual o mant\u00e9ngase informado<\/h2>\n<p>\u00bfSe decide por una Iveco Daily de segunda mano o una variante nueva se adapta mejor a las necesidades de su negocio? Como concesionario de Iveco Daily, estamos preparados para ayudarle a tomar la decisi\u00f3n correcta. \u00bfTiene preguntas o necesita m\u00e1s informaci\u00f3n? No se preocupe. Su elecci\u00f3n es nuestra prioridad. Consulte nuestra oferta actual y descubra si su veh\u00edculo perfecto est\u00e1 entre ellos. \u00bfA\u00fan no has encontrado lo que buscas? Inscr\u00edbete en nuestro <a href=\"https:\/\/www.vdhurk.nl\/es\/alerta-de-valores\/\">alerta de valores<\/a> Y permanezca atento a las novedades.<\/p>\n<\/div><\/section>","protected":false},"excerpt":{"rendered":"","protected":false},"author":3,"featured_media":0,"parent":372067,"menu_order":0,"comment_status":"closed","ping_status":"closed","template":"","meta":{"_acf_changed":false,"_improvement_type_select":"improve_an_existing","_thumb_yes_seoaic":false,"_frame_yes_seoaic":false,"seoaic_generate_description":"","seoaic_improve_instructions_prompt":"","seoaic_rollback_content_improvement":"","seoaic_idea_thumbnail_generator":"","thumbnail_generated":false,"thumbnail_generate_prompt":"","seoaic_article_description":"","footnotes":""},"class_list":["post-409579","page","type-page","status-publish","hentry"],"acf":[],"yoast_head":"<!-- This site is optimized with the Yoast SEO plugin v27.3 - https:\/\/yoast.com\/product\/yoast-seo-wordpress\/ -->\n<title>Iveco Daily occasion kopen? Ontdek de voordelen!<\/title>\n<meta name=\"description\" content=\"Op zoek naar een Iveco Daily occasion? Bekijk dan ons actuele aanbod en vind een bedrijfsvoertuig die helemaal aansluit bij jouw wensen en behoeften.\" \/>\n<meta name=\"robots\" content=\"index, follow, max-snippet:-1, max-image-preview:large, max-video-preview:-1\" \/>\n<link rel=\"canonical\" href=\"https:\/\/www.vdhurk.nl\/es\/vehiculos-comerciales-iveco\/mercedes-8\/\" \/>\n<meta property=\"og:locale\" content=\"es_ES\" \/>\n<meta property=\"og:type\" content=\"article\" \/>\n<meta property=\"og:title\" content=\"Iveco Daily occasion kopen? Ontdek de voordelen!\" \/>\n<meta property=\"og:description\" content=\"Op zoek naar een Iveco Daily occasion? Bekijk dan ons actuele aanbod en vind een bedrijfsvoertuig die helemaal aansluit bij jouw wensen en behoeften.\" \/>\n<meta property=\"og:url\" content=\"https:\/\/www.vdhurk.nl\/es\/vehiculos-comerciales-iveco\/mercedes-8\/\" \/>\n<meta property=\"og:site_name\" content=\"Van den Hurk Bedrijfswagens\" \/>\n<meta name=\"twitter:card\" content=\"summary_large_image\" \/>\n<meta name=\"twitter:label1\" content=\"Tiempo de lectura\" \/>\n\t<meta name=\"twitter:data1\" content=\"5 minutos\" \/>\n<script type=\"application\/ld+json\" class=\"yoast-schema-graph\">{\"@context\":\"https:\\\/\\\/schema.org\",\"@graph\":[{\"@type\":\"WebPage\",\"@id\":\"https:\\\/\\\/www.vdhurk.nl\\\/iveco-bedrijfswagens\\\/daily\\\/\",\"url\":\"https:\\\/\\\/www.vdhurk.nl\\\/iveco-bedrijfswagens\\\/daily\\\/\",\"name\":\"Iveco Daily occasion kopen? Ontdek de voordelen!\",\"isPartOf\":{\"@id\":\"https:\\\/\\\/www.vdhurk.nl\\\/#website\"},\"datePublished\":\"2024-10-16T13:53:49+00:00\",\"description\":\"Op zoek naar een Iveco Daily occasion? Bekijk dan ons actuele aanbod en vind een bedrijfsvoertuig die helemaal aansluit bij jouw wensen en behoeften.\",\"breadcrumb\":{\"@id\":\"https:\\\/\\\/www.vdhurk.nl\\\/iveco-bedrijfswagens\\\/daily\\\/#breadcrumb\"},\"inLanguage\":\"es\",\"potentialAction\":[{\"@type\":\"ReadAction\",\"target\":[\"https:\\\/\\\/www.vdhurk.nl\\\/iveco-bedrijfswagens\\\/daily\\\/\"]}]},{\"@type\":\"BreadcrumbList\",\"@id\":\"https:\\\/\\\/www.vdhurk.nl\\\/iveco-bedrijfswagens\\\/daily\\\/#breadcrumb\",\"itemListElement\":[{\"@type\":\"ListItem\",\"position\":1,\"name\":\"Home\",\"item\":\"https:\\\/\\\/www.vdhurk.nl\\\/home\\\/\"},{\"@type\":\"ListItem\",\"position\":2,\"name\":\"Iveco Bedrijfswagens\",\"item\":\"https:\\\/\\\/www.vdhurk.nl\\\/iveco-bedrijfswagens\\\/\"},{\"@type\":\"ListItem\",\"position\":3,\"name\":\"Iveco Daily\"}]},{\"@type\":\"WebSite\",\"@id\":\"https:\\\/\\\/www.vdhurk.nl\\\/#website\",\"url\":\"https:\\\/\\\/www.vdhurk.nl\\\/\",\"name\":\"Van den Hurk Bedrijfswagens\",\"description\":\"Van den Hurk bedrijfswagens Helmond\",\"potentialAction\":[{\"@type\":\"SearchAction\",\"target\":{\"@type\":\"EntryPoint\",\"urlTemplate\":\"https:\\\/\\\/www.vdhurk.nl\\\/?s={search_term_string}\"},\"query-input\":{\"@type\":\"PropertyValueSpecification\",\"valueRequired\":true,\"valueName\":\"search_term_string\"}}],\"inLanguage\":\"es\"}]}<\/script>\n<!-- \/ Yoast SEO plugin. -->","yoast_head_json":{"title":"\u00bfComprar un Iveco Daily occasion? \u00a1Descubra las ventajas!","description":"\u00bfBusca un veh\u00edculo de ocasi\u00f3n Iveco Daily? Entonces eche un vistazo a nuestra oferta actual y encuentre un veh\u00edculo industrial que se adapte completamente a sus necesidades y deseos.","robots":{"index":"index","follow":"follow","max-snippet":"max-snippet:-1","max-image-preview":"max-image-preview:large","max-video-preview":"max-video-preview:-1"},"canonical":"https:\/\/www.vdhurk.nl\/es\/vehiculos-comerciales-iveco\/mercedes-8\/","og_locale":"es_ES","og_type":"article","og_title":"Iveco Daily occasion kopen? Ontdek de voordelen!","og_description":"Op zoek naar een Iveco Daily occasion? Bekijk dan ons actuele aanbod en vind een bedrijfsvoertuig die helemaal aansluit bij jouw wensen en behoeften.","og_url":"https:\/\/www.vdhurk.nl\/es\/vehiculos-comerciales-iveco\/mercedes-8\/","og_site_name":"Van den Hurk Bedrijfswagens","twitter_card":"summary_large_image","twitter_misc":{"Tiempo de lectura":"5 minutos"},"schema":{"@context":"https:\/\/schema.org","@graph":[{"@type":"WebPage","@id":"https:\/\/www.vdhurk.nl\/iveco-bedrijfswagens\/daily\/","url":"https:\/\/www.vdhurk.nl\/iveco-bedrijfswagens\/daily\/","name":"\u00bfComprar un Iveco Daily occasion? \u00a1Descubra las ventajas!","isPartOf":{"@id":"https:\/\/www.vdhurk.nl\/#website"},"datePublished":"2024-10-16T13:53:49+00:00","description":"\u00bfBusca un veh\u00edculo de ocasi\u00f3n Iveco Daily? Entonces eche un vistazo a nuestra oferta actual y encuentre un veh\u00edculo industrial que se adapte completamente a sus necesidades y deseos.","breadcrumb":{"@id":"https:\/\/www.vdhurk.nl\/iveco-bedrijfswagens\/daily\/#breadcrumb"},"inLanguage":"es","potentialAction":[{"@type":"ReadAction","target":["https:\/\/www.vdhurk.nl\/iveco-bedrijfswagens\/daily\/"]}]},{"@type":"BreadcrumbList","@id":"https:\/\/www.vdhurk.nl\/iveco-bedrijfswagens\/daily\/#breadcrumb","itemListElement":[{"@type":"ListItem","position":1,"name":"Home","item":"https:\/\/www.vdhurk.nl\/home\/"},{"@type":"ListItem","position":2,"name":"Iveco Bedrijfswagens","item":"https:\/\/www.vdhurk.nl\/iveco-bedrijfswagens\/"},{"@type":"ListItem","position":3,"name":"Iveco Daily"}]},{"@type":"WebSite","@id":"https:\/\/www.vdhurk.nl\/#website","url":"https:\/\/www.vdhurk.nl\/","name":"Veh\u00edculos comerciales Van den Hurk","description":"Van den Hurk veh\u00edculos comerciales Helmond","potentialAction":[{"@type":"SearchAction","target":{"@type":"EntryPoint","urlTemplate":"https:\/\/www.vdhurk.nl\/?s={search_term_string}"},"query-input":{"@type":"PropertyValueSpecification","valueRequired":true,"valueName":"search_term_string"}}],"inLanguage":"es"}]}},"_links":{"self":[{"href":"https:\/\/www.vdhurk.nl\/es\/wp-json\/wp\/v2\/pages\/409579","targetHints":{"allow":["GET"]}}],"collection":[{"href":"https:\/\/www.vdhurk.nl\/es\/wp-json\/wp\/v2\/pages"}],"about":[{"href":"https:\/\/www.vdhurk.nl\/es\/wp-json\/wp\/v2\/types\/page"}],"author":[{"embeddable":true,"href":"https:\/\/www.vdhurk.nl\/es\/wp-json\/wp\/v2\/users\/3"}],"replies":[{"embeddable":true,"href":"https:\/\/www.vdhurk.nl\/es\/wp-json\/wp\/v2\/comments?post=409579"}],"version-history":[{"count":1,"href":"https:\/\/www.vdhurk.nl\/es\/wp-json\/wp\/v2\/pages\/409579\/revisions"}],"predecessor-version":[{"id":409580,"href":"https:\/\/www.vdhurk.nl\/es\/wp-json\/wp\/v2\/pages\/409579\/revisions\/409580"}],"up":[{"embeddable":true,"href":"https:\/\/www.vdhurk.nl\/es\/wp-json\/wp\/v2\/pages\/372067"}],"wp:attachment":[{"href":"https:\/\/www.vdhurk.nl\/es\/wp-json\/wp\/v2\/media?parent=409579"}],"curies":[{"name":"wp","href":"https:\/\/api.w.org\/{rel}","templated":true}]}}