{"id":372079,"date":"2024-04-15T16:53:39","date_gmt":"2024-04-15T14:53:39","guid":{"rendered":"https:\/\/www.vdhurk.nl\/?page_id=372079"},"modified":"2024-04-16T14:11:22","modified_gmt":"2024-04-16T12:11:22","slug":"mercedes-13","status":"publish","type":"page","link":"https:\/\/www.vdhurk.nl\/es\/volkswagen-bedrijfswagens\/","title":{"rendered":"Volkswagen Veh\u00edculos Comerciales"},"content":{"rendered":"<section  class='av_textblock_section av-lu8gnh7d-4ac895489941e586c1d7c8cb72318135'  itemscope=\"itemscope\" itemtype=\"https:\/\/schema.org\/CreativeWork\" ><div class='avia_textblock'  itemprop=\"text\" ><h1><b>Seguridad en la carretera con los veh\u00edculos comerciales Volkswagen<\/b><\/h1>\n<p>Volkswagen ha alcanzado una posici\u00f3n destacada en la industria del autom\u00f3vil. La marca lo debe en parte a su innovaci\u00f3n y sostenibilidad. Como nombre l\u00edder en movilidad, la marca ofrece veh\u00edculos funcionales que se adaptan bien al uso empresarial. Los veh\u00edculos comerciales Volkswagen simbolizan fiabilidad y progreso.<\/p>\n<\/div><\/section>\n\n<style type=\"text\/css\" data-created_by=\"avia_inline_auto\" id=\"style-css-av-lujjddpd-afa3d7a9eabd61123e643ed1228e781e\">\n#top .hr.hr-invisible.av-lujjddpd-afa3d7a9eabd61123e643ed1228e781e{\nheight:50px;\n}\n<\/style>\n<div  class='hr av-lujjddpd-afa3d7a9eabd61123e643ed1228e781e hr-invisible  avia-builder-el-1  el_after_av_textblock  el_before_av_codeblock'><span class='hr-inner'><span class=\"hr-inner-style\"><\/span><\/span><\/div>\n\n\n<style type=\"text\/css\" data-created_by=\"avia_inline_auto\" id=\"style-css-av-ah0xd-63338d9dc6b40410e22a712829c369d6\">\n#top .hr.hr-invisible.av-ah0xd-63338d9dc6b40410e22a712829c369d6{\nheight:50px;\n}\n<\/style>\n<div  class='hr av-ah0xd-63338d9dc6b40410e22a712829c369d6 hr-invisible  avia-builder-el-3  el_after_av_codeblock  el_before_av_buttonrow'><span class='hr-inner'><span class=\"hr-inner-style\"><\/span><\/span><\/div>\n<div  class='avia-buttonrow-wrap av-lujhssae-cff7d852879371e1ec58a3b104a5d229 avia-buttonrow-center  avia-builder-el-4  el_after_av_hr  el_before_av_hr'>\n\n<style type=\"text\/css\" data-created_by=\"avia_inline_auto\" id=\"style-css-av-lujhtay0-66b3e0c2bf74ffb01ae6511bbad0699a\">\n#top #wrap_all .avia-button.av-lujhtay0-66b3e0c2bf74ffb01ae6511bbad0699a{\nmargin-bottom:5px;\nmargin-right:3px;\nmargin-left:3px;\n}\n<\/style>\n<a href='https:\/\/www.vdhurk.nl\/es\/vehiculos-comerciales\/#q1bKTS3KVrJSKsvPyS4uT0xPzVPSUcovSkktSqoEChcUZWYV65UB1eTnF4A58QWJRSWZyaU5malFVimpxclKtQA'  class='avia-button av-lujhtay0-66b3e0c2bf74ffb01ae6511bbad0699a avia-icon_select-yes-right-icon avia-size-x-large avia-color-theme-color'  ><span class='avia_iconbox_title' >\u00bfTienes curiosidad por conocer la gama completa de veh\u00edculos comerciales Volkswagen? No dudes en echar un vistazo.<\/span><span class='avia_button_icon avia_button_icon_right' aria-hidden='true' data-av_icon='\ue871' data-av_iconfont='entypo-fontello'><\/span><\/a>\n<\/div>\n\n<style type=\"text\/css\" data-created_by=\"avia_inline_auto\" id=\"style-css-av-o1d5-cf77288da24053faf1b6ffbefcfc6222\">\n#top .hr.hr-invisible.av-o1d5-cf77288da24053faf1b6ffbefcfc6222{\nheight:50px;\n}\n<\/style>\n<div  class='hr av-o1d5-cf77288da24053faf1b6ffbefcfc6222 hr-invisible  avia-builder-el-5  el_after_av_buttonrow  el_before_av_textblock'><span class='hr-inner'><span class=\"hr-inner-style\"><\/span><\/span><\/div>\n<section  class='av_textblock_section av-lu8gow1e-300853e458ed741bd87d6cb78e55cc7a'  itemscope=\"itemscope\" itemtype=\"https:\/\/schema.org\/CreativeWork\" ><div class='avia_textblock'  itemprop=\"text\" ><h2><b>La historia de Volkswagen<\/b><\/h2>\n<p>Volkswagen tiene una rica historia. A lo largo de los a\u00f1os, Volkswagen se ha consolidado como l\u00edder en el mercado de veh\u00edculos comerciales. Se centran en la innovaci\u00f3n, la calidad y la fiabilidad. La marca desarrolla y adapta constantemente sus veh\u00edculos comerciales para seguir satisfaciendo las necesidades de los usuarios empresariales. Los modelos que producen van desde furgonetas compactas hasta veh\u00edculos comerciales robustos adecuados para una amplia posibilidad de aplicaciones. La marca ha adquirido una presencia mundial y sigue siendo un actor importante en la industria del autom\u00f3vil, al tiempo que se mantiene fiel a su artesan\u00eda.<\/p>\n<h2><strong>Ventajas: \u00bfpor qu\u00e9 son populares los autobuses Volkswagen?<\/strong><\/h2>\n<ul>\n<li aria-level=\"1\"><b>Fiabilidad<\/b>La marca es conocida por la fiabilidad de sus veh\u00edculos comerciales, esencial para las empresas que circulan a diario.<\/li>\n<li aria-level=\"1\"><b>Versatilidad<\/b>La gama de Volkswagen ofrece una amplia variedad de modelos. Desde furgonetas compactas hasta veh\u00edculos comerciales de mayor tama\u00f1o. Esto permite a los usuarios empresariales encontrar la soluci\u00f3n adecuada que se adapte a sus necesidades espec\u00edficas en cada momento.<\/li>\n<li aria-level=\"1\"><b>Confort y eficacia<\/b>Los modelos de la marca ofrecen experiencias de conducci\u00f3n confortables y eficiencia de combustible. Esto es especialmente necesario para los usuarios con un kilometraje elevado.<\/li>\n<li aria-level=\"1\"><b>Desarrollos innovadores<\/b>La marca sigue invirtiendo en tecnolog\u00edas y caracter\u00edsticas innovadoras. Entre ellas se incluyen funciones de seguridad avanzadas y cadenas cinem\u00e1ticas ecol\u00f3gicas. Esto los mantiene atractivos para los usuarios empresariales que buscan soluciones modernas.<\/li>\n<li aria-level=\"1\"><b>Buena reputaci\u00f3n<\/b>La marca se ha forjado una buena reputaci\u00f3n a lo largo de las d\u00e9cadas. Se les considera una marca de coches fiable y adecuada para el uso profesional.<\/li>\n<\/ul>\n<p><b>\u00bfPara qu\u00e9 se utilizan principalmente los veh\u00edculos comerciales Volkswagen?<\/b><\/p>\n<p>Los veh\u00edculos comerciales de Volkswagen se utilizan para diversos fines empresariales. Su versatilidad, fiabilidad y eficiencia hacen que los modelos sean muy adecuados para diferentes aplicaciones. Se utilizan sobre todo para:<\/p>\n<ul>\n<li aria-level=\"1\"><b>Transporte de mercanc\u00edas<\/b>: Los autobuses y otros veh\u00edculos comerciales de la marca se utilizan a menudo para transportar mercanc\u00edas: desde peque\u00f1as entregas hasta grandes cargas. Los veh\u00edculos comerciales Volkswagen ofrecen un amplio espacio de carga e incluso pueden personalizarse con diversas opciones de almacenamiento para satisfacer las necesidades espec\u00edficas de las empresas.<\/li>\n<li aria-level=\"1\"><b>Servicio y mantenimiento<\/b>Los mec\u00e1nicos, electricistas, fontaneros y otros profesionales utilizan a menudo coches Volkswagen para desplazarse a los lugares donde realizan trabajos de servicio y mantenimiento. Los veh\u00edculos ofrecen espacio para herramientas y equipos. Adem\u00e1s, los veh\u00edculos tambi\u00e9n tienen cabinas c\u00f3modas para largas distancias.<\/li>\n<li aria-level=\"1\"><b>Transporte de pasajeros<\/b>Los modelos son adecuados no s\u00f3lo para el transporte de mercanc\u00edas, sino tambi\u00e9n de personal. Piense, por ejemplo, en servicios de lanzadera para empleados, taxis, servicios de hotel y autobuses lanzadera para eventos.<\/li>\n<\/ul>\n<h2><b>Opciones financieras<\/b><\/h2>\n<p>Si est\u00e1s interesado en un Volkswagen, tienes varias opciones para comprar un veh\u00edculo comercial. La primera opci\u00f3n es la m\u00e1s obvia: comprar una furgoneta Volkswagen. Cuando compras un veh\u00edculo, te conviertes en el propietario y no tienes que lidiar con las restricciones de kilometraje, por ejemplo. La segunda opci\u00f3n que ofrece Van den Hurk es alquilar un autob\u00fas Volkswagen. En <a href=\"https:\/\/www.vdhurk.nl\/es\/arrendamiento-financiero\/\">arrendamiento<\/a> tiene la ventaja de unos costes iniciales m\u00e1s bajos. Adem\u00e1s, los costes son tambi\u00e9n m\u00e1s previsibles. \u00bfQuiere saber cu\u00e1l es la mejor opci\u00f3n para usted? Estaremos encantados de ayudarle.<\/p>\n<h2><b>Modelos de segunda mano<\/b><\/h2>\n<p>En Van den Hurk, puede elegir un autob\u00fas Volkswagen de ocasi\u00f3n. Veh\u00edculos comerciales usados son populares para muchos usuarios de negocios. Esto se debe a que son fiables y asequibles. De hecho, comprar un autob\u00fas Volkswagen de segunda mano es mucho m\u00e1s barato que optar por un modelo nuevo. Estaremos encantados de ayudarle a encontrar un modelo adecuado a sus necesidades espec\u00edficas.<\/p>\n<\/div><\/section>","protected":false},"excerpt":{"rendered":"","protected":false},"author":3,"featured_media":0,"parent":0,"menu_order":0,"comment_status":"closed","ping_status":"closed","template":"","meta":{"_acf_changed":false,"_improvement_type_select":"improve_an_existing","_thumb_yes_seoaic":false,"_frame_yes_seoaic":false,"seoaic_generate_description":"","seoaic_improve_instructions_prompt":"","seoaic_rollback_content_improvement":"","seoaic_idea_thumbnail_generator":"","thumbnail_generated":false,"thumbnail_generate_prompt":"","seoaic_article_description":"","footnotes":""},"class_list":["post-372079","page","type-page","status-publish","hentry"],"acf":[],"yoast_head":"<!-- This site is optimized with the Yoast SEO plugin v27.3 - https:\/\/yoast.com\/product\/yoast-seo-wordpress\/ -->\n<title>Alles onder \u00e9\u00e9n dak met de Volkswagen bedrijfswagens<\/title>\n<meta name=\"description\" content=\"Ben jij op zoek naar een goed functionerend voertuig voor zakelijk gebruik? Ontdek dan alles over de Volkswagen bedrijfswagens.\" \/>\n<meta name=\"robots\" content=\"index, follow, max-snippet:-1, max-image-preview:large, max-video-preview:-1\" \/>\n<link rel=\"canonical\" href=\"https:\/\/www.vdhurk.nl\/es\/mercedes-13\/\" \/>\n<meta property=\"og:locale\" content=\"es_ES\" \/>\n<meta property=\"og:type\" content=\"article\" \/>\n<meta property=\"og:title\" content=\"Alles onder \u00e9\u00e9n dak met de Volkswagen bedrijfswagens\" \/>\n<meta property=\"og:description\" content=\"Ben jij op zoek naar een goed functionerend voertuig voor zakelijk gebruik? Ontdek dan alles over de Volkswagen bedrijfswagens.\" \/>\n<meta property=\"og:url\" content=\"https:\/\/www.vdhurk.nl\/es\/mercedes-13\/\" \/>\n<meta property=\"og:site_name\" content=\"Van den Hurk Bedrijfswagens\" \/>\n<meta property=\"article:modified_time\" content=\"2024-04-16T12:11:22+00:00\" \/>\n<meta name=\"twitter:card\" content=\"summary_large_image\" \/>\n<meta name=\"twitter:label1\" content=\"Tiempo de lectura\" \/>\n\t<meta name=\"twitter:data1\" content=\"4 minutos\" \/>\n<script type=\"application\/ld+json\" class=\"yoast-schema-graph\">{\"@context\":\"https:\\\/\\\/schema.org\",\"@graph\":[{\"@type\":\"WebPage\",\"@id\":\"https:\\\/\\\/www.vdhurk.nl\\\/volkswagen-bedrijfswagens\\\/\",\"url\":\"https:\\\/\\\/www.vdhurk.nl\\\/volkswagen-bedrijfswagens\\\/\",\"name\":\"Alles onder \u00e9\u00e9n dak met de Volkswagen bedrijfswagens\",\"isPartOf\":{\"@id\":\"https:\\\/\\\/www.vdhurk.nl\\\/#website\"},\"datePublished\":\"2024-04-15T14:53:39+00:00\",\"dateModified\":\"2024-04-16T12:11:22+00:00\",\"description\":\"Ben jij op zoek naar een goed functionerend voertuig voor zakelijk gebruik? Ontdek dan alles over de Volkswagen bedrijfswagens.\",\"breadcrumb\":{\"@id\":\"https:\\\/\\\/www.vdhurk.nl\\\/volkswagen-bedrijfswagens\\\/#breadcrumb\"},\"inLanguage\":\"es\",\"potentialAction\":[{\"@type\":\"ReadAction\",\"target\":[\"https:\\\/\\\/www.vdhurk.nl\\\/volkswagen-bedrijfswagens\\\/\"]}]},{\"@type\":\"BreadcrumbList\",\"@id\":\"https:\\\/\\\/www.vdhurk.nl\\\/volkswagen-bedrijfswagens\\\/#breadcrumb\",\"itemListElement\":[{\"@type\":\"ListItem\",\"position\":1,\"name\":\"Home\",\"item\":\"https:\\\/\\\/www.vdhurk.nl\\\/home\\\/\"},{\"@type\":\"ListItem\",\"position\":2,\"name\":\"Volkswagen Bedrijfswagens\"}]},{\"@type\":\"WebSite\",\"@id\":\"https:\\\/\\\/www.vdhurk.nl\\\/#website\",\"url\":\"https:\\\/\\\/www.vdhurk.nl\\\/\",\"name\":\"Van den Hurk Bedrijfswagens\",\"description\":\"Van den Hurk bedrijfswagens Helmond\",\"potentialAction\":[{\"@type\":\"SearchAction\",\"target\":{\"@type\":\"EntryPoint\",\"urlTemplate\":\"https:\\\/\\\/www.vdhurk.nl\\\/?s={search_term_string}\"},\"query-input\":{\"@type\":\"PropertyValueSpecification\",\"valueRequired\":true,\"valueName\":\"search_term_string\"}}],\"inLanguage\":\"es\"}]}<\/script>\n<!-- \/ Yoast SEO plugin. -->","yoast_head_json":{"title":"Todo bajo el mismo techo con los veh\u00edculos comerciales Volkswagen","description":"\u00bfBuscas un veh\u00edculo de altas prestaciones para uso profesional? Entonces desc\u00fabrelo todo sobre los veh\u00edculos comerciales Volkswagen.","robots":{"index":"index","follow":"follow","max-snippet":"max-snippet:-1","max-image-preview":"max-image-preview:large","max-video-preview":"max-video-preview:-1"},"canonical":"https:\/\/www.vdhurk.nl\/es\/mercedes-13\/","og_locale":"es_ES","og_type":"article","og_title":"Alles onder \u00e9\u00e9n dak met de Volkswagen bedrijfswagens","og_description":"Ben jij op zoek naar een goed functionerend voertuig voor zakelijk gebruik? Ontdek dan alles over de Volkswagen bedrijfswagens.","og_url":"https:\/\/www.vdhurk.nl\/es\/mercedes-13\/","og_site_name":"Van den Hurk Bedrijfswagens","article_modified_time":"2024-04-16T12:11:22+00:00","twitter_card":"summary_large_image","twitter_misc":{"Tiempo de lectura":"4 minutos"},"schema":{"@context":"https:\/\/schema.org","@graph":[{"@type":"WebPage","@id":"https:\/\/www.vdhurk.nl\/volkswagen-bedrijfswagens\/","url":"https:\/\/www.vdhurk.nl\/volkswagen-bedrijfswagens\/","name":"Todo bajo el mismo techo con los veh\u00edculos comerciales Volkswagen","isPartOf":{"@id":"https:\/\/www.vdhurk.nl\/#website"},"datePublished":"2024-04-15T14:53:39+00:00","dateModified":"2024-04-16T12:11:22+00:00","description":"\u00bfBuscas un veh\u00edculo de altas prestaciones para uso profesional? Entonces desc\u00fabrelo todo sobre los veh\u00edculos comerciales Volkswagen.","breadcrumb":{"@id":"https:\/\/www.vdhurk.nl\/volkswagen-bedrijfswagens\/#breadcrumb"},"inLanguage":"es","potentialAction":[{"@type":"ReadAction","target":["https:\/\/www.vdhurk.nl\/volkswagen-bedrijfswagens\/"]}]},{"@type":"BreadcrumbList","@id":"https:\/\/www.vdhurk.nl\/volkswagen-bedrijfswagens\/#breadcrumb","itemListElement":[{"@type":"ListItem","position":1,"name":"Home","item":"https:\/\/www.vdhurk.nl\/home\/"},{"@type":"ListItem","position":2,"name":"Volkswagen Bedrijfswagens"}]},{"@type":"WebSite","@id":"https:\/\/www.vdhurk.nl\/#website","url":"https:\/\/www.vdhurk.nl\/","name":"Veh\u00edculos comerciales Van den Hurk","description":"Van den Hurk veh\u00edculos comerciales Helmond","potentialAction":[{"@type":"SearchAction","target":{"@type":"EntryPoint","urlTemplate":"https:\/\/www.vdhurk.nl\/?s={search_term_string}"},"query-input":{"@type":"PropertyValueSpecification","valueRequired":true,"valueName":"search_term_string"}}],"inLanguage":"es"}]}},"_links":{"self":[{"href":"https:\/\/www.vdhurk.nl\/es\/wp-json\/wp\/v2\/pages\/372079","targetHints":{"allow":["GET"]}}],"collection":[{"href":"https:\/\/www.vdhurk.nl\/es\/wp-json\/wp\/v2\/pages"}],"about":[{"href":"https:\/\/www.vdhurk.nl\/es\/wp-json\/wp\/v2\/types\/page"}],"author":[{"embeddable":true,"href":"https:\/\/www.vdhurk.nl\/es\/wp-json\/wp\/v2\/users\/3"}],"replies":[{"embeddable":true,"href":"https:\/\/www.vdhurk.nl\/es\/wp-json\/wp\/v2\/comments?post=372079"}],"version-history":[{"count":3,"href":"https:\/\/www.vdhurk.nl\/es\/wp-json\/wp\/v2\/pages\/372079\/revisions"}],"predecessor-version":[{"id":372425,"href":"https:\/\/www.vdhurk.nl\/es\/wp-json\/wp\/v2\/pages\/372079\/revisions\/372425"}],"wp:attachment":[{"href":"https:\/\/www.vdhurk.nl\/es\/wp-json\/wp\/v2\/media?parent=372079"}],"curies":[{"name":"wp","href":"https:\/\/api.w.org\/{rel}","templated":true}]}}