{"id":372067,"date":"2024-04-16T14:04:50","date_gmt":"2024-04-16T12:04:50","guid":{"rendered":"https:\/\/www.vdhurk.nl\/?page_id=372067"},"modified":"2024-04-16T14:04:50","modified_gmt":"2024-04-16T12:04:50","slug":"vehiculos-comerciales-iveco","status":"publish","type":"page","link":"https:\/\/www.vdhurk.nl\/es\/iveco-bedrijfswagens\/","title":{"rendered":"Iveco Veh\u00edculos Comerciales"},"content":{"rendered":"<section  class='av_textblock_section av-lu8gnh7d-4ac895489941e586c1d7c8cb72318135'  itemscope=\"itemscope\" itemtype=\"https:\/\/schema.org\/CreativeWork\" ><div class='avia_textblock'  itemprop=\"text\" ><h1><b>Descubra la versatilidad de Iveco: veh\u00edculos comerciales fiables para cualquier tarea<\/b><\/h1>\n<p>En Van den Hurk encontrar\u00e1 una gran variedad de veh\u00edculos comerciales Iveco. Esta marca tiene presencia mundial y es conocida por su amplia gama de veh\u00edculos comerciales, que incluye camiones, furgonetas, autobuses y veh\u00edculos especiales. Iveco se ha forjado una s\u00f3lida reputaci\u00f3n de fiabilidad, eficiencia e innovaci\u00f3n en el sector del transporte. Esto les convierte en uno de los principales actores de la industria automovil\u00edstica.<\/p>\n<\/div><\/section>\n\n<style type=\"text\/css\" data-created_by=\"avia_inline_auto\" id=\"style-css-av-lujjddpd-afa3d7a9eabd61123e643ed1228e781e\">\n#top .hr.hr-invisible.av-lujjddpd-afa3d7a9eabd61123e643ed1228e781e{\nheight:50px;\n}\n<\/style>\n<div  class='hr av-lujjddpd-afa3d7a9eabd61123e643ed1228e781e hr-invisible  avia-builder-el-1  el_after_av_textblock  el_before_av_codeblock'><span class='hr-inner'><span class=\"hr-inner-style\"><\/span><\/span><\/div>\n\n\n<style type=\"text\/css\" data-created_by=\"avia_inline_auto\" id=\"style-css-av-o1d5-cf77288da24053faf1b6ffbefcfc6222\">\n#top .hr.hr-invisible.av-o1d5-cf77288da24053faf1b6ffbefcfc6222{\nheight:50px;\n}\n<\/style>\n<div  class='hr av-o1d5-cf77288da24053faf1b6ffbefcfc6222 hr-invisible  avia-builder-el-3  el_after_av_codeblock  el_before_av_textblock'><span class='hr-inner'><span class=\"hr-inner-style\"><\/span><\/span><\/div>\n<section  class='av_textblock_section av-lu8gtjw7-4f3cee9304909518d86d2860d9d582dd'  itemscope=\"itemscope\" itemtype=\"https:\/\/schema.org\/CreativeWork\" ><div class='avia_textblock'  itemprop=\"text\" ><h2><b>\u00bfC\u00f3mo naci\u00f3 Iveco?<\/b><\/h2>\n<p>Iveco se cre\u00f3 en 1970 a partir de la fusi\u00f3n de varias empresas. La marca comenz\u00f3 con un ambicioso plan para reforzar el mercado de veh\u00edculos comerciales. Pronto creci\u00f3 hasta convertirse en un poderoso actor dentro de la industria del autom\u00f3vil. Iveco combina conocimientos y recursos que le permiten trabajar con eficacia y desarrollar soluciones innovadoras. A lo largo de los a\u00f1os, la marca ha ampliado su presencia global a trav\u00e9s de instalaciones de producci\u00f3n y canales de distribuci\u00f3n en varios pa\u00edses del mundo.<\/p>\n<h2><b>\u00bfPor qu\u00e9 son tan populares estos veh\u00edculos comerciales?<\/b><\/h2>\n<p>Los autobuses y otros veh\u00edculos Iveco gozan de popularidad en todo el mundo. Esto se debe en parte a:<\/p>\n<ul>\n<li aria-level=\"1\"><b>Fiabilidad:<\/b> La marca es conocida por sus veh\u00edculos comerciales fiables, dise\u00f1ados para durar y rendir en condiciones duras. Ya son muchas las empresas que conf\u00edan en los veh\u00edculos Iveco.<\/li>\n<li aria-level=\"1\"><b>Versatilidad: <\/b>La oferta de Iveco incluye diversos veh\u00edculos comerciales. Esta versatilidad permite a los clientes encontrar el veh\u00edculo adecuado a sus necesidades espec\u00edficas.<\/li>\n<li aria-level=\"1\"><b>Innovaci\u00f3n<\/b>: Iveco mantiene su compromiso con la innovaci\u00f3n, invirtiendo constantemente en nuevas tecnolog\u00edas para mejorar sus veh\u00edculos.<\/li>\n<li aria-level=\"1\"><b>Sostenibilidad:<\/b> La marca se centra en reducir el impacto medioambiental de sus veh\u00edculos. Para ello, utilizan motores m\u00e1s eficientes, promueven los combustibles alternativos y exploran oportunidades de electrificaci\u00f3n.<\/li>\n<\/ul>\n<h2><b>\u00bfQu\u00e9 diferencia a Iveco de otras marcas de autom\u00f3viles?<\/b><\/h2>\n<p>Iveco se distingue en varios aspectos. Se centra en veh\u00edculos comerciales y es conocida por su diversidad de veh\u00edculos. Se centran principalmente en el sector del transporte y la log\u00edstica. Tambi\u00e9n hacen uso de diversas tecnolog\u00edas innovadoras. Por ejemplo, todos los veh\u00edculos est\u00e1n equipados con motores eficientes, funciones de seguridad avanzadas y cadenas cinem\u00e1ticas ecol\u00f3gicas. Adem\u00e1s, valoran la sostenibilidad y el respeto al medio ambiente. Se comprometen a reducir su impacto en el medio ambiente. Todos estos aspectos hacen de Iveco una marca \u00fanica dentro de la industria del autom\u00f3vil.<\/p>\n<h2><b>Opciones de financiaci\u00f3n<\/b><\/h2>\n<h3><b>Comprar<\/b><\/h3>\n<p>En Van den Hurk, tiene varias opciones de financiaci\u00f3n. Comprar un autob\u00fas Iveco es una de estas opciones. La ventaja de la compra es que te conviertes en tu propio comprometido. As\u00ed que tienes pleno control sobre el veh\u00edculo, sin pagos mensuales de leasing. Adem\u00e1s, no tiene que preocuparse por las restricciones de kilometraje. Esto es especialmente ventajoso cuando hay mucha actividad de conducci\u00f3n.<\/p>\n<h3><b>Arrendamiento<\/b><\/h3>\n<p>Arrendar un autob\u00fas Iveco es la otra opci\u00f3n. La ventaja es que los costes iniciales son inferiores a los de la compra. Esto le da m\u00e1s flexibilidad financiera como empresa. Adem\u00e1s, sus gastos mensuales son predecibles. Esto se debe a que tiene un contrato de arrendamiento en el que paga una cantidad fija al mes.<\/p>\n<h2><b>Elija el modelo que mejor se adapte a sus necesidades<\/b><\/h2>\n<p>Dentro de nuestra gama, encontrar\u00e1 diferentes modelos usados de la marca Iveco. \u00bfQu\u00e9 modelo es el m\u00e1s adecuado para usted? Eso depende totalmente de sus deseos y necesidades. Uno de los modelos que ofrecemos es el Iveco daily occasion. Este modelo ofrece una opci\u00f3n atractiva para empresas y empresarios que buscan un modelo fiable a un precio relativamente m\u00e1s bajo que al comprar un veh\u00edculo nuevo.<\/p>\n<\/div><\/section>","protected":false},"excerpt":{"rendered":"","protected":false},"author":3,"featured_media":0,"parent":0,"menu_order":0,"comment_status":"closed","ping_status":"closed","template":"","meta":{"_acf_changed":false,"_improvement_type_select":"improve_an_existing","_thumb_yes_seoaic":false,"_frame_yes_seoaic":false,"seoaic_generate_description":"","seoaic_improve_instructions_prompt":"","seoaic_rollback_content_improvement":"","seoaic_idea_thumbnail_generator":"","thumbnail_generated":false,"thumbnail_generate_prompt":"","seoaic_article_description":"","footnotes":""},"class_list":["post-372067","page","type-page","status-publish","hentry"],"acf":[],"yoast_head":"<!-- This site is optimized with the Yoast SEO plugin v27.5 - https:\/\/yoast.com\/product\/yoast-seo-wordpress\/ -->\n<title>Iveco bedrijfswagens: voor duurzaam en betrouwbaar transport<\/title>\n<meta name=\"description\" content=\"Bekijk het aanbod met Iveco bedrijfswagens en kies het voertuig dat helemaal aansluit aan jouw wensen en behoeften. Ontdek nu!\" \/>\n<meta name=\"robots\" content=\"index, follow, max-snippet:-1, max-image-preview:large, max-video-preview:-1\" \/>\n<link rel=\"canonical\" href=\"https:\/\/www.vdhurk.nl\/es\/vehiculos-comerciales-iveco\/\" \/>\n<meta property=\"og:locale\" content=\"es_ES\" \/>\n<meta property=\"og:type\" content=\"article\" \/>\n<meta property=\"og:title\" content=\"Iveco bedrijfswagens: voor duurzaam en betrouwbaar transport\" \/>\n<meta property=\"og:description\" content=\"Bekijk het aanbod met Iveco bedrijfswagens en kies het voertuig dat helemaal aansluit aan jouw wensen en behoeften. Ontdek nu!\" \/>\n<meta property=\"og:url\" content=\"https:\/\/www.vdhurk.nl\/es\/vehiculos-comerciales-iveco\/\" \/>\n<meta property=\"og:site_name\" content=\"Van den Hurk Bedrijfswagens\" \/>\n<meta name=\"twitter:card\" content=\"summary_large_image\" \/>\n<meta name=\"twitter:label1\" content=\"Tiempo de lectura\" \/>\n\t<meta name=\"twitter:data1\" content=\"4 minutos\" \/>\n<script type=\"application\/ld+json\" class=\"yoast-schema-graph\">{\"@context\":\"https:\\\/\\\/schema.org\",\"@graph\":[{\"@type\":\"WebPage\",\"@id\":\"https:\\\/\\\/www.vdhurk.nl\\\/iveco-bedrijfswagens\\\/\",\"url\":\"https:\\\/\\\/www.vdhurk.nl\\\/iveco-bedrijfswagens\\\/\",\"name\":\"Iveco bedrijfswagens: voor duurzaam en betrouwbaar transport\",\"isPartOf\":{\"@id\":\"https:\\\/\\\/www.vdhurk.nl\\\/#website\"},\"datePublished\":\"2024-04-16T12:04:50+00:00\",\"description\":\"Bekijk het aanbod met Iveco bedrijfswagens en kies het voertuig dat helemaal aansluit aan jouw wensen en behoeften. Ontdek nu!\",\"breadcrumb\":{\"@id\":\"https:\\\/\\\/www.vdhurk.nl\\\/iveco-bedrijfswagens\\\/#breadcrumb\"},\"inLanguage\":\"es\",\"potentialAction\":[{\"@type\":\"ReadAction\",\"target\":[\"https:\\\/\\\/www.vdhurk.nl\\\/iveco-bedrijfswagens\\\/\"]}]},{\"@type\":\"BreadcrumbList\",\"@id\":\"https:\\\/\\\/www.vdhurk.nl\\\/iveco-bedrijfswagens\\\/#breadcrumb\",\"itemListElement\":[{\"@type\":\"ListItem\",\"position\":1,\"name\":\"Home\",\"item\":\"https:\\\/\\\/www.vdhurk.nl\\\/home\\\/\"},{\"@type\":\"ListItem\",\"position\":2,\"name\":\"Iveco Bedrijfswagens\"}]},{\"@type\":\"WebSite\",\"@id\":\"https:\\\/\\\/www.vdhurk.nl\\\/#website\",\"url\":\"https:\\\/\\\/www.vdhurk.nl\\\/\",\"name\":\"Van den Hurk Bedrijfswagens\",\"description\":\"Van den Hurk bedrijfswagens Helmond\",\"potentialAction\":[{\"@type\":\"SearchAction\",\"target\":{\"@type\":\"EntryPoint\",\"urlTemplate\":\"https:\\\/\\\/www.vdhurk.nl\\\/?s={search_term_string}\"},\"query-input\":{\"@type\":\"PropertyValueSpecification\",\"valueRequired\":true,\"valueName\":\"search_term_string\"}}],\"inLanguage\":\"es\"}]}<\/script>\n<!-- \/ Yoast SEO plugin. -->","yoast_head_json":{"title":"Veh\u00edculos comerciales Iveco: para un transporte sostenible y fiable","description":"Eche un vistazo a la gama de veh\u00edculos comerciales Iveco y elija el veh\u00edculo que mejor se adapte a sus necesidades. \u00a1Desc\u00fabrelo ahora!","robots":{"index":"index","follow":"follow","max-snippet":"max-snippet:-1","max-image-preview":"max-image-preview:large","max-video-preview":"max-video-preview:-1"},"canonical":"https:\/\/www.vdhurk.nl\/es\/vehiculos-comerciales-iveco\/","og_locale":"es_ES","og_type":"article","og_title":"Iveco bedrijfswagens: voor duurzaam en betrouwbaar transport","og_description":"Bekijk het aanbod met Iveco bedrijfswagens en kies het voertuig dat helemaal aansluit aan jouw wensen en behoeften. Ontdek nu!","og_url":"https:\/\/www.vdhurk.nl\/es\/vehiculos-comerciales-iveco\/","og_site_name":"Van den Hurk Bedrijfswagens","twitter_card":"summary_large_image","twitter_misc":{"Tiempo de lectura":"4 minutos"},"schema":{"@context":"https:\/\/schema.org","@graph":[{"@type":"WebPage","@id":"https:\/\/www.vdhurk.nl\/iveco-bedrijfswagens\/","url":"https:\/\/www.vdhurk.nl\/iveco-bedrijfswagens\/","name":"Veh\u00edculos comerciales Iveco: para un transporte sostenible y fiable","isPartOf":{"@id":"https:\/\/www.vdhurk.nl\/#website"},"datePublished":"2024-04-16T12:04:50+00:00","description":"Eche un vistazo a la gama de veh\u00edculos comerciales Iveco y elija el veh\u00edculo que mejor se adapte a sus necesidades. \u00a1Desc\u00fabrelo ahora!","breadcrumb":{"@id":"https:\/\/www.vdhurk.nl\/iveco-bedrijfswagens\/#breadcrumb"},"inLanguage":"es","potentialAction":[{"@type":"ReadAction","target":["https:\/\/www.vdhurk.nl\/iveco-bedrijfswagens\/"]}]},{"@type":"BreadcrumbList","@id":"https:\/\/www.vdhurk.nl\/iveco-bedrijfswagens\/#breadcrumb","itemListElement":[{"@type":"ListItem","position":1,"name":"Home","item":"https:\/\/www.vdhurk.nl\/home\/"},{"@type":"ListItem","position":2,"name":"Iveco Bedrijfswagens"}]},{"@type":"WebSite","@id":"https:\/\/www.vdhurk.nl\/#website","url":"https:\/\/www.vdhurk.nl\/","name":"Veh\u00edculos comerciales Van den Hurk","description":"Van den Hurk veh\u00edculos comerciales Helmond","potentialAction":[{"@type":"SearchAction","target":{"@type":"EntryPoint","urlTemplate":"https:\/\/www.vdhurk.nl\/?s={search_term_string}"},"query-input":{"@type":"PropertyValueSpecification","valueRequired":true,"valueName":"search_term_string"}}],"inLanguage":"es"}]}},"_links":{"self":[{"href":"https:\/\/www.vdhurk.nl\/es\/wp-json\/wp\/v2\/pages\/372067","targetHints":{"allow":["GET"]}}],"collection":[{"href":"https:\/\/www.vdhurk.nl\/es\/wp-json\/wp\/v2\/pages"}],"about":[{"href":"https:\/\/www.vdhurk.nl\/es\/wp-json\/wp\/v2\/types\/page"}],"author":[{"embeddable":true,"href":"https:\/\/www.vdhurk.nl\/es\/wp-json\/wp\/v2\/users\/3"}],"replies":[{"embeddable":true,"href":"https:\/\/www.vdhurk.nl\/es\/wp-json\/wp\/v2\/comments?post=372067"}],"version-history":[{"count":5,"href":"https:\/\/www.vdhurk.nl\/es\/wp-json\/wp\/v2\/pages\/372067\/revisions"}],"predecessor-version":[{"id":372072,"href":"https:\/\/www.vdhurk.nl\/es\/wp-json\/wp\/v2\/pages\/372067\/revisions\/372072"}],"wp:attachment":[{"href":"https:\/\/www.vdhurk.nl\/es\/wp-json\/wp\/v2\/media?parent=372067"}],"curies":[{"name":"wp","href":"https:\/\/api.w.org\/{rel}","templated":true}]}}