{"id":409579,"date":"2024-10-16T15:53:49","date_gmt":"2024-10-16T13:53:49","guid":{"rendered":"https:\/\/www.vdhurk.nl\/?page_id=409579"},"modified":"2024-10-16T15:53:49","modified_gmt":"2024-10-16T13:53:49","slug":"mercedes-8","status":"publish","type":"page","link":"https:\/\/www.vdhurk.nl\/de\/iveco-bedrijfswagens\/daily\/","title":{"rendered":"Iveco Daily"},"content":{"rendered":"<section  class='av_textblock_section av-lu8gnh7d-4ac895489941e586c1d7c8cb72318135'  itemscope=\"itemscope\" itemtype=\"https:\/\/schema.org\/CreativeWork\" ><div class='avia_textblock'  itemprop=\"text\" ><h1>Iveco Daily Gelegenheit kaufen?<\/h1>\n<p>Wenn Sie auf der Suche nach einem zuverl\u00e4ssigen Nutzfahrzeug sind, ist der Iveco Daily occasion auf jeden Fall eine \u00dcberlegung wert. Dieses Nutzfahrzeug hat im Laufe der Jahre dank seiner Zuverl\u00e4ssigkeit, Leistung und Vielseitigkeit viel an Beliebtheit gewonnen. M\u00f6chten Sie mehr wissen? Lesen Sie weiter und finden Sie heraus, ob dies das richtige Fahrzeug f\u00fcr Ihr Unternehmen ist.<\/p>\n<\/div><\/section>\n\n<style type=\"text\/css\" data-created_by=\"avia_inline_auto\" id=\"style-css-av-lujjddpd-afa3d7a9eabd61123e643ed1228e781e\">\n#top .hr.hr-invisible.av-lujjddpd-afa3d7a9eabd61123e643ed1228e781e{\nheight:50px;\n}\n<\/style>\n<div  class='hr av-lujjddpd-afa3d7a9eabd61123e643ed1228e781e hr-invisible  avia-builder-el-1  el_after_av_textblock  el_before_av_codeblock'><span class='hr-inner'><span class=\"hr-inner-style\"><\/span><\/span><\/div>\n\n\n<style type=\"text\/css\" data-created_by=\"avia_inline_auto\" id=\"style-css-av-ah0xd-63338d9dc6b40410e22a712829c369d6\">\n#top .hr.hr-invisible.av-ah0xd-63338d9dc6b40410e22a712829c369d6{\nheight:50px;\n}\n<\/style>\n<div  class='hr av-ah0xd-63338d9dc6b40410e22a712829c369d6 hr-invisible  avia-builder-el-3  el_after_av_codeblock  el_before_av_textblock'><span class='hr-inner'><span class=\"hr-inner-style\"><\/span><\/span><\/div>\n<section  class='av_textblock_section av-lu8gow1e-300853e458ed741bd87d6cb78e55cc7a'  itemscope=\"itemscope\" itemtype=\"https:\/\/schema.org\/CreativeWork\" ><div class='avia_textblock'  itemprop=\"text\" ><h2>Wof\u00fcr ist der Iveco Daily bekannt?<\/h2>\n<p>Der Iveco Daily, wie alle anderen <a href=\"https:\/\/www.vdhurk.nl\/de\/iveco-nutzfahrzeuge\/\">Iveco Nutzfahrzeuge<\/a>ein zuverl\u00e4ssiges und vielseitiges Fahrzeug. Dieses Nutzfahrzeug hat eine Reihe von starken Eigenschaften, die es bei vielen Unternehmen sehr beliebt machen. Mit dem Iveco Daily legen Sie m\u00fchelos lange Strecken zur\u00fcck.<br \/>\nIdeal, wenn Sie beruflich viel unterwegs sind. Dieses Modell gibt es in verschiedenen Ausf\u00fchrungen, so dass Sie immer eine finden, die Ihren speziellen Bed\u00fcrfnissen entspricht. Dank seiner leistungsstarken Motoren ist er perfekt f\u00fcr schwere Arbeiten geeignet und verbraucht dabei nur wenig Kraftstoff. Au\u00dferdem profitieren Sie von einem ger\u00e4umigen Laderaum, so dass Sie immer genug Platz f\u00fcr alle Ihre Materialien haben. Kurzum, der Iveco Daily bietet alles, was Sie von einem Nutzfahrzeug erwarten.<\/p>\n<\/div><\/section>\n<div class='flex_column av-f64w1-da126f42b61613402309283c14245a25 av_one_half  avia-builder-el-5  el_after_av_textblock  el_before_av_one_third  first flex_column_div column-top-margin'   ><section  class='av_textblock_section av-lu8gpqre-73cc2c17e6a6497ba6e1b58af22bd9e8'  itemscope=\"itemscope\" itemtype=\"https:\/\/schema.org\/CreativeWork\" ><div class='avia_textblock'  itemprop=\"text\" ><h2>Erh\u00e4ltlich in verschiedenen Versionen<\/h2>\n<p>Den Iveco Daily gibt es in verschiedenen Ausf\u00fchrungen, so dass Sie immer ein Modell finden, das Ihren Bed\u00fcrfnissen entspricht. Entscheiden Sie sich f\u00fcr ein manuelles Getriebe f\u00fcr mehr Kontrolle und oft einen besseren Kraftstoffverbrauch? Oder entscheiden Sie sich f\u00fcr den Komfort einer Automatik, die im dichten Verkehr ideal ist? Au\u00dferdem k\u00f6nnen Sie zwischen verschiedenen Modelljahren, Laufleistungen und Farben w\u00e4hlen. Alle Iveco Daily-Modelle sind mit leistungsstarken Dieselmotoren ausgestattet und unterscheiden sich in der Nutzlast, so dass es immer eine Version gibt, die zu Ihrer Arbeit passt, egal ob Sie leichte oder schwere Lasten transportieren. Mit der gro\u00dfz\u00fcgigen Ladekapazit\u00e4t sind Sie f\u00fcr jeden Auftrag bestens ger\u00fcstet!<\/p>\n<\/div><\/section><\/div><div class='flex_column av-aldk9-ee694297f5c4032981677a02caab84d6 av_one_third  avia-builder-el-7  el_after_av_one_half  el_before_av_hr  flex_column_div column-top-margin'   ><style type=\"text\/css\" data-created_by=\"avia_inline_auto\" id=\"style-css-av-l1w9kpsf-4ec3fab772ec7a9adaa33cfc64ff0475\">\n.avia-image-container.av-l1w9kpsf-4ec3fab772ec7a9adaa33cfc64ff0475 .av-image-caption-overlay-center{\ncolor:#ffffff;\n}\n<\/style>\n<div  class='avia-image-container av-l1w9kpsf-4ec3fab772ec7a9adaa33cfc64ff0475 av-styling- avia-align-center  avia-builder-el-8  avia-builder-el-no-sibling'  itemprop=\"image\" itemscope=\"itemscope\" itemtype=\"https:\/\/schema.org\/ImageObject\" ><div class=\"avia-image-container-inner\"><div class=\"avia-image-overlay-wrap\"><img decoding=\"async\" class='wp-image-187 avia-img-lazy-loading-not-187 avia_image' src=\"https:\/\/www.vdhurk.nl\/wp-content\/uploads\/2022\/03\/Voorrad.png\" alt='' title='Lagerbestand'  height=\"758\" width=\"1135\"  itemprop=\"thumbnailUrl\" srcset=\"https:\/\/www.vdhurk.nl\/wp-content\/uploads\/2022\/03\/Voorrad.png 1135w, https:\/\/www.vdhurk.nl\/wp-content\/uploads\/2022\/03\/Voorrad-300x200.png 300w, https:\/\/www.vdhurk.nl\/wp-content\/uploads\/2022\/03\/Voorrad-1030x688.png 1030w, https:\/\/www.vdhurk.nl\/wp-content\/uploads\/2022\/03\/Voorrad-768x513.png 768w, https:\/\/www.vdhurk.nl\/wp-content\/uploads\/2022\/03\/Voorrad-18x12.png 18w, https:\/\/www.vdhurk.nl\/wp-content\/uploads\/2022\/03\/Voorrad-705x471.png 705w\" sizes=\"(max-width: 1135px) 100vw, 1135px\" \/><\/div><\/div><\/div><\/div><\/p>\n\n<style type=\"text\/css\" data-created_by=\"avia_inline_auto\" id=\"style-css-av-luqrjpjc-5a23a1fb5f94718ca85316a9df963e2f\">\n#top .hr.hr-invisible.av-luqrjpjc-5a23a1fb5f94718ca85316a9df963e2f{\nheight:50px;\n}\n<\/style>\n<div  class='hr av-luqrjpjc-5a23a1fb5f94718ca85316a9df963e2f hr-invisible  avia-builder-el-9  el_after_av_one_third  el_before_av_textblock'><span class='hr-inner'><span class=\"hr-inner-style\"><\/span><\/span><\/div>\n<section  class='av_textblock_section av-lu8gtjw7-4f3cee9304909518d86d2860d9d582dd'  itemscope=\"itemscope\" itemtype=\"https:\/\/schema.org\/CreativeWork\" ><div class='avia_textblock'  itemprop=\"text\" ><h2>In welcher Preisklasse sollten Sie denken?<\/h2>\n<p>Der Preis eines Iveco Daily Gebrauchtwagens h\u00e4ngt von mehreren Faktoren ab, wie z. B. der Version, dem Baujahr, dem Kilometerstand und der Nutzlast. Ob Sie eine Basis- oder eine Luxusversion suchen, es gibt immer eine Variante, die zu Ihrem Budget und Ihren gesch\u00e4ftlichen Anforderungen passt. Sicher ist, dass Sie mit diesem Firmenwagen einen zuverl\u00e4ssigen, vielseitigen und zugleich kosteng\u00fcnstigen Dienstwagen erhalten. Sie m\u00f6chten wissen, welche Optionen in Ihrer Preisklasse liegen? Nehmen Sie Kontakt mit uns auf und wir helfen Ihnen, das Passende zu finden.<\/p>\n<h2>Verschiedene Zahlungsm\u00f6glichkeiten: Welche ist die beste f\u00fcr Sie?<\/h2>\n<p>Bei Van den Hurk haben Sie mehrere M\u00f6glichkeiten, Ihr Nutzfahrzeug zu bezahlen. M\u00f6chten Sie einen Iveco Daily kaufen und in einem Zug abbezahlen? Oder ist das Leasing eines Iveco Daily etwas f\u00fcr Sie? Mit <a href=\"https:\/\/www.vdhurk.nl\/de\/finanzierungsleasing\/\">Finanzierungsleasing<\/a> Sie zahlen einen festen Betrag pro Monat, wobei das Fahrzeug w\u00e4hrend der Laufzeit des Leasingvertrags in Ihr Eigentum \u00fcbergeht. Nach Ablauf des Leasingvertrags sind Sie stolzer Besitzer eines eigenen Nutzfahrzeugs. Sie m\u00f6chten wissen, was die beste Wahl f\u00fcr Sie ist? Wir helfen Ihnen gerne weiter.<\/p>\n<h2>Sehen Sie sich unser aktuelles Angebot an oder bleiben Sie informiert<\/h2>\n<p>Entscheiden Sie sich f\u00fcr einen Iveco Daily aus zweiter Hand oder passt eine neue Variante besser zu Ihren gesch\u00e4ftlichen Anforderungen? Als Iveco Daily-H\u00e4ndler helfen wir Ihnen gerne, die richtige Wahl zu treffen. Haben Sie Fragen oder ben\u00f6tigen Sie weitere Informationen? Kein Problem! Ihre Wahl ist unsere Priorit\u00e4t. Sehen Sie sich unser aktuelles Angebot an und finden Sie heraus, ob Ihr perfektes Fahrzeug dabei ist. Sie haben noch nicht gefunden, wonach Sie suchen? Registrieren Sie sich f\u00fcr unser <a href=\"https:\/\/www.vdhurk.nl\/de\/aktienalarm\/\">Aktienalarm<\/a> Und bleiben Sie auf dem Laufenden \u00fcber die Neuank\u00f6mmlinge!<\/p>\n<\/div><\/section>","protected":false},"excerpt":{"rendered":"","protected":false},"author":3,"featured_media":0,"parent":372067,"menu_order":0,"comment_status":"closed","ping_status":"closed","template":"","meta":{"_acf_changed":false,"_improvement_type_select":"improve_an_existing","_thumb_yes_seoaic":false,"_frame_yes_seoaic":false,"seoaic_generate_description":"","seoaic_improve_instructions_prompt":"","seoaic_rollback_content_improvement":"","seoaic_idea_thumbnail_generator":"","thumbnail_generated":false,"thumbnail_generate_prompt":"","seoaic_article_description":"","footnotes":""},"class_list":["post-409579","page","type-page","status-publish","hentry"],"acf":[],"yoast_head":"<!-- This site is optimized with the Yoast SEO plugin v27.5 - https:\/\/yoast.com\/product\/yoast-seo-wordpress\/ -->\n<title>Iveco Daily occasion kopen? Ontdek de voordelen!<\/title>\n<meta name=\"description\" content=\"Op zoek naar een Iveco Daily occasion? Bekijk dan ons actuele aanbod en vind een bedrijfsvoertuig die helemaal aansluit bij jouw wensen en behoeften.\" \/>\n<meta name=\"robots\" content=\"index, follow, max-snippet:-1, max-image-preview:large, max-video-preview:-1\" \/>\n<link rel=\"canonical\" href=\"https:\/\/www.vdhurk.nl\/de\/iveco-nutzfahrzeuge\/mercedes-8\/\" \/>\n<meta property=\"og:locale\" content=\"de_DE\" \/>\n<meta property=\"og:type\" content=\"article\" \/>\n<meta property=\"og:title\" content=\"Iveco Daily occasion kopen? Ontdek de voordelen!\" \/>\n<meta property=\"og:description\" content=\"Op zoek naar een Iveco Daily occasion? Bekijk dan ons actuele aanbod en vind een bedrijfsvoertuig die helemaal aansluit bij jouw wensen en behoeften.\" \/>\n<meta property=\"og:url\" content=\"https:\/\/www.vdhurk.nl\/de\/iveco-nutzfahrzeuge\/mercedes-8\/\" \/>\n<meta property=\"og:site_name\" content=\"Van den Hurk Bedrijfswagens\" \/>\n<meta name=\"twitter:card\" content=\"summary_large_image\" \/>\n<meta name=\"twitter:label1\" content=\"Gesch\u00e4tzte Lesezeit\" \/>\n\t<meta name=\"twitter:data1\" content=\"5\u00a0Minuten\" \/>\n<script type=\"application\/ld+json\" class=\"yoast-schema-graph\">{\"@context\":\"https:\\\/\\\/schema.org\",\"@graph\":[{\"@type\":\"WebPage\",\"@id\":\"https:\\\/\\\/www.vdhurk.nl\\\/iveco-bedrijfswagens\\\/daily\\\/\",\"url\":\"https:\\\/\\\/www.vdhurk.nl\\\/iveco-bedrijfswagens\\\/daily\\\/\",\"name\":\"Iveco Daily occasion kopen? Ontdek de voordelen!\",\"isPartOf\":{\"@id\":\"https:\\\/\\\/www.vdhurk.nl\\\/#website\"},\"datePublished\":\"2024-10-16T13:53:49+00:00\",\"description\":\"Op zoek naar een Iveco Daily occasion? Bekijk dan ons actuele aanbod en vind een bedrijfsvoertuig die helemaal aansluit bij jouw wensen en behoeften.\",\"breadcrumb\":{\"@id\":\"https:\\\/\\\/www.vdhurk.nl\\\/iveco-bedrijfswagens\\\/daily\\\/#breadcrumb\"},\"inLanguage\":\"de\",\"potentialAction\":[{\"@type\":\"ReadAction\",\"target\":[\"https:\\\/\\\/www.vdhurk.nl\\\/iveco-bedrijfswagens\\\/daily\\\/\"]}]},{\"@type\":\"BreadcrumbList\",\"@id\":\"https:\\\/\\\/www.vdhurk.nl\\\/iveco-bedrijfswagens\\\/daily\\\/#breadcrumb\",\"itemListElement\":[{\"@type\":\"ListItem\",\"position\":1,\"name\":\"Home\",\"item\":\"https:\\\/\\\/www.vdhurk.nl\\\/home\\\/\"},{\"@type\":\"ListItem\",\"position\":2,\"name\":\"Iveco Bedrijfswagens\",\"item\":\"https:\\\/\\\/www.vdhurk.nl\\\/iveco-bedrijfswagens\\\/\"},{\"@type\":\"ListItem\",\"position\":3,\"name\":\"Iveco Daily\"}]},{\"@type\":\"WebSite\",\"@id\":\"https:\\\/\\\/www.vdhurk.nl\\\/#website\",\"url\":\"https:\\\/\\\/www.vdhurk.nl\\\/\",\"name\":\"Van den Hurk Bedrijfswagens\",\"description\":\"Van den Hurk bedrijfswagens Helmond\",\"potentialAction\":[{\"@type\":\"SearchAction\",\"target\":{\"@type\":\"EntryPoint\",\"urlTemplate\":\"https:\\\/\\\/www.vdhurk.nl\\\/?s={search_term_string}\"},\"query-input\":{\"@type\":\"PropertyValueSpecification\",\"valueRequired\":true,\"valueName\":\"search_term_string\"}}],\"inLanguage\":\"de\"}]}<\/script>\n<!-- \/ Yoast SEO plugin. -->","yoast_head_json":{"title":"Kaufen Sie einen Iveco Daily occasion? Entdecken Sie die Vorteile!","description":"Sie suchen einen Iveco Daily als Gebrauchtfahrzeug? Dann werfen Sie einen Blick auf unser aktuelles Angebot und finden Sie ein Nutzfahrzeug, das ganz Ihren Bed\u00fcrfnissen und W\u00fcnschen entspricht.","robots":{"index":"index","follow":"follow","max-snippet":"max-snippet:-1","max-image-preview":"max-image-preview:large","max-video-preview":"max-video-preview:-1"},"canonical":"https:\/\/www.vdhurk.nl\/de\/iveco-nutzfahrzeuge\/mercedes-8\/","og_locale":"de_DE","og_type":"article","og_title":"Iveco Daily occasion kopen? Ontdek de voordelen!","og_description":"Op zoek naar een Iveco Daily occasion? Bekijk dan ons actuele aanbod en vind een bedrijfsvoertuig die helemaal aansluit bij jouw wensen en behoeften.","og_url":"https:\/\/www.vdhurk.nl\/de\/iveco-nutzfahrzeuge\/mercedes-8\/","og_site_name":"Van den Hurk Bedrijfswagens","twitter_card":"summary_large_image","twitter_misc":{"Gesch\u00e4tzte Lesezeit":"5\u00a0Minuten"},"schema":{"@context":"https:\/\/schema.org","@graph":[{"@type":"WebPage","@id":"https:\/\/www.vdhurk.nl\/iveco-bedrijfswagens\/daily\/","url":"https:\/\/www.vdhurk.nl\/iveco-bedrijfswagens\/daily\/","name":"Kaufen Sie einen Iveco Daily occasion? Entdecken Sie die Vorteile!","isPartOf":{"@id":"https:\/\/www.vdhurk.nl\/#website"},"datePublished":"2024-10-16T13:53:49+00:00","description":"Sie suchen einen Iveco Daily als Gebrauchtfahrzeug? Dann werfen Sie einen Blick auf unser aktuelles Angebot und finden Sie ein Nutzfahrzeug, das ganz Ihren Bed\u00fcrfnissen und W\u00fcnschen entspricht.","breadcrumb":{"@id":"https:\/\/www.vdhurk.nl\/iveco-bedrijfswagens\/daily\/#breadcrumb"},"inLanguage":"de","potentialAction":[{"@type":"ReadAction","target":["https:\/\/www.vdhurk.nl\/iveco-bedrijfswagens\/daily\/"]}]},{"@type":"BreadcrumbList","@id":"https:\/\/www.vdhurk.nl\/iveco-bedrijfswagens\/daily\/#breadcrumb","itemListElement":[{"@type":"ListItem","position":1,"name":"Home","item":"https:\/\/www.vdhurk.nl\/home\/"},{"@type":"ListItem","position":2,"name":"Iveco Bedrijfswagens","item":"https:\/\/www.vdhurk.nl\/iveco-bedrijfswagens\/"},{"@type":"ListItem","position":3,"name":"Iveco Daily"}]},{"@type":"WebSite","@id":"https:\/\/www.vdhurk.nl\/#website","url":"https:\/\/www.vdhurk.nl\/","name":"Van den Hurk Nutzfahrzeuge","description":"Van den Hurk Nutzfahrzeuge Helmond","potentialAction":[{"@type":"SearchAction","target":{"@type":"EntryPoint","urlTemplate":"https:\/\/www.vdhurk.nl\/?s={search_term_string}"},"query-input":{"@type":"PropertyValueSpecification","valueRequired":true,"valueName":"search_term_string"}}],"inLanguage":"de"}]}},"_links":{"self":[{"href":"https:\/\/www.vdhurk.nl\/de\/wp-json\/wp\/v2\/pages\/409579","targetHints":{"allow":["GET"]}}],"collection":[{"href":"https:\/\/www.vdhurk.nl\/de\/wp-json\/wp\/v2\/pages"}],"about":[{"href":"https:\/\/www.vdhurk.nl\/de\/wp-json\/wp\/v2\/types\/page"}],"author":[{"embeddable":true,"href":"https:\/\/www.vdhurk.nl\/de\/wp-json\/wp\/v2\/users\/3"}],"replies":[{"embeddable":true,"href":"https:\/\/www.vdhurk.nl\/de\/wp-json\/wp\/v2\/comments?post=409579"}],"version-history":[{"count":1,"href":"https:\/\/www.vdhurk.nl\/de\/wp-json\/wp\/v2\/pages\/409579\/revisions"}],"predecessor-version":[{"id":409580,"href":"https:\/\/www.vdhurk.nl\/de\/wp-json\/wp\/v2\/pages\/409579\/revisions\/409580"}],"up":[{"embeddable":true,"href":"https:\/\/www.vdhurk.nl\/de\/wp-json\/wp\/v2\/pages\/372067"}],"wp:attachment":[{"href":"https:\/\/www.vdhurk.nl\/de\/wp-json\/wp\/v2\/media?parent=409579"}],"curies":[{"name":"wp","href":"https:\/\/api.w.org\/{rel}","templated":true}]}}